{"id":459,"date":"2020-02-26T09:35:34","date_gmt":"2020-02-26T08:35:34","guid":{"rendered":"http:\/\/museidartemendrisiotto.ch\/vela\/"},"modified":"2024-11-08T11:04:01","modified_gmt":"2024-11-08T10:04:01","slug":"museo-vincenzo-vela","status":"publish","type":"page","link":"https:\/\/museidartemendrisiotto.ch\/de\/die-museen\/museo-vincenzo-vela\/","title":{"rendered":"Museo Vincenzo Vela"},"content":{"rendered":"\t\t<div data-elementor-type=\"wp-page\" data-elementor-id=\"459\" class=\"elementor elementor-459 elementor-42\">\n\t\t\t\t\t\t<section class=\"elementor-section elementor-top-section elementor-element elementor-element-3a6156ce elementor-section-boxed elementor-section-height-default elementor-section-height-default\" data-id=\"3a6156ce\" data-element_type=\"section\" data-e-type=\"section\">\n\t\t\t\t\t\t<div class=\"elementor-container elementor-column-gap-default\">\n\t\t\t\t\t<div class=\"elementor-column elementor-col-100 elementor-top-column elementor-element elementor-element-150ef8a4\" data-id=\"150ef8a4\" data-element_type=\"column\" data-e-type=\"column\">\n\t\t\t<div class=\"elementor-widget-wrap elementor-element-populated\">\n\t\t\t\t\t\t<div class=\"elementor-element elementor-element-33693fbd elementor-widget elementor-widget-text-editor\" data-id=\"33693fbd\" data-element_type=\"widget\" data-e-type=\"widget\" data-widget_type=\"text-editor.default\">\n\t\t\t\t<div class=\"elementor-widget-container\">\n\t\t\t\t\t\t\t\t\t<p><img fetchpriority=\"high\" decoding=\"async\" width=\"1400\" height=\"750\" src=\"https:\/\/museidartemendrisiotto.ch\/wp-content\/uploads\/2020\/04\/museo-vela-def.jpg\" alt=\"\" srcset=\"https:\/\/museidartemendrisiotto.ch\/wp-content\/uploads\/2020\/04\/museo-vela-def.jpg 1400w, https:\/\/museidartemendrisiotto.ch\/wp-content\/uploads\/2020\/04\/museo-vela-def-300x161.jpg 300w, https:\/\/museidartemendrisiotto.ch\/wp-content\/uploads\/2020\/04\/museo-vela-def-1024x549.jpg 1024w, https:\/\/museidartemendrisiotto.ch\/wp-content\/uploads\/2020\/04\/museo-vela-def-768x411.jpg 768w, https:\/\/museidartemendrisiotto.ch\/wp-content\/uploads\/2020\/04\/museo-vela-def-350x188.jpg 350w\" sizes=\"(max-width: 1400px) 100vw, 1400px\">\t\t\t\t\t\t\t\t\t\t\t<\/p>\n<h1>Museo Vincenzo Vela<\/h1>\n<p>Das&nbsp;<em>Museo Vincenzo Vela<\/em>&nbsp;geh\u00f6rt zu den wichtigsten europ\u00e4ischen K\u00fcnstlerh\u00e4usern des 19. Jahrhunderts und wurde von Vincenzo Vela (1820-91), einem bedeutenden Tessiner Bildhauer realistischer Pr\u00e4gung, auf dem H\u00f6hepunkt seines Schaffens entworfen. Nachfolgend wurde die Villa als testamentarischer Nachlass der Schweizerischen Eidgenossenschaft \u00fcbertragen und als Wohnhaus-Museum der \u00d6ffentlichkeit zug\u00e4nglich gemacht. Neben der monumentalen Skulpturensammlung Vincenzo Velas birgt das Museum den Nachlass des Bildhauers Lorenzo Vela (1812-97) und des Malers Spartaco Vela (1854-95), weiterhin eine beachtliche Gem\u00e4ldegalerie lombardischer und piemontesischer K\u00fcnstler aus dem 19. Jahrhundert, Hunderte Handzeichnungen sowie eine der \u00e4ltesten Schweizer Privatsammlungen von Fotografien.<\/p>\n<p><\/p>\n<p>In den Museumsr\u00e4umen sind unter anderem viele wundervolle Portr\u00e4ts der Vork\u00e4mpfer des Risorgimento zu bewundern, in denen die italienische und Schweizerische Kunst und Geschichte des 19. Jahrhunderts zu einer Einheit verschmelzen; gleichzeitig jedoch ist der private Charakter der Residenz stets gegenw\u00e4rtig. Das Zusammenspiel all dieser Faktoren und nicht zuletzt der anmutige Park, der das Anwesen umgibt, lassen die Villa Vela als ein Gesamtkunstwerk erscheinen. Das Museum liegt am Fuss des Monte San Giorgio (UNESCO-Weltnaturerbe), nur 500&nbsp;m von der italienischen Grenze entfernt, und wurde unter der Leitung des Architekten Mario Botta vollst\u00e4ndig renoviert. Neben den museumseigenen Sammlungen sind regelm\u00e4ssig auch zeitlich befristete Ausstellungen zu sehen.<\/p>\n<h4>\u00d6ffnungszeiten<\/h4>\n<p>Dienstag &#8211; Samstag<br>Januar&nbsp;\u2013 Mai 10.00-17.00<br>Juni \u2013 September 10.00-18.00<br>Oktober \u2013 Dezember 10.00-17.00<br>Sonntags und Feiertagen&nbsp;10.00-18.00<br>Montags geschlossen<\/p>\n<p><a href=\"https:\/\/www.museo-vela.ch\/vela\/it\/home\/info\/info.html\" target=\"_blank\" rel=\"noopener noreferrer\">&gt;&gt;&gt; Informationen \u00fcber besondere \u00d6ffnungszeiten \/ Schliesszeiten<\/a> <\/p>\n<h4>Eintrittspreise<\/h4>\n<p>Erwachsene CHF <b>10.-<\/b><br>Reduziert und Gruppen CHF <b>8.-<\/b><br>Schulen (Kanton Tessin) <b>Gratiseintritt<\/b><br>Andere Schulen, Studentenkarte IOSTUDIO CHF <b>3.-<\/b><\/p>\n<p>Informationen und Anmeldung f\u00fcr F\u00fchrungen und Aktivit\u00e4ten:<br>+41 (0) 58 481 30 44<br><a href=\"mailto:museo.vela@bak.admin.ch\">booking.vela@bak.admin.ch<\/a><\/p>\n<h4>Adresse und Kontakte<\/h4>\n<p>Largo Vincenzo Vela,<br>6853 Ligornetto&nbsp;<\/p>\n<p>T&nbsp;+41 58 481 30 44&nbsp;<br>F +41 58 481 30 43<br><a href=\"mailto:museo.vela@bak.admin.ch\">museo.vela@bak.admin.ch<\/a><br><a href=\"https:\/\/www.museo-vela.ch\/vela\/it\/home.html\" target=\"_blank\" rel=\"noopener noreferrer\">Museo Vincenzo Vela<\/a><\/p>\n<p>\t\t\t\t\t\t\t<a href=\"https:\/\/it-it.facebook.com\/museovincenzovela\/\" target=\"_blank\" rel=\"noopener noreferrer\"><br>\n\t\t\t\t\tFacebook<br>\n\t\t\t\t\t\t\t\t\t<\/a><\/p>\n<h4>Anfahrt<\/h4>\n<p><strong>Mit Bahn und Postbus<\/strong><br>Bahnhaltestelle MENDRISIO<br>Weiter mit dem Postbus: 523, 525 (12 min) bis Ligornetto Posta.<\/p>\t\t\t\t\t\t\t\t<\/div>\n\t\t\t\t<\/div>\n\t\t\t\t\t<\/div>\n\t\t<\/div>\n\t\t\t\t\t<\/div>\n\t\t<\/section>\n\t\t\t\t<\/div>\n\t\t","protected":false},"excerpt":{"rendered":"<p>Museo Vincenzo Vela Das&nbsp;Museo Vincenzo Vela&nbsp;geh\u00f6rt zu den wichtigsten europ\u00e4ischen K\u00fcnstlerh\u00e4usern des 19. Jahrhunderts und wurde von Vincenzo Vela (1820-91), einem bedeutenden Tessiner Bildhauer realistischer Pr\u00e4gung, auf dem H\u00f6hepunkt seines Schaffens entworfen. Nachfolgend wurde die Villa als testamentarischer Nachlass der Schweizerischen Eidgenossenschaft \u00fcbertragen und als Wohnhaus-Museum der \u00d6ffentlichkeit zug\u00e4nglich gemacht. Neben der monumentalen Skulpturensammlung Vincenzo &#8230; <a title=\"Museo Vincenzo Vela\" class=\"read-more\" href=\"https:\/\/museidartemendrisiotto.ch\/de\/die-museen\/museo-vincenzo-vela\/\">Weiterlesen <span class=\"screen-reader-text\">Museo Vincenzo Vela<\/span><\/a><\/p>\n","protected":false},"author":1,"featured_media":0,"parent":685,"menu_order":0,"comment_status":"closed","ping_status":"closed","template":"","meta":{"_monsterinsights_skip_tracking":false,"_monsterinsights_sitenote_active":false,"_monsterinsights_sitenote_note":"","_monsterinsights_sitenote_category":0,"footnotes":"","_links_to":"","_links_to_target":""},"class_list":["post-459","page","type-page","status-publish"],"yoast_head":"<!-- This site is optimized with the Yoast SEO plugin v27.4 - https:\/\/yoast.com\/product\/yoast-seo-wordpress\/ -->\n<title>Museo Vincenzo Vela - Musei d\u2019Arte del Mendrisiotto<\/title>\n<meta name=\"robots\" content=\"index, follow, max-snippet:-1, max-image-preview:large, max-video-preview:-1\" \/>\n<link rel=\"canonical\" href=\"https:\/\/museidartemendrisiotto.ch\/de\/die-museen\/museo-vincenzo-vela\/\" \/>\n<meta property=\"og:locale\" content=\"de_DE\" \/>\n<meta property=\"og:type\" content=\"article\" \/>\n<meta property=\"og:title\" content=\"Museo Vincenzo Vela - Musei d\u2019Arte del Mendrisiotto\" \/>\n<meta property=\"og:description\" content=\"Museo Vincenzo Vela Das&nbsp;Museo Vincenzo Vela&nbsp;geh\u00f6rt zu den wichtigsten europ\u00e4ischen K\u00fcnstlerh\u00e4usern des 19. Jahrhunderts und wurde von Vincenzo Vela (1820-91), einem bedeutenden Tessiner Bildhauer realistischer Pr\u00e4gung, auf dem H\u00f6hepunkt seines Schaffens entworfen. Nachfolgend wurde die Villa als testamentarischer Nachlass der Schweizerischen Eidgenossenschaft \u00fcbertragen und als Wohnhaus-Museum der \u00d6ffentlichkeit zug\u00e4nglich gemacht. Neben der monumentalen Skulpturensammlung Vincenzo ... Weiterlesen Museo Vincenzo Vela\" \/>\n<meta property=\"og:url\" content=\"https:\/\/museidartemendrisiotto.ch\/de\/die-museen\/museo-vincenzo-vela\/\" \/>\n<meta property=\"og:site_name\" content=\"Musei d\u2019Arte del Mendrisiotto\" \/>\n<meta property=\"article:modified_time\" content=\"2024-11-08T10:04:01+00:00\" \/>\n<meta property=\"og:image\" content=\"https:\/\/museidartemendrisiotto.ch\/wp-content\/uploads\/2020\/04\/museo-vela-def.jpg\" \/>\n<meta name=\"twitter:card\" content=\"summary_large_image\" \/>\n<meta name=\"twitter:label1\" content=\"Gesch\u00e4tzte Lesezeit\" \/>\n\t<meta name=\"twitter:data1\" content=\"2\u00a0Minuten\" \/>\n<script type=\"application\/ld+json\" class=\"yoast-schema-graph\">{\"@context\":\"https:\\\/\\\/schema.org\",\"@graph\":[{\"@type\":\"WebPage\",\"@id\":\"https:\\\/\\\/museidartemendrisiotto.ch\\\/de\\\/die-museen\\\/museo-vincenzo-vela\\\/\",\"url\":\"https:\\\/\\\/museidartemendrisiotto.ch\\\/de\\\/die-museen\\\/museo-vincenzo-vela\\\/\",\"name\":\"Museo Vincenzo Vela - Musei d\u2019Arte del Mendrisiotto\",\"isPartOf\":{\"@id\":\"https:\\\/\\\/museidartemendrisiotto.ch\\\/#website\"},\"primaryImageOfPage\":{\"@id\":\"https:\\\/\\\/museidartemendrisiotto.ch\\\/de\\\/die-museen\\\/museo-vincenzo-vela\\\/#primaryimage\"},\"image\":{\"@id\":\"https:\\\/\\\/museidartemendrisiotto.ch\\\/de\\\/die-museen\\\/museo-vincenzo-vela\\\/#primaryimage\"},\"thumbnailUrl\":\"https:\\\/\\\/museidartemendrisiotto.ch\\\/wp-content\\\/uploads\\\/2020\\\/04\\\/museo-vela-def.jpg\",\"datePublished\":\"2020-02-26T08:35:34+00:00\",\"dateModified\":\"2024-11-08T10:04:01+00:00\",\"breadcrumb\":{\"@id\":\"https:\\\/\\\/museidartemendrisiotto.ch\\\/de\\\/die-museen\\\/museo-vincenzo-vela\\\/#breadcrumb\"},\"inLanguage\":\"de\",\"potentialAction\":[{\"@type\":\"ReadAction\",\"target\":[\"https:\\\/\\\/museidartemendrisiotto.ch\\\/de\\\/die-museen\\\/museo-vincenzo-vela\\\/\"]}]},{\"@type\":\"ImageObject\",\"inLanguage\":\"de\",\"@id\":\"https:\\\/\\\/museidartemendrisiotto.ch\\\/de\\\/die-museen\\\/museo-vincenzo-vela\\\/#primaryimage\",\"url\":\"https:\\\/\\\/museidartemendrisiotto.ch\\\/wp-content\\\/uploads\\\/2020\\\/04\\\/museo-vela-def.jpg\",\"contentUrl\":\"https:\\\/\\\/museidartemendrisiotto.ch\\\/wp-content\\\/uploads\\\/2020\\\/04\\\/museo-vela-def.jpg\"},{\"@type\":\"BreadcrumbList\",\"@id\":\"https:\\\/\\\/museidartemendrisiotto.ch\\\/de\\\/die-museen\\\/museo-vincenzo-vela\\\/#breadcrumb\",\"itemListElement\":[{\"@type\":\"ListItem\",\"position\":1,\"name\":\"Home\",\"item\":\"https:\\\/\\\/museidartemendrisiotto.ch\\\/de\\\/\"},{\"@type\":\"ListItem\",\"position\":2,\"name\":\"Die Museen\",\"item\":\"https:\\\/\\\/museidartemendrisiotto.ch\\\/de\\\/die-museen\\\/\"},{\"@type\":\"ListItem\",\"position\":3,\"name\":\"Museo Vincenzo Vela\"}]},{\"@type\":\"WebSite\",\"@id\":\"https:\\\/\\\/museidartemendrisiotto.ch\\\/#website\",\"url\":\"https:\\\/\\\/museidartemendrisiotto.ch\\\/\",\"name\":\"Musei d\u2019Arte del Mendrisiotto\",\"description\":\"La rete dei Musei d\u2019Arte del Mendrisiotto (MAM) si propone di rafforzare la visibilit\u00e0, promuovere la conoscenza dei musei del Mendrisiotto\",\"publisher\":{\"@id\":\"https:\\\/\\\/museidartemendrisiotto.ch\\\/#organization\"},\"potentialAction\":[{\"@type\":\"SearchAction\",\"target\":{\"@type\":\"EntryPoint\",\"urlTemplate\":\"https:\\\/\\\/museidartemendrisiotto.ch\\\/?s={search_term_string}\"},\"query-input\":{\"@type\":\"PropertyValueSpecification\",\"valueRequired\":true,\"valueName\":\"search_term_string\"}}],\"inLanguage\":\"de\"},{\"@type\":\"Organization\",\"@id\":\"https:\\\/\\\/museidartemendrisiotto.ch\\\/#organization\",\"name\":\"Musei d\u2019Arte del Mendrisiotto\",\"url\":\"https:\\\/\\\/museidartemendrisiotto.ch\\\/\",\"logo\":{\"@type\":\"ImageObject\",\"inLanguage\":\"de\",\"@id\":\"https:\\\/\\\/museidartemendrisiotto.ch\\\/#\\\/schema\\\/logo\\\/image\\\/\",\"url\":\"https:\\\/\\\/museidartemendrisiotto.ch\\\/wp-content\\\/uploads\\\/2020\\\/06\\\/logo_mam.png\",\"contentUrl\":\"https:\\\/\\\/museidartemendrisiotto.ch\\\/wp-content\\\/uploads\\\/2020\\\/06\\\/logo_mam.png\",\"width\":350,\"height\":250,\"caption\":\"Musei d\u2019Arte del Mendrisiotto\"},\"image\":{\"@id\":\"https:\\\/\\\/museidartemendrisiotto.ch\\\/#\\\/schema\\\/logo\\\/image\\\/\"}}]}<\/script>\n<!-- \/ Yoast SEO plugin. -->","yoast_head_json":{"title":"Museo Vincenzo Vela - Musei d\u2019Arte del Mendrisiotto","robots":{"index":"index","follow":"follow","max-snippet":"max-snippet:-1","max-image-preview":"max-image-preview:large","max-video-preview":"max-video-preview:-1"},"canonical":"https:\/\/museidartemendrisiotto.ch\/de\/die-museen\/museo-vincenzo-vela\/","og_locale":"de_DE","og_type":"article","og_title":"Museo Vincenzo Vela - Musei d\u2019Arte del Mendrisiotto","og_description":"Museo Vincenzo Vela Das&nbsp;Museo Vincenzo Vela&nbsp;geh\u00f6rt zu den wichtigsten europ\u00e4ischen K\u00fcnstlerh\u00e4usern des 19. Jahrhunderts und wurde von Vincenzo Vela (1820-91), einem bedeutenden Tessiner Bildhauer realistischer Pr\u00e4gung, auf dem H\u00f6hepunkt seines Schaffens entworfen. Nachfolgend wurde die Villa als testamentarischer Nachlass der Schweizerischen Eidgenossenschaft \u00fcbertragen und als Wohnhaus-Museum der \u00d6ffentlichkeit zug\u00e4nglich gemacht. Neben der monumentalen Skulpturensammlung Vincenzo ... Weiterlesen Museo Vincenzo Vela","og_url":"https:\/\/museidartemendrisiotto.ch\/de\/die-museen\/museo-vincenzo-vela\/","og_site_name":"Musei d\u2019Arte del Mendrisiotto","article_modified_time":"2024-11-08T10:04:01+00:00","og_image":[{"url":"https:\/\/museidartemendrisiotto.ch\/wp-content\/uploads\/2020\/04\/museo-vela-def.jpg","type":"","width":"","height":""}],"twitter_card":"summary_large_image","twitter_misc":{"Gesch\u00e4tzte Lesezeit":"2\u00a0Minuten"},"schema":{"@context":"https:\/\/schema.org","@graph":[{"@type":"WebPage","@id":"https:\/\/museidartemendrisiotto.ch\/de\/die-museen\/museo-vincenzo-vela\/","url":"https:\/\/museidartemendrisiotto.ch\/de\/die-museen\/museo-vincenzo-vela\/","name":"Museo Vincenzo Vela - Musei d\u2019Arte del Mendrisiotto","isPartOf":{"@id":"https:\/\/museidartemendrisiotto.ch\/#website"},"primaryImageOfPage":{"@id":"https:\/\/museidartemendrisiotto.ch\/de\/die-museen\/museo-vincenzo-vela\/#primaryimage"},"image":{"@id":"https:\/\/museidartemendrisiotto.ch\/de\/die-museen\/museo-vincenzo-vela\/#primaryimage"},"thumbnailUrl":"https:\/\/museidartemendrisiotto.ch\/wp-content\/uploads\/2020\/04\/museo-vela-def.jpg","datePublished":"2020-02-26T08:35:34+00:00","dateModified":"2024-11-08T10:04:01+00:00","breadcrumb":{"@id":"https:\/\/museidartemendrisiotto.ch\/de\/die-museen\/museo-vincenzo-vela\/#breadcrumb"},"inLanguage":"de","potentialAction":[{"@type":"ReadAction","target":["https:\/\/museidartemendrisiotto.ch\/de\/die-museen\/museo-vincenzo-vela\/"]}]},{"@type":"ImageObject","inLanguage":"de","@id":"https:\/\/museidartemendrisiotto.ch\/de\/die-museen\/museo-vincenzo-vela\/#primaryimage","url":"https:\/\/museidartemendrisiotto.ch\/wp-content\/uploads\/2020\/04\/museo-vela-def.jpg","contentUrl":"https:\/\/museidartemendrisiotto.ch\/wp-content\/uploads\/2020\/04\/museo-vela-def.jpg"},{"@type":"BreadcrumbList","@id":"https:\/\/museidartemendrisiotto.ch\/de\/die-museen\/museo-vincenzo-vela\/#breadcrumb","itemListElement":[{"@type":"ListItem","position":1,"name":"Home","item":"https:\/\/museidartemendrisiotto.ch\/de\/"},{"@type":"ListItem","position":2,"name":"Die Museen","item":"https:\/\/museidartemendrisiotto.ch\/de\/die-museen\/"},{"@type":"ListItem","position":3,"name":"Museo Vincenzo Vela"}]},{"@type":"WebSite","@id":"https:\/\/museidartemendrisiotto.ch\/#website","url":"https:\/\/museidartemendrisiotto.ch\/","name":"Musei d\u2019Arte del Mendrisiotto","description":"La rete dei Musei d\u2019Arte del Mendrisiotto (MAM) si propone di rafforzare la visibilit\u00e0, promuovere la conoscenza dei musei del Mendrisiotto","publisher":{"@id":"https:\/\/museidartemendrisiotto.ch\/#organization"},"potentialAction":[{"@type":"SearchAction","target":{"@type":"EntryPoint","urlTemplate":"https:\/\/museidartemendrisiotto.ch\/?s={search_term_string}"},"query-input":{"@type":"PropertyValueSpecification","valueRequired":true,"valueName":"search_term_string"}}],"inLanguage":"de"},{"@type":"Organization","@id":"https:\/\/museidartemendrisiotto.ch\/#organization","name":"Musei d\u2019Arte del Mendrisiotto","url":"https:\/\/museidartemendrisiotto.ch\/","logo":{"@type":"ImageObject","inLanguage":"de","@id":"https:\/\/museidartemendrisiotto.ch\/#\/schema\/logo\/image\/","url":"https:\/\/museidartemendrisiotto.ch\/wp-content\/uploads\/2020\/06\/logo_mam.png","contentUrl":"https:\/\/museidartemendrisiotto.ch\/wp-content\/uploads\/2020\/06\/logo_mam.png","width":350,"height":250,"caption":"Musei d\u2019Arte del Mendrisiotto"},"image":{"@id":"https:\/\/museidartemendrisiotto.ch\/#\/schema\/logo\/image\/"}}]}},"_links":{"self":[{"href":"https:\/\/museidartemendrisiotto.ch\/de\/wp-json\/wp\/v2\/pages\/459","targetHints":{"allow":["GET"]}}],"collection":[{"href":"https:\/\/museidartemendrisiotto.ch\/de\/wp-json\/wp\/v2\/pages"}],"about":[{"href":"https:\/\/museidartemendrisiotto.ch\/de\/wp-json\/wp\/v2\/types\/page"}],"author":[{"embeddable":true,"href":"https:\/\/museidartemendrisiotto.ch\/de\/wp-json\/wp\/v2\/users\/1"}],"replies":[{"embeddable":true,"href":"https:\/\/museidartemendrisiotto.ch\/de\/wp-json\/wp\/v2\/comments?post=459"}],"version-history":[{"count":25,"href":"https:\/\/museidartemendrisiotto.ch\/de\/wp-json\/wp\/v2\/pages\/459\/revisions"}],"predecessor-version":[{"id":7054,"href":"https:\/\/museidartemendrisiotto.ch\/de\/wp-json\/wp\/v2\/pages\/459\/revisions\/7054"}],"up":[{"embeddable":true,"href":"https:\/\/museidartemendrisiotto.ch\/de\/wp-json\/wp\/v2\/pages\/685"}],"wp:attachment":[{"href":"https:\/\/museidartemendrisiotto.ch\/de\/wp-json\/wp\/v2\/media?parent=459"}],"curies":[{"name":"wp","href":"https:\/\/api.w.org\/{rel}","templated":true}]}}