{"id":1482,"date":"2020-06-04T16:54:08","date_gmt":"2020-06-04T14:54:08","guid":{"rendered":"http:\/\/museidartemendrisiotto.ch\/mostre\/"},"modified":"2020-06-26T08:56:51","modified_gmt":"2020-06-26T06:56:51","slug":"les-expositions","status":"publish","type":"page","link":"https:\/\/museidartemendrisiotto.ch\/fr\/les-expositions\/","title":{"rendered":"Les Expositions"},"content":{"rendered":"\t\t<div data-elementor-type=\"wp-page\" data-elementor-id=\"1482\" class=\"elementor elementor-1482 elementor-936\">\n\t\t\t\t\t\t<section class=\"elementor-section elementor-top-section elementor-element elementor-element-6ecb70e elementor-section-full_width elementor-section-height-default elementor-section-height-default\" data-id=\"6ecb70e\" data-element_type=\"section\" data-e-type=\"section\">\n\t\t\t\t\t\t<div class=\"elementor-container elementor-column-gap-default\">\n\t\t\t\t\t<div class=\"elementor-column elementor-col-100 elementor-top-column elementor-element elementor-element-339ccdc\" data-id=\"339ccdc\" data-element_type=\"column\" data-e-type=\"column\">\n\t\t\t<div class=\"elementor-widget-wrap elementor-element-populated\">\n\t\t\t\t\t\t<div class=\"elementor-element elementor-element-63b613a elementor-widget elementor-widget-heading\" data-id=\"63b613a\" data-element_type=\"widget\" data-e-type=\"widget\" data-widget_type=\"heading.default\">\n\t\t\t\t<div class=\"elementor-widget-container\">\n\t\t\t\t\t<h1 class=\"elementor-heading-title elementor-size-default\">LES EXPOSITIONS<\/h1>\t\t\t\t<\/div>\n\t\t\t\t<\/div>\n\t\t\t\t<div class=\"elementor-element elementor-element-5feec24 elementor-widget elementor-widget-spacer\" data-id=\"5feec24\" data-element_type=\"widget\" data-e-type=\"widget\" data-widget_type=\"spacer.default\">\n\t\t\t\t<div class=\"elementor-widget-container\">\n\t\t\t\t\t\t\t<div class=\"elementor-spacer\">\n\t\t\t<div class=\"elementor-spacer-inner\"><\/div>\n\t\t<\/div>\n\t\t\t\t\t\t<\/div>\n\t\t\t\t<\/div>\n\t\t\t\t<div class=\"elementor-element elementor-element-3b5807e mostre-tab elementor-widget elementor-widget-eael-adv-tabs\" data-id=\"3b5807e\" data-element_type=\"widget\" data-e-type=\"widget\" data-widget_type=\"eael-adv-tabs.default\">\n\t\t\t\t<div class=\"elementor-widget-container\">\n\t\t\t\t\t        <div data-scroll-on-click=\"no\" data-scroll-speed=\"300\" id=\"eael-advance-tabs-3b5807e\" class=\"eael-advance-tabs eael-tabs-horizontal eael-tab-auto-active \" data-tabid=\"3b5807e\">\n            <div class=\"eael-tabs-nav \">\n                <ul class=\"eael-tab-inline-icon\" role=\"tablist\">\n                                            <li id=\"tutte-le-mostre\" class=\"active-default eael-tab-item-trigger eael-tab-nav-item\" aria-selected=\"true\" data-tab=\"1\" role=\"tab\" tabindex=\"0\" aria-controls=\"tutte-le-mostre-tab\" aria-expanded=\"false\">\n                            \n                                                        \n                                                            <span class=\"eael-tab-title title-after-icon\" >Tutte le mostre<\/span>                            \n                                                    <\/li>\n                                            <li id=\"max-museo\" class=\"inactive eael-tab-item-trigger eael-tab-nav-item\" aria-selected=\"false\" data-tab=\"2\" role=\"tab\" tabindex=\"-1\" aria-controls=\"max-museo-tab\" aria-expanded=\"false\">\n                            \n                                                        \n                                                            <span class=\"eael-tab-title title-after-icon\" >m.a.x. museo<\/span>                            \n                                                    <\/li>\n                                            <li id=\"museo-darte-mendrisio\" class=\"inactive eael-tab-item-trigger eael-tab-nav-item\" aria-selected=\"false\" data-tab=\"3\" role=\"tab\" tabindex=\"-1\" aria-controls=\"museo-darte-mendrisio-tab\" aria-expanded=\"false\">\n                            \n                                                        \n                                                            <span class=\"eael-tab-title title-after-icon\" >Museo d&rsquo;arte Mendrisio<\/span>                            \n                                                    <\/li>\n                                            <li id=\"museo-vincenzo-vela\" class=\"inactive eael-tab-item-trigger eael-tab-nav-item\" aria-selected=\"false\" data-tab=\"4\" role=\"tab\" tabindex=\"-1\" aria-controls=\"museo-vincenzo-vela-tab\" aria-expanded=\"false\">\n                            \n                                                        \n                                                            <span class=\"eael-tab-title title-after-icon\" >Museo Vincenzo Vela<\/span>                            \n                                                    <\/li>\n                                            <li id=\"pinacoteca-cantonale-giovanni-zst\" class=\"inactive eael-tab-item-trigger eael-tab-nav-item\" aria-selected=\"false\" data-tab=\"5\" role=\"tab\" tabindex=\"-1\" aria-controls=\"pinacoteca-cantonale-giovanni-zst-tab\" aria-expanded=\"false\">\n                            \n                                                        \n                                                            <span class=\"eael-tab-title title-after-icon\" >Pinacoteca cantonale Giovanni Z\u00fcst<\/span>                            \n                                                    <\/li>\n                                            <li id=\"teatro-dellarchitettura-mendrisio\" class=\"inactive eael-tab-item-trigger eael-tab-nav-item\" aria-selected=\"false\" data-tab=\"6\" role=\"tab\" tabindex=\"-1\" aria-controls=\"teatro-dellarchitettura-mendrisio-tab\" aria-expanded=\"false\">\n                            \n                                                        \n                                                            <span class=\"eael-tab-title title-after-icon\" >Teatro dell&rsquo;architettura Mendrisio<\/span>                            \n                                                    <\/li>\n                    \n                                  <\/ul>\n            <\/div>\n            \n            <div class=\"eael-tabs-content\">\n\t\t        \n                    <div id=\"tutte-le-mostre-tab\" class=\"clearfix eael-tab-content-item active-default\" data-title-link=\"tutte-le-mostre-tab\">\n\t\t\t\t        <p><div class=\"event_loop event_list  no-list\" id=\"event_list1\" style=\"height:auto;\" ><div class=\"event_item event_future status-EventScheduled location-type-OfflineEventAttendanceMode category-Museo Vincenzo Vela translation_priority-Facultatif post_tag-mostre post_tag-mostra-permanente-fr\" data-color=\"000000\" style=\"\"><a href=\"https:\/\/museidartemendrisiotto.ch\/fr\/collezione-principale\/\"><span class=\"event_thumbnail_wrap\"><img fetchpriority=\"high\" decoding=\"async\" width=\"900\" height=\"415\" src=\"https:\/\/museidartemendrisiotto.ch\/wp-content\/uploads\/2023\/06\/velamostra_1.jpg\" class=\"attachment-thumbnail wp-post-image event_thumbnail wp-post-image\" alt=\"\" srcset=\"https:\/\/museidartemendrisiotto.ch\/wp-content\/uploads\/2023\/06\/velamostra_1.jpg 900w, https:\/\/museidartemendrisiotto.ch\/wp-content\/uploads\/2023\/06\/velamostra_1-300x138.jpg 300w, https:\/\/museidartemendrisiotto.ch\/wp-content\/uploads\/2023\/06\/velamostra_1-768x354.jpg 768w, https:\/\/museidartemendrisiotto.ch\/wp-content\/uploads\/2023\/06\/velamostra_1-350x161.jpg 350w\" sizes=\"(max-width: 900px) 100vw, 900px\" \/><\/span><h5>COLLEZIONE DEL MUSEO VINCENZO VELA <\/h5><\/a><div class=\"event_data event_date \" itemscope itemtype=\"http:\/\/microformats.org\/profile\/hcard\">\n\t\t\t\t\t\t<div class=\"event_date\" data-start=\"dimanche 1 janvier 2023\" data-end=\"dimanche 31 d\u00e9cembre 2028\"> <span class=\"linking_word linking_word-from\">de<\/span> <time class=\"date date-start\" itemprop=\"dtstart\" datetime=\"2023-01-01T00:00:00+00:00\">01.01.2023<\/time> <span class=\"linking_word linking_word-to\">\u00e0<\/span> <time class=\"date date-to\" itemprop=\"dtend\" datetime=\"2028-12-31T00:00:00+00:00\">31.12.2028<\/time>\n\t\t\t\t\t\t<\/div><!-- .event_date --><span class=\"eventpost-status\">Planifi\u00e9<\/span>\n\t\t\t\t\t\t\t<span class=\"eventpost-date-export\">\n\t\t\t\t\t\t\t\t<a href=\"https:\/\/museidartemendrisiotto.ch\/eventpost\/4326.ics\" class=\"event_link event-export ics\" target=\"_blank\" title=\"T\u00e9l\u00e9charger au format ICS\">ical<\/a>\n\t\t\t\t\t\t\t\t<a href=\"https:\/\/www.google.com\/calendar\/event?action=TEMPLATE&#038;trp=false&#038;sprop=name&#038;text=COLLEZIONE+DEL+MUSEO+VINCENZO+VELA&#038;dates=20230101%2F20281231&#038;location&#038;details=Il+Museo+Vincenzo+Vela+appartiene+al+novero+delle+pi%C3%B9+importanti+case+d%27artista+dell%27Ottocento+europeo.+Ideata+dal+grande+scultore+realista+ticinese+Vincenzo+Vela+%281820-91%29+all%27apice+della+sua+carriera+e+trasformata+in+museo+pubblico+dopo+la+sua+donazione+allo+Stato+elvetico%2C+accanto+alla+gipsoteca+monumentale+di+Vincenzo+Vela%2C+il+museo+conserva+i+lasciti+dello+scultore+Lorenzo+Vela+%281812-97%29+e+del+pittore+Spartaco+Vela+%281854-95%29%2C+una+notevole+quadreria+ottocentesca+di+pittura+lombarda+e+piemonetese%2C+nonch%C3%A9+centinaia+di+disegni+autografi+e+una+delle+pi%C3%B9+antiche+collezioni+fotografiche+private+svizzere.%0D%0AArte+e+storia+dell%27Ottocento+italiano+e+svizzero+si+intrecciano+in+un+unicum%2C+attraverso+i+magnifici+ritratti+dei+protagonisti+del+Risorgimento%2C+mentre+la+presenza+di+alcuni+elementi+che+ricordano+il+carattere+privato+della+residenza+e+il+parco+panoramico%2C+conferiscono+a+questo+luogo+il+carattere+di+opera+d%27arte+totale.%0D%0AOrari%0D%0Amarted%C3%AC+-+venerd%C3%AC%0D%0A10.00+-+17.00+%28gennaio+-+maggio%29%0D%0A10.00+-+18.00+%28giugno+-+settembre%29%0D%0A10.00+-+17.00+%28ottobre+-+novembre%29%0D%0A%0D%0Asabato+e+domenica%0D%0A10.00+-+18.00%0D%0A%0D%0AChiuso+il+luned%C3%AC.%0D%0AEntrata+gratuita+tutti+i+mercoled%C3%AC.%0D%0A%0D%0AMAGGIORI+INFO%0A%0Ahttps%3A%2F%2Fmuseidartemendrisiotto.ch%2Ffr%2Fcollezione-principale%2F&#038;gmt=%2B02&#038;ctz=Europe\/Rome\" class=\"event_link event-export gcal\" target=\"_blank\" title=\"Ajouter \u00e0 Google agenda\">Google<\/a>\n\t\t\t\t\t\t\t\t<a href=\"https:\/\/museidartemendrisiotto.ch\/eventpost\/4326.vcs\" class=\"event_link event-export vcs\" target=\"_blank\" title=\"Ajouter \u00e0 Outlook\">outlook<\/a>\n\t\t\t\t\t\t\t\t<i class=\"dashicons-before dashicons-calendar\"><\/i>\n\t\t\t\t\t\t\t<\/span>\n\t\t\t\t\t<\/div><!-- .event_date --><div class=\"event_data event_category \" itemscope itemtype=\"http:\/\/microformats.org\/profile\/hcard\">\n\t\t\t\t\t\t<span class=\"event_categories\">\t\t\t\t\t<span  class=\"event-term event_term_category\">Museo Vincenzo Vela <\/span><\/span>\n\t\t\t\t\t<\/div><!-- .event_category --><div class=\"event_data event_location \" itemscope itemtype=\"http:\/\/microformats.org\/profile\/hcard\">\n\t\t\n\t\t\t\t\t<\/div><!-- .event_location --><span class=\"event_exerpt\">Il Museo Vincenzo Vela appartiene al novero delle pi\u00f9 importanti case d&rsquo;artista dell&rsquo;Ottocento europeo. Ideata dal grande scultore realista ticinese Vincenzo Vela (1820-91) all&rsquo;apice della sua carriera e trasformata in museo pubblico dopo la sua donazione allo Stato elvetico, accanto alla gipsoteca monumentale di Vincenzo Vela, il museo conserva i lasciti dello scultore Lorenzo Vela (1812-97) e del pittore Spartaco Vela (1854-95), una notevole quadreria ottocentesca di pittura lombarda e piemonetese, nonch\u00e9 centinaia di disegni autografi e una delle pi\u00f9 antiche collezioni fotografiche private svizzere.\r\nArte e storia dell&rsquo;Ottocento italiano e svizzero si intrecciano in un unicum, attraverso i magnifici ritratti dei protagonisti del Risorgimento, mentre la presenza di alcuni elementi che ricordano il carattere privato della residenza e il parco panoramico, conferiscono a questo luogo il carattere di opera d&rsquo;arte totale.\r\nOrari\r\nmarted\u00ec &#8211; venerd\u00ec\r\n10.00 &#8211; 17.00 (gennaio &#8211; maggio)\r\n10.00 &#8211; 18.00 (giugno &#8211; settembre)\r\n10.00 &#8211; 17.00 (ottobre &#8211; novembre)\r\n\r\nsabato e domenica\r\n10.00 &#8211; 18.00\r\n\r\nChiuso il luned\u00ec.\r\nEntrata gratuita tutti i mercoled\u00ec.\r\n\r\nMAGGIORI INFO<\/span><\/div><!-- .event_item --><div class=\"event_item event_future status-EventScheduled location-type-OfflineEventAttendanceMode translation_priority-Facultatif category-Museo d\u2019arte Mendrisio post_tag-mostre post_tag-mostra-permanente-fr\" data-color=\"000000\" style=\"\"><a href=\"https:\/\/museidartemendrisiotto.ch\/fr\/museo-del-trasparente\/\"><span class=\"event_thumbnail_wrap\"><img decoding=\"async\" width=\"900\" height=\"415\" src=\"https:\/\/museidartemendrisiotto.ch\/wp-content\/uploads\/2024\/03\/trasparenti-00-2.jpg\" class=\"attachment-thumbnail wp-post-image event_thumbnail wp-post-image\" alt=\"\" srcset=\"https:\/\/museidartemendrisiotto.ch\/wp-content\/uploads\/2024\/03\/trasparenti-00-2.jpg 900w, https:\/\/museidartemendrisiotto.ch\/wp-content\/uploads\/2024\/03\/trasparenti-00-2-300x138.jpg 300w, https:\/\/museidartemendrisiotto.ch\/wp-content\/uploads\/2024\/03\/trasparenti-00-2-768x354.jpg 768w, https:\/\/museidartemendrisiotto.ch\/wp-content\/uploads\/2024\/03\/trasparenti-00-2-350x161.jpg 350w\" sizes=\"(max-width: 900px) 100vw, 900px\" \/><\/span><h5>MUS\u00c9E TRANSPARENT <\/h5><\/a><div class=\"event_data event_date \" itemscope itemtype=\"http:\/\/microformats.org\/profile\/hcard\">\n\t\t\t\t\t\t<div class=\"event_date\" data-start=\"dimanche 1 janvier 2023\" data-end=\"dimanche 31 d\u00e9cembre 2028\"> <span class=\"linking_word linking_word-from\">de<\/span> <time class=\"date date-start\" itemprop=\"dtstart\" datetime=\"2023-01-01T00:00:00+00:00\">01.01.2023<\/time> <span class=\"linking_word linking_word-to\">\u00e0<\/span> <time class=\"date date-to\" itemprop=\"dtend\" datetime=\"2028-12-31T00:00:00+00:00\">31.12.2028<\/time>\n\t\t\t\t\t\t<\/div><!-- .event_date --><span class=\"eventpost-status\">Planifi\u00e9<\/span>\n\t\t\t\t\t\t\t<span class=\"eventpost-date-export\">\n\t\t\t\t\t\t\t\t<a href=\"https:\/\/museidartemendrisiotto.ch\/eventpost\/5248.ics\" class=\"event_link event-export ics\" target=\"_blank\" title=\"T\u00e9l\u00e9charger au format ICS\">ical<\/a>\n\t\t\t\t\t\t\t\t<a href=\"https:\/\/www.google.com\/calendar\/event?action=TEMPLATE&#038;trp=false&#038;sprop=name&#038;text=MUS%C3%89E+TRANSPARENT&#038;dates=20230101%2F20281231&#038;location&#038;details=Transparents%0D%0A%0D%0A%0D%0A%0D%0ALes+%22transparents%22+sont+des+appareils+%C3%A9ph%C3%A9m%C3%A8res+li%C3%A9s+aux+processions+historiques+de+la+Semaine+sainte+de+Mendrisio%2C+document%C3%A9es+au+moins+depuis+le+XVIIe+si%C3%A8cle.+Les+premi%C3%A8res+grandes+%22arches+lumineuses%22+ou+%22lanternes%22+suspendues+dans+les+rues+n%27apparaissent+qu%27en+1791%2C+comme+l%27indique+Don+Ambrogio+Torriani+dans+une+lettre.+C%27est+presque+certainement+le+fr%C3%A8re+servite+Antonio+Maria+Baroffio+%281732-1798%29+du+couvent+de+San+Giovanni+qui+a+introduit+cette+tradition.%0D%0A%0D%0A%0D%0A%0D%0A%0D%0A%0D%0A%0D%0A%0D%0A%0D%0A%0D%0A%0D%0A%0D%0ABien+que+les+%22transparents%22+aient+%C3%A9t%C3%A9+imm%C3%A9diatement+g%C3%A9r%C3%A9s+par+les+Servantes+de+Marie+et+conserv%C3%A9s+au+Couvent%2C+ils+ont+toujours+%C3%A9t%C3%A9+pay%C3%A9s+par+des+particuliers+et%2C+%C3%A0+partir+de+1794%2C+%C3%A9galement+par+l%27autorit%C3%A9+municipale+de+Mendrisio%2C+qui+avait+%C3%A9galement+la+t%C3%A2che+d%27organiser+leur+exposition.+Depuis+la+suppression+du+couvent+en+1852+jusqu%27%C3%A0+aujourd%27hui%2C+la+municipalit%C3%A9+de+Mendrisio%2C+propri%C3%A9taire+de+presque+toutes+les+%C5%93uvres+-+dont+certaines+ont+ensuite+%C3%A9t%C3%A9+re%C3%A7ues+en+donation+par+les+familles+qui+les+avaient+command%C3%A9es+-+s%27est+toujours+charg%C3%A9e+de+les+pr%C3%A9senter+dans+les+rues+du+Borgo+%C3%A0+l%27occasion+des+processions+de+la+Semaine+Sainte.%0D%0A%0D%0ALa+premi%C3%A8re+s%C3%A9rie+de+%22portes%22+a+%C3%A9t%C3%A9+achev%C3%A9e+entre+1791+et+1792+%3A+le+style+%C3%A9vident%2C+les+inscriptions+et+les+dates+peintes+sur+certains+cadres+indiquent+que+Giovanni+Battista+Bagutti+de+Rovio+%281742-1823%29+est+peut-%C3%AAtre+l%27auteur+de+la+premi%C3%A8re+s%C3%A9rie+originale.+Chaque+fa%C3%A7ade+pr%C3%A9sentait+une+sc%C3%A8ne+centrale+flanqu%C3%A9e+de+deux+figures+de+proph%C3%A8tes%2C+dont+les+textes+%C3%A9taient+li%C3%A9s+au+sujet+repr%C3%A9sent%C3%A9.+Outre+les+sc%C3%A8nes+de+la+Passion+du+Christ%2C+au+moins+deux+%C3%A9pisodes+de+la+%22Passion+de+Marie%22+ont+%C3%A9t%C3%A9+illustr%C3%A9s.+Dans+les+m%C3%AAmes+ann%C3%A9es%2C+il+a+%C3%A9galement+sign%C3%A9+et+dat%C3%A9+le+groupe+de+4+%22pilastres%22+de+la+fa%C3%A7ade+de+San+Giovanni+et+la+s%C3%A9rie+de+6+%22voiles%22+pour+la+fa%C3%A7ade+du+couvent+de+San+Giovanni.+On+lui+attribue+%C3%A9galement+le+%22placard%22+au-dessus+de+la+porte+de+l%27%C3%A9glise%2C+l%27arc+avec+les+anges%2C+les+4+%22temples%22+avec+les+proph%C3%A8tes+et+les+4+ensembles+de+lampadaires.%0D%0A%0D%0ALes+premi%C3%A8res+%C5%93uvres+document%C3%A9es+apr%C3%A8s+celles+de+Bagutti+sont+une+s%C3%A9rie+de+12+%22lanternes%22+que+la+municipalit%C3%A9+de+Mendrisio+a+pay%C3%A9es+en+1838+%C3%A0+Augusto+Catenazzi%2C+pour+%C3%AAtre+plac%C3%A9es+sur+des+%22poteaux%22+le+long+de+l%27actuel+Corso+bello.+Une+fois+qu%27elles+eurent+disparu%2C+ou+qu%27elles+ne+furent+plus+identifiables%2C+en+1949%2C+une+commission+similaire+chargea+Mario+Gilardi+de+r%C3%A9aliser+autant+de+%22lanternes+fixes%22+%C3%A0+placer+dans+l%27avenue+bord%C3%A9e+d%27arbres+qui+m%C3%A8ne+%C3%A0+l%27%C3%A9glise+de+San+Francesco+dei+Cappuccini%2C+%C3%A0+l%27extr%C3%A9mit%C3%A9+sud+du+parcours+processionnel.%0D%0A%0D%0A%0D%0A%0D%0A%0D%0A%0D%0A%0D%0A%0D%0ATour+virtuel+des+Processions+historiques%0D%0A%0D%0A+%0D%0A%0D%0A%0D%0A%0D%0A%0D%0A%0D%0A%0D%0AL%27histoire+de+Casa+Croci%0D%0A%0D%0A%0D%0A%0D%0A%0D%0A%0D%0A%0D%0A%0D%0A%0D%0A%0D%0A%0D%0A%0D%0A%0D%0A%0D%0AL%27architecte+Antonio+Croci+%281823-1884%29+a+%C3%A9tudi%C3%A9+l%27architecture+%C3%A0+l%27Accademia+delle+Belle+Arti+de+Milan%2C+o%C3%B9+il+s%27est+distingu%C3%A9+en+remportant+le+premier+prix+d%27un+concours+d%27%22Invention+architecturale%22.%0D%0AIl+a+longtemps+v%C3%A9cu+en+Turquie%2C+o%C3%B9+il+a+travaill%C3%A9+pour+la+cour+de+Constantinople.+De+nombreuses+incertitudes+subsistent+%C3%A0+son+sujet+et+sur+son+travail+%3A+les+archives+contenant+les+plans+de+ses+ateliers%2C+conserv%C3%A9es+par+un+parent+%C3%A9loign%C3%A9+car+Croci+%C3%A9tait+rest%C3%A9+c%C3%A9libataire+et+n%27avait+pas+d%27h%C3%A9ritiers+directs%2C+ont+%C3%A9t%C3%A9+envoy%C3%A9es+%C3%A0+la+casse+%3B+il+est+presque+certain+qu%27il+a+travaill%C3%A9+%C3%A0+plusieurs+reprises+pour+le+baron+russe+Von+der+Wies%2C+notamment+pour+la+construction+du+ch%C3%A2teau+de+Valrose+%C3%A0+Nice%2C+achev%C3%A9+en+1869+%3B+entre+1861+et+1865%2C+il+a+travaill%C3%A9+%C3%A0+la+r%C3%A9novation+de+l%27%C3%A9glise+de+San+Giorgio+%C3%A0+Ernen+et+de+l%27%C3%A9glise+de+Lax%2C+%C3%A9galement+en+Valais+en+1874.+L%27ann%C3%A9e+suivante%2C+il+collabore+avec+Vincenzo+Vela+%28sculpteur+1820-1891%29+pour+le+monument+%C3%A9questre+d%C3%A9di%C3%A9+au+duc+de+Brunswick%2C+qui+ne+sera+jamais+construit+et+dont+la+maquette+est+conserv%C3%A9e+au+mus%C3%A9e+Vela+de+Ligornetto.%0D%0AApr%C3%A8s+un+long+s%C3%A9jour+en+Am%C3%A9rique+latine+entre+1871+et+1872+%C3%A0+Buenos+Aires%2C+Antonio+Croci+est+charg%C3%A9+par+la+famille+Bernasconi+de+Mendrisio+de+construire+la+Villa+Argentina+%C3%A0+Mendrisio.%0D%0AEn+1858%2C+il+a+construit+sa+propre+maison+%C3%A0+Mendrisio+%28connue+aujourd%27hui+sous+le+nom+de+%22Casa+Croci%22%29+sur+la+pente+ensoleill%C3%A9e+appel%C3%A9e+Carlasch+%28le+m%C3%AAme+b%C3%A2timent+est+encore+identifi%C3%A9+sous+ce+nom+aujourd%27hui.+Au+fil+des+ans%2C+d%27autres+b%C3%A2timents+ont+assi%C3%A9g%C3%A9+la+Casa+Croci%2C+%C3%A0+l%27origine+solitaire%2C+cachant+l%27%C3%A9tat+de+d%C3%A9labrement+dans+lequel+elle+avait+%C3%A9t%C3%A9+abandonn%C3%A9e.+Heureusement%2C+dans+les+ann%C3%A9es+1970%2C+sa+valeur+architecturale+a+%C3%A9t%C3%A9+red%C3%A9couverte.+Aujourd%27hui%2C+enti%C3%A8rement+et+finement+restaur%C3%A9%2C+il+fait+partie+du+patrimoine+du+catalogue+cantonal+des+monuments%2C+et+a+%C3%A9t%C3%A9+utilis%C3%A9+pour+des+expositions+temporaires.%0D%0ADepuis+2017%2C+la+Casa+Croci+est+le+si%C3%A8ge+du+Museo+del+Trasparente+et+accueille+une+exposition+permanente+qui+permet+aux+visiteurs+d%27observer+de+pr%C3%A8s+et+tout+au+long+de+l%27ann%C3%A9e+les+pr%C3%A9cieux+objets+%3A+au+rez-de-chauss%C3%A9e%2C+une+section+est+consacr%C3%A9e+aux+Processions+historiques+et+%C3%A0+leur+histoire+%3B+au+premier+%C3%A9tage%2C+les+diff%C3%A9rentes+typologies+qui+caract%C3%A9risent+l%27exceptionnel+appareil+d%C3%A9coratif+des+%22+transparences+%22+%3B+au+deuxi%C3%A8me+%C3%A9tage%2C+une+section+d%C3%A9di%C3%A9e+aux+probl%C3%A8mes+d%27ex%C3%A9cution%2C+de+conservation+et+de+restauration.%0D%0A%0D%0ATour+virtuel+du+Mus%C3%A9e+Transparent%0D%0A%0D%0A+%0D%0A%0D%0A%0D%0A%0D%0A%0D%0A%0D%0A%0D%0A%0D%0AAdresse%0D%0ACasa+Croci%0D%0AVia+Municipio%0D%0ACH+%E2%80%93+6850+Mendrisio%0D%0A%0D%0AHoraires+d%27ouvertures%0D%0Ajeudi+et+samedi%0D%0A14.00+-+18.00%0D%0A%0D%0Adu+27+mars+au+7+avril+2024%0D%0Atous+les+jours%0D%0A10.00+-+12.00+%2F+14.00+-+18.00%0D%0A%0D%0AJeudi+et+Vendredi+Saint%C2%A0%0D%0A10.00+-+20.30%0D%0A%0D%0AEntr%C3%A9e+gratuite%C2%A0%0A%0Ahttps%3A%2F%2Fmuseidartemendrisiotto.ch%2Ffr%2Fmuseo-del-trasparente%2F&#038;gmt=%2B02&#038;ctz=Europe\/Rome\" class=\"event_link event-export gcal\" target=\"_blank\" title=\"Ajouter \u00e0 Google agenda\">Google<\/a>\n\t\t\t\t\t\t\t\t<a href=\"https:\/\/museidartemendrisiotto.ch\/eventpost\/5248.vcs\" class=\"event_link event-export vcs\" target=\"_blank\" title=\"Ajouter \u00e0 Outlook\">outlook<\/a>\n\t\t\t\t\t\t\t\t<i class=\"dashicons-before dashicons-calendar\"><\/i>\n\t\t\t\t\t\t\t<\/span>\n\t\t\t\t\t<\/div><!-- .event_date --><div class=\"event_data event_category \" itemscope itemtype=\"http:\/\/microformats.org\/profile\/hcard\">\n\t\t\t\t\t\t<span class=\"event_categories\">\t\t\t\t\t<span  class=\"event-term event_term_category\">Museo d\u2019arte Mendrisio <\/span><\/span>\n\t\t\t\t\t<\/div><!-- .event_category --><div class=\"event_data event_location \" itemscope itemtype=\"http:\/\/microformats.org\/profile\/hcard\">\n\t\t\n\t\t\t\t\t<\/div><!-- .event_location --><span class=\"event_exerpt\">Transparents\r\n\r\n\r\n\r\nLes \u00ab\u00a0transparents\u00a0\u00bb sont des appareils \u00e9ph\u00e9m\u00e8res li\u00e9s aux processions historiques de la Semaine sainte de Mendrisio, document\u00e9es au moins depuis le XVIIe si\u00e8cle. Les premi\u00e8res grandes \u00ab\u00a0arches lumineuses\u00a0\u00bb ou \u00ab\u00a0lanternes\u00a0\u00bb suspendues dans les rues n&rsquo;apparaissent qu&rsquo;en 1791, comme l&rsquo;indique Don Ambrogio Torriani dans une lettre. C&rsquo;est presque certainement le fr\u00e8re servite Antonio Maria Baroffio (1732-1798) du couvent de San Giovanni qui a introduit cette tradition.\r\n\r\n\r\n\r\n\r\n\r\n\r\n\r\n\r\n\r\n\r\n\r\nBien que les \u00ab\u00a0transparents\u00a0\u00bb aient \u00e9t\u00e9 imm\u00e9diatement g\u00e9r\u00e9s par les Servantes de Marie et conserv\u00e9s au Couvent, ils ont toujours \u00e9t\u00e9 pay\u00e9s par des particuliers et, \u00e0 partir de 1794, \u00e9galement par l&rsquo;autorit\u00e9 municipale de Mendrisio, qui avait \u00e9galement la t\u00e2che d&rsquo;organiser leur exposition. Depuis la suppression du couvent en 1852 jusqu&rsquo;\u00e0 aujourd&rsquo;hui, la municipalit\u00e9 de Mendrisio, propri\u00e9taire de presque toutes les \u0153uvres &#8211; dont certaines ont ensuite \u00e9t\u00e9 re\u00e7ues en donation par les familles qui les avaient command\u00e9es &#8211; s&rsquo;est toujours charg\u00e9e de les pr\u00e9senter dans les rues du Borgo \u00e0 l&rsquo;occasion des processions de la Semaine Sainte.\r\n\r\nLa premi\u00e8re s\u00e9rie de \u00ab\u00a0portes\u00a0\u00bb a \u00e9t\u00e9 achev\u00e9e entre 1791 et 1792 : le style \u00e9vident, les inscriptions et les dates peintes sur certains cadres indiquent que Giovanni Battista Bagutti de Rovio (1742-1823) est peut-\u00eatre l&rsquo;auteur de la premi\u00e8re s\u00e9rie originale. Chaque fa\u00e7ade pr\u00e9sentait une sc\u00e8ne centrale flanqu\u00e9e de deux figures de proph\u00e8tes, dont les textes \u00e9taient li\u00e9s au sujet repr\u00e9sent\u00e9. Outre les sc\u00e8nes de la Passion du Christ, au moins deux \u00e9pisodes de la \u00ab\u00a0Passion de Marie\u00a0\u00bb ont \u00e9t\u00e9 illustr\u00e9s. Dans les m\u00eames ann\u00e9es, il a \u00e9galement sign\u00e9 et dat\u00e9 le groupe de 4 \u00ab\u00a0pilastres\u00a0\u00bb de la fa\u00e7ade de San Giovanni et la s\u00e9rie de 6 \u00ab\u00a0voiles\u00a0\u00bb pour la fa\u00e7ade du couvent de San Giovanni. On lui attribue \u00e9galement le \u00ab\u00a0placard\u00a0\u00bb au-dessus de la porte de l&rsquo;\u00e9glise, l&rsquo;arc avec les anges, les 4 \u00ab\u00a0temples\u00a0\u00bb avec les proph\u00e8tes et les 4 ensembles de lampadaires.\r\n\r\nLes premi\u00e8res \u0153uvres document\u00e9es apr\u00e8s celles de Bagutti sont une s\u00e9rie de 12 \u00ab\u00a0lanternes\u00a0\u00bb que la municipalit\u00e9 de Mendrisio a pay\u00e9es en 1838 \u00e0 Augusto Catenazzi, pour \u00eatre plac\u00e9es sur des \u00ab\u00a0poteaux\u00a0\u00bb le long de l&rsquo;actuel Corso bello. Une fois qu&rsquo;elles eurent disparu, ou qu&rsquo;elles ne furent plus identifiables, en 1949, une commission similaire chargea Mario Gilardi de r\u00e9aliser autant de \u00ab\u00a0lanternes fixes\u00a0\u00bb \u00e0 placer dans l&rsquo;avenue bord\u00e9e d&rsquo;arbres qui m\u00e8ne \u00e0 l&rsquo;\u00e9glise de San Francesco dei Cappuccini, \u00e0 l&rsquo;extr\u00e9mit\u00e9 sud du parcours processionnel.\r\n\r\n\r\n\r\n\r\n\r\n\r\n\r\nTour virtuel des Processions historiques\r\n\r\n \r\n\r\n\r\n\r\n\r\n\r\n\r\nL&rsquo;histoire de Casa Croci\r\n\r\n\r\n\r\n\r\n\r\n\r\n\r\n\r\n\r\n\r\n\r\n\r\n\r\nL&rsquo;architecte Antonio Croci (1823-1884) a \u00e9tudi\u00e9 l&rsquo;architecture \u00e0 l&rsquo;Accademia delle Belle Arti de Milan, o\u00f9 il s&rsquo;est distingu\u00e9 en remportant le premier prix d&rsquo;un concours d'\u00a0\u00bbInvention architecturale\u00a0\u00bb.\r\nIl a longtemps v\u00e9cu en Turquie, o\u00f9 il a travaill\u00e9 pour la cour de Constantinople. De nombreuses incertitudes subsistent \u00e0 son sujet et sur son travail : les archives contenant les plans de ses ateliers, conserv\u00e9es par un parent \u00e9loign\u00e9 car Croci \u00e9tait rest\u00e9 c\u00e9libataire et n&rsquo;avait pas d&rsquo;h\u00e9ritiers directs, ont \u00e9t\u00e9 envoy\u00e9es \u00e0 la casse ; il est presque certain qu&rsquo;il a travaill\u00e9 \u00e0 plusieurs reprises pour le baron russe Von der Wies, notamment pour la construction du ch\u00e2teau de Valrose \u00e0 Nice, achev\u00e9 en 1869 ; entre 1861 et 1865, il a travaill\u00e9 \u00e0 la r\u00e9novation de l&rsquo;\u00e9glise de San Giorgio \u00e0 Ernen et de l&rsquo;\u00e9glise de Lax, \u00e9galement en Valais en 1874. L&rsquo;ann\u00e9e suivante, il collabore avec Vincenzo Vela (sculpteur 1820-1891) pour le monument \u00e9questre d\u00e9di\u00e9 au duc de Brunswick, qui ne sera jamais construit et dont la maquette est conserv\u00e9e au mus\u00e9e Vela de Ligornetto.\r\nApr\u00e8s un long s\u00e9jour en Am\u00e9rique latine entre 1871 et 1872 \u00e0 Buenos Aires, Antonio Croci est charg\u00e9 par la famille Bernasconi de Mendrisio de construire la Villa Argentina \u00e0 Mendrisio.\r\nEn 1858, il a construit sa propre maison \u00e0 Mendrisio (connue aujourd&rsquo;hui sous le nom de \u00ab\u00a0Casa Croci\u00a0\u00bb) sur la pente ensoleill\u00e9e appel\u00e9e Carlasch (le m\u00eame b\u00e2timent est encore identifi\u00e9 sous ce nom aujourd&rsquo;hui. Au fil des ans, d&rsquo;autres b\u00e2timents ont assi\u00e9g\u00e9 la Casa Croci, \u00e0 l&rsquo;origine solitaire, cachant l&rsquo;\u00e9tat de d\u00e9labrement dans lequel elle avait \u00e9t\u00e9 abandonn\u00e9e. Heureusement, dans les ann\u00e9es 1970, sa valeur architecturale a \u00e9t\u00e9 red\u00e9couverte. Aujourd&rsquo;hui, enti\u00e8rement et finement restaur\u00e9, il fait partie du patrimoine du catalogue cantonal des monuments, et a \u00e9t\u00e9 utilis\u00e9 pour des expositions temporaires.\r\nDepuis 2017, la Casa Croci est le si\u00e8ge du Museo del Trasparente et accueille une exposition permanente qui permet aux visiteurs d&rsquo;observer de pr\u00e8s et tout au long de l&rsquo;ann\u00e9e les pr\u00e9cieux objets : au rez-de-chauss\u00e9e, une section est consacr\u00e9e aux Processions historiques et \u00e0 leur histoire ; au premier \u00e9tage, les diff\u00e9rentes typologies qui caract\u00e9risent l&rsquo;exceptionnel appareil d\u00e9coratif des \u00a0\u00bb transparences \u00a0\u00bb ; au deuxi\u00e8me \u00e9tage, une section d\u00e9di\u00e9e aux probl\u00e8mes d&rsquo;ex\u00e9cution, de conservation et de restauration.\r\n\r\nTour virtuel du Mus\u00e9e Transparent\r\n\r\n \r\n\r\n\r\n\r\n\r\n\r\n\r\n\r\nAdresse\r\nCasa Croci\r\nVia Municipio\r\nCH \u2013 6850 Mendrisio\r\n\r\nHoraires d&rsquo;ouvertures\r\njeudi et samedi\r\n14.00 &#8211; 18.00\r\n\r\ndu 27 mars au 7 avril 2024\r\ntous les jours\r\n10.00 &#8211; 12.00 \/ 14.00 &#8211; 18.00\r\n\r\nJeudi et Vendredi Saint\u00a0\r\n10.00 &#8211; 20.30\r\n\r\nEntr\u00e9e gratuite\u00a0<\/span><\/div><!-- .event_item --><div class=\"event_item event_future status-EventScheduled location-type-OfflineEventAttendanceMode translation_priority-Facultatif category-Pinacoteca Z\u00fcst post_tag-mostre\" data-color=\"000000\" style=\"\"><a href=\"https:\/\/museidartemendrisiotto.ch\/fr\/collezioni-pubbliche-ticinesi\/\"><span class=\"event_thumbnail_wrap\"><img decoding=\"async\" width=\"900\" height=\"415\" src=\"https:\/\/museidartemendrisiotto.ch\/wp-content\/uploads\/2026\/03\/CPT048.jpg\" class=\"attachment-thumbnail wp-post-image event_thumbnail wp-post-image\" alt=\"\" srcset=\"https:\/\/museidartemendrisiotto.ch\/wp-content\/uploads\/2026\/03\/CPT048.jpg 900w, https:\/\/museidartemendrisiotto.ch\/wp-content\/uploads\/2026\/03\/CPT048-300x138.jpg 300w, https:\/\/museidartemendrisiotto.ch\/wp-content\/uploads\/2026\/03\/CPT048-768x354.jpg 768w, https:\/\/museidartemendrisiotto.ch\/wp-content\/uploads\/2026\/03\/CPT048-350x161.jpg 350w\" sizes=\"(max-width: 900px) 100vw, 900px\" \/><\/span><h5>ARTE DAL XIV AL XIX SECOLO NELLE COLLEZIONI PUBBLICHE TICINESI. Uno sguardo d&rsquo;insieme <\/h5><\/a><div class=\"event_data event_date \" itemscope itemtype=\"http:\/\/microformats.org\/profile\/hcard\">\n\t\t\t\t\t\t<div class=\"event_date\" data-start=\"dimanche 22 mars 2026\" data-end=\"dimanche 23 ao\u00fbt 2026\"> <span class=\"linking_word linking_word-from\">de<\/span> <time class=\"date date-start\" itemprop=\"dtstart\" datetime=\"2026-03-22T00:00:00+00:00\">22.03.2026<\/time> <span class=\"linking_word linking_word-to\">\u00e0<\/span> <time class=\"date date-to\" itemprop=\"dtend\" datetime=\"2026-08-23T00:00:00+00:00\">23.08.2026<\/time>\n\t\t\t\t\t\t<\/div><!-- .event_date --><span class=\"eventpost-status\">Planifi\u00e9<\/span>\n\t\t\t\t\t\t\t<span class=\"eventpost-date-export\">\n\t\t\t\t\t\t\t\t<a href=\"https:\/\/museidartemendrisiotto.ch\/eventpost\/10116.ics\" class=\"event_link event-export ics\" target=\"_blank\" title=\"T\u00e9l\u00e9charger au format ICS\">ical<\/a>\n\t\t\t\t\t\t\t\t<a href=\"https:\/\/www.google.com\/calendar\/event?action=TEMPLATE&#038;trp=false&#038;sprop=name&#038;text=ARTE+DAL+XIV+AL+XIX+SECOLO+NELLE+COLLEZIONI+PUBBLICHE+TICINESI.+Uno+sguardo+d%27insieme&#038;dates=20260322%2F20260823&#038;location&#038;details=Mostra+a+cura+di+Elio+Schenini.%0D%0A%0D%0AAmpliando+l%E2%80%99orizzonte+oltre+i+confini+preziosi+ma+ristretti+della+propria+collezione%2C+la+Pinacoteca+cantonale+Giovanni+Z%C3%BCst+presenta+un%E2%80%99esposizione+che+riunisce+alcune+delle+opere+pi%C3%B9+significative+risalenti+al+periodo+compreso+tra+il+tardo+Medioevo+e+la+seconda+met%C3%A0+dell%E2%80%99Ottocento+conservate+nelle+raccolte+pubbliche+ticinesi.%0D%0ALa+mostra%2C+in+cui+le+opere+della+Pinacoteca+sono+integrate+con+prestiti+provenienti+da+altre+istituzioni%2C+permette+di+avere+uno+sguardo+d%E2%80%99insieme+su+di+un+patrimonio+storico-artistico+abitualmente+dislocato+in+luoghi+diversi+e+non+sempre+accessibile+al+pubblico.%0D%0ANel+quadro+unitario+di+un+allestimento+museografico+in+cui+l%E2%80%99ordinamento+cronologico+si+articola+attraverso+raggruppamenti+tematici+e+di+genere%2C+il+visitatore+ha+l%E2%80%99opportunit%C3%A0+di+ammirare+dipinti+e+sculture+conservati+oltre+che+presso+la+Pinacoteca+Z%C3%BCst%2C+presso+il+Museo+d%E2%80%99arte+della+Svizzera+italiana%2C+l%E2%80%99Archivio+di+Stato%2C+il+Museo+di+Casa+Rusca%2C+il+Museo+Vela%2C+il+Museo+d%E2%80%99arte+di+Mendrisio%2C+il+Museo+di+Villa+dei+Cedri%2C+il+Museo+storico+etnografico+della+Valle+di+Blenio+e+in+alcuni+edifici+ecclesiastici.%0D%0A%0D%0AGrazie+alla+possibilit%C3%A0+di+istituire+proficui+confronti+tra+testimonianze+artistiche+spesso+di+grande+valore%2C+il+percorso+espositivo+d%C3%A0+conto+della+ricchezza+di+questo+patrimonio+e+al+contempo+tratteggia+per+sommi+capi+una+storia+dell%E2%80%99arte+ticinese+durante+i+secoli+presi+in+esame%2C+evidenziandone+i+protagonisti+e+gli+snodi+principali.+Una+storia+che+si+contraddistingue+oltre+che+per+la+cospicua+e+prolungata+emigrazione+delle+maestranze+artistiche+anche+per+lo+strettissimo+rapporto+che+lega+il+Ticino+all%E2%80%99area+lombarda+e+pi%C3%B9+in+generale+italiana.+L%E2%80%99esposizione%2C+che+non+include+solo+artisti+ticinesi%2C+documenta+inoltre+le+impostazioni+storiografiche+e+le+scelte+di+gusto+che+hanno+caratterizzato+dalla+seconda+met%C3%A0+dell%E2%80%99Ottocento+la+nascita+e+lo+sviluppo%2C+non+sempre+organico+e+coerente%2C+delle+collezioni+pubbliche+nella+Svizzera+italiana.%0D%0A%0D%0ATra+il+centinaio+di+opere+esposte%2C+oltre+ad+alcuni+capolavori+dei+due+principali+esponenti+della+pittura+seicentesca+ticinese%2C+Giovanni+Serodine+e+Pier+Francesco+Mola%2C+figurano+dipinti+e+sculture+di+Bernardino+Luini%2C+Tommaso+Rodari%2C+Domenico+Fetti%2C+Joos+de+Momper%2C+Giuseppe+Antonio+Petrini%2C+Angelika+Kauffmann%2C+Carlo+Bossoli%2C+Vincenzo+Vela+e+Antonio+Ciseri.%0D%0A%0D%0AIn+occasione+della+mostra%2C+la+Pinacoteca+ospita+inoltre+per+la+prima+volta+un%E2%80%99importante+opera+del+Maestro+della+tela+jeans+entrata+recentemente+a+far+parte+della+collezione+grazie+al+generoso+contributo+della+Fondazione+Dr.+Joseph+Scholz.%0D%0A%0D%0AInaugurazione%0D%0ASabato+21+marzo+2026%2C+17.00%0D%0A%0D%0APeriodo+espositivo%0D%0A22.03.2026+-+23.08.2026%0D%0AOrari%0D%0Amarted%C3%AC%E2%80%93venerd%C3%AC%0D%0A10.00%E2%80%9312.00+%2F+14.00%E2%80%9317.00%0D%0Asabato%2C+domenica+e+festivi%0D%0A10.00%E2%80%9312.00+%2F14.00%E2%80%9318.00%0D%0AChiuso+il+luned%C3%AC.%0D%0A%0D%0AEntrata%0D%0Aintero%3A+CHF+10.-%0D%0Aridotto%3A+CHF+8.-%0D%0Ascuole%2C+ragazzi+fino+a+16+anni%3A+Gratuito%0D%0A%0D%0AMAGGIORI+INFO%0D%0A+Joos+de+Momper%2C+Paesaggio+con+viandanti%2C+ca.+1600-1630+%28dettaglio%29%0D%0ACantone+Ticino%2C+Fondazione+Monte+Verit%C3%A0%2C+Donazione+Eduard+von+der+Heydt%0A%0Ahttps%3A%2F%2Fmuseidartemendrisiotto.ch%2Ffr%2Fcollezioni-pubbliche-ticinesi%2F&#038;gmt=%2B02&#038;ctz=Europe\/Rome\" class=\"event_link event-export gcal\" target=\"_blank\" title=\"Ajouter \u00e0 Google agenda\">Google<\/a>\n\t\t\t\t\t\t\t\t<a href=\"https:\/\/museidartemendrisiotto.ch\/eventpost\/10116.vcs\" class=\"event_link event-export vcs\" target=\"_blank\" title=\"Ajouter \u00e0 Outlook\">outlook<\/a>\n\t\t\t\t\t\t\t\t<i class=\"dashicons-before dashicons-calendar\"><\/i>\n\t\t\t\t\t\t\t<\/span>\n\t\t\t\t\t<\/div><!-- .event_date --><div class=\"event_data event_category \" itemscope itemtype=\"http:\/\/microformats.org\/profile\/hcard\">\n\t\t\t\t\t\t<span class=\"event_categories\">\t\t\t\t\t<span  class=\"event-term event_term_category\">Pinacoteca Z\u00fcst <\/span><\/span>\n\t\t\t\t\t<\/div><!-- .event_category --><div class=\"event_data event_location \" itemscope itemtype=\"http:\/\/microformats.org\/profile\/hcard\">\n\t\t\n\t\t\t\t\t<\/div><!-- .event_location --><span class=\"event_exerpt\">Mostra a cura di Elio Schenini.\r\n\r\nAmpliando l\u2019orizzonte oltre i confini preziosi ma ristretti della propria collezione, la Pinacoteca cantonale Giovanni Z\u00fcst presenta un\u2019esposizione che riunisce alcune delle opere pi\u00f9 significative risalenti al periodo compreso tra il tardo Medioevo e la seconda met\u00e0 dell\u2019Ottocento conservate nelle raccolte pubbliche ticinesi.\r\nLa mostra, in cui le opere della Pinacoteca sono integrate con prestiti provenienti da altre istituzioni, permette di avere uno sguardo d\u2019insieme su di un patrimonio storico-artistico abitualmente dislocato in luoghi diversi e non sempre accessibile al pubblico.\r\nNel quadro unitario di un allestimento museografico in cui l\u2019ordinamento cronologico si articola attraverso raggruppamenti tematici e di genere, il visitatore ha l\u2019opportunit\u00e0 di ammirare dipinti e sculture conservati oltre che presso la Pinacoteca Z\u00fcst, presso il Museo d\u2019arte della Svizzera italiana, l\u2019Archivio di Stato, il Museo di Casa Rusca, il Museo Vela, il Museo d\u2019arte di Mendrisio, il Museo di Villa dei Cedri, il Museo storico etnografico della Valle di Blenio e in alcuni edifici ecclesiastici.\r\n\r\nGrazie alla possibilit\u00e0 di istituire proficui confronti tra testimonianze artistiche spesso di grande valore, il percorso espositivo d\u00e0 conto della ricchezza di questo patrimonio e al contempo tratteggia per sommi capi una storia dell\u2019arte ticinese durante i secoli presi in esame, evidenziandone i protagonisti e gli snodi principali. Una storia che si contraddistingue oltre che per la cospicua e prolungata emigrazione delle maestranze artistiche anche per lo strettissimo rapporto che lega il Ticino all\u2019area lombarda e pi\u00f9 in generale italiana. L\u2019esposizione, che non include solo artisti ticinesi, documenta inoltre le impostazioni storiografiche e le scelte di gusto che hanno caratterizzato dalla seconda met\u00e0 dell\u2019Ottocento la nascita e lo sviluppo, non sempre organico e coerente, delle collezioni pubbliche nella Svizzera italiana.\r\n\r\nTra il centinaio di opere esposte, oltre ad alcuni capolavori dei due principali esponenti della pittura seicentesca ticinese, Giovanni Serodine e Pier Francesco Mola, figurano dipinti e sculture di Bernardino Luini, Tommaso Rodari, Domenico Fetti, Joos de Momper, Giuseppe Antonio Petrini, Angelika Kauffmann, Carlo Bossoli, Vincenzo Vela e Antonio Ciseri.\r\n\r\nIn occasione della mostra, la Pinacoteca ospita inoltre per la prima volta un\u2019importante opera del Maestro della tela jeans entrata recentemente a far parte della collezione grazie al generoso contributo della Fondazione Dr. Joseph Scholz.\r\n\r\nInaugurazione\r\nSabato 21 marzo 2026, 17.00\r\n\r\nPeriodo espositivo\r\n22.03.2026 &#8211; 23.08.2026\r\nOrari\r\nmarted\u00ec\u2013venerd\u00ec\r\n10.00\u201312.00 \/ 14.00\u201317.00\r\nsabato, domenica e festivi\r\n10.00\u201312.00 \/14.00\u201318.00\r\nChiuso il luned\u00ec.\r\n\r\nEntrata\r\nintero: CHF 10.-\r\nridotto: CHF 8.-\r\nscuole, ragazzi fino a 16 anni: Gratuito\r\n\r\nMAGGIORI INFO\r\n Joos de Momper, Paesaggio con viandanti, ca. 1600-1630 (dettaglio)\r\nCantone Ticino, Fondazione Monte Verit\u00e0, Donazione Eduard von der Heydt<\/span><\/div><!-- .event_item --><div class=\"event_item event_future status-EventScheduled location-type-OfflineEventAttendanceMode translation_priority-Facultatif category-m.a.x. museo post_tag-mostre\" data-color=\"000000\" style=\"\"><a href=\"https:\/\/museidartemendrisiotto.ch\/fr\/max-bill\/\"><span class=\"event_thumbnail_wrap\"><img loading=\"lazy\" decoding=\"async\" width=\"1024\" height=\"472\" src=\"https:\/\/museidartemendrisiotto.ch\/wp-content\/uploads\/2025\/11\/2026-03-04_Copertina-Max-Bill_big-copia-1024x472.jpg\" class=\"attachment-thumbnail wp-post-image event_thumbnail wp-post-image\" alt=\"\" srcset=\"https:\/\/museidartemendrisiotto.ch\/wp-content\/uploads\/2025\/11\/2026-03-04_Copertina-Max-Bill_big-copia-1024x472.jpg 1024w, https:\/\/museidartemendrisiotto.ch\/wp-content\/uploads\/2025\/11\/2026-03-04_Copertina-Max-Bill_big-copia-300x138.jpg 300w, https:\/\/museidartemendrisiotto.ch\/wp-content\/uploads\/2025\/11\/2026-03-04_Copertina-Max-Bill_big-copia-768x354.jpg 768w, https:\/\/museidartemendrisiotto.ch\/wp-content\/uploads\/2025\/11\/2026-03-04_Copertina-Max-Bill_big-copia-1536x708.jpg 1536w, https:\/\/museidartemendrisiotto.ch\/wp-content\/uploads\/2025\/11\/2026-03-04_Copertina-Max-Bill_big-copia-2048x944.jpg 2048w, https:\/\/museidartemendrisiotto.ch\/wp-content\/uploads\/2025\/11\/2026-03-04_Copertina-Max-Bill_big-copia-350x161.jpg 350w\" sizes=\"(max-width: 1024px) 100vw, 1024px\" \/><\/span><h5>max bill (1908-1994): la grammatica della bellezza <\/h5><\/a><div class=\"event_data event_date \" itemscope itemtype=\"http:\/\/microformats.org\/profile\/hcard\">\n\t\t\t\t\t\t<div class=\"event_date\" data-start=\"dimanche 29 mars 2026\" data-end=\"dimanche 12 juillet 2026\"> <span class=\"linking_word linking_word-from\">de<\/span> <time class=\"date date-start\" itemprop=\"dtstart\" datetime=\"2026-03-29T00:00:00+00:00\">29.03.2026<\/time> <span class=\"linking_word linking_word-to\">\u00e0<\/span> <time class=\"date date-to\" itemprop=\"dtend\" datetime=\"2026-07-12T00:00:00+00:00\">12.07.2026<\/time>\n\t\t\t\t\t\t<\/div><!-- .event_date --><span class=\"eventpost-status\">Planifi\u00e9<\/span>\n\t\t\t\t\t\t\t<span class=\"eventpost-date-export\">\n\t\t\t\t\t\t\t\t<a href=\"https:\/\/museidartemendrisiotto.ch\/eventpost\/9376.ics\" class=\"event_link event-export ics\" target=\"_blank\" title=\"T\u00e9l\u00e9charger au format ICS\">ical<\/a>\n\t\t\t\t\t\t\t\t<a href=\"https:\/\/www.google.com\/calendar\/event?action=TEMPLATE&#038;trp=false&#038;sprop=name&#038;text=max+bill+%281908-1994%29%3A+la+grammatica+della+bellezza&#038;dates=20260329%2F20260712&#038;location&#038;details=Mostra+a+cura+di+Karin+Gimmi+e+Nicoletta+Ossanna+Cavadini.%0D%0AL%E2%80%99esposizione+si+inserisce+nel+filone+che+il+m.a.x.+museo+dedica+ciclicamente+ai+%E2%80%9Cmaestri+del+XX+secolo%E2%80%9D+ed+%C3%A8+collegata+al+tema+guida+dell%E2%80%99anno+del+Centro+Culturale+Chiasso%2C+la+pulchritudo.+Questo+concetto+%C3%A8+interpretato+da+Max+Bill+attraverso+un+incessante+lavoro+di+ricerca+quale+espressione+massima+di+armonia%2C+sintesi%2C+unit%C3%A0%2C+spazio+e+logica.+Architetto%2C+anche+se+pi%C3%B9+noto+come+pittore%2C+scultore%2C+designer+e+grafico%2C+Max+Bill+frequenta+il+Bauhaus+dal+1927+al+1928%2C+e+da+questa+esperienza+trae+i+principi+fondanti+per+esprimere+un%E2%80%99arte+razionale%2C+oggettiva+e+non+figurativa%2C+costituendo+con+le+sue+relazioni+personali+un+forte+asse+fra+Zurigo+e+Milano+che+contribuir%C3%A0+a+divulgare+l%E2%80%99innovativo+fenomeno+della+konkrete+kunst+o+arte+concreta.+L%E2%80%99attivit%C3%A0+artistica%2C+il+pensiero+teorico+e+l%E2%80%99insegnamento+sono+aspetti+di+un+unico+metodo+adottato+da+Max+Bill+e+riconosciuto+dalla+critica+come+concetto+%E2%80%9Cd%E2%80%99artista+universale%E2%80%9D.%0D%0ALa+mostra+al+m.a.x.+museo+vuole+porre+l%E2%80%99accento+sulla+centralit%C3%A0+della+figura+di+Max+Bill+come+protagonista+della+cultura+del+Moderno%2C+con+particolare+riferimento+alle+relazioni+fra+Zurigo%2C+il+Canton+Ticino+e+l%E2%80%99Italia.%0D%0A%0D%0AIn+mostra+sono+esposte+oltre+150+sue+opere+pittoriche%2C+scultoree%2C+grafiche+e+di+design+secondo+un+criterio+tematico-cronologico%2C+avendo+sempre+come+fil+rouge+il+forte+rapporto+che+Max+Bill+tenne+con+l%E2%80%99Italia+e+il+Cantone+Ticino.+Fondamentale+%C3%A8+il+prestito+della+collezione+di+Jakob+e+Chantal+Bill+e+della+%E2%80%9Cmax%2C+binia+%2B+jakob+bill+stiftung%E2%80%9D.+Vi+sono+opere+significative+anche+provenienti+da+musei+svizzeri+%E2%80%93+Fotostiftung+Schweiz+di+Winterthur%2C+Museum+f%C3%BCr+Gestaltung+Z%C3%BCrich%2C+gta+Archiv+ETH+Z%C3%BCrich%2C+Kunst+Museum+Winterthur%2C+MASI+Lugano%2C+Biblioteca+Accademia+di+architettura+USI%2C+Mendrisio%2C+Biblioteca+cantonale%2C+Lugano+%E2%80%93+oltre+a+importanti+collezioni+private%2C+fra+cui+si+ricordano+la+collezione+Lorenzelli+Arte%2C+Milano%2C+e+Collezione+WB+form%2C+Z%C3%BCrich.%0D%0A%0D%0AInaugurazione%0D%0Asabato+28+marzo+2026%2C+ore+17.30%0D%0A%0D%0APeriodo+espositivo%0D%0A29.03.2026+-+12.07.2026%0D%0A%0D%0AOrari%C2%A0%0D%0Amarted%C3%AC+%E2%88%92+venerd%C3%AC%0D%0A10.00+%E2%88%92+12.00+%2F+14.00+%E2%88%92+18.00%0D%0Asabato+-+domenica%0D%0A10.30+-+18.00%0D%0A%0D%0AAperture+speciali%0D%0Adomenica+5+aprile%2C+Pasqua%0D%0Aluned%C3%AC+6+aprile%2C+Pasquetta%0D%0Avenerd%C3%AC+1+maggio%2C+Festa+del+lavoro%0D%0Agioved%C3%AC+14+maggio%2C+Ascensione%0D%0Aluned%C3%AC+25+maggio%2C+Luned%C3%AC+di+Pentecoste%0D%0Agioved%C3%AC+4+giugno%2C+Corpus+Domini%0D%0Aluned%C3%AC+29+giugno%2C+SS.+Pietro+e+Paolo%0D%0A%0D%0AChiusure+speciali%0D%0Avenerd%C3%AC+3+aprile%0D%0Asabato+4+aprile%0D%0A%0D%0AChiuso+il+luned%C3%AC.%0D%0A%0D%0AIngresso+gratuito+ogni+prima+domenica+del+mese.%0D%0A%0D%0AMAGGIORI+INFO%0D%0A%0D%0A%F0%9F%93%B7+max+bill%2C+feld+aus+sechs+sich+durchdringenden+farben%2C+1966-67%2C+olio+su+tela%0D%0Acollezione+chantal+%2B+jakob+bill%0D%0A%0D%0A+%0A%0Ahttps%3A%2F%2Fmuseidartemendrisiotto.ch%2Ffr%2Fmax-bill%2F&#038;gmt=%2B02&#038;ctz=Europe\/Rome\" class=\"event_link event-export gcal\" target=\"_blank\" title=\"Ajouter \u00e0 Google agenda\">Google<\/a>\n\t\t\t\t\t\t\t\t<a href=\"https:\/\/museidartemendrisiotto.ch\/eventpost\/9376.vcs\" class=\"event_link event-export vcs\" target=\"_blank\" title=\"Ajouter \u00e0 Outlook\">outlook<\/a>\n\t\t\t\t\t\t\t\t<i class=\"dashicons-before dashicons-calendar\"><\/i>\n\t\t\t\t\t\t\t<\/span>\n\t\t\t\t\t<\/div><!-- .event_date --><div class=\"event_data event_category \" itemscope itemtype=\"http:\/\/microformats.org\/profile\/hcard\">\n\t\t\t\t\t\t<span class=\"event_categories\">\t\t\t\t\t<span  class=\"event-term event_term_category\">m.a.x. museo <\/span><\/span>\n\t\t\t\t\t<\/div><!-- .event_category --><div class=\"event_data event_location \" itemscope itemtype=\"http:\/\/microformats.org\/profile\/hcard\">\n\t\t\n\t\t\t\t\t<\/div><!-- .event_location --><span class=\"event_exerpt\">Mostra a cura di Karin Gimmi e Nicoletta Ossanna Cavadini.\r\nL\u2019esposizione si inserisce nel filone che il m.a.x. museo dedica ciclicamente ai \u201cmaestri del XX secolo\u201d ed \u00e8 collegata al tema guida dell\u2019anno del Centro Culturale Chiasso, la pulchritudo. Questo concetto \u00e8 interpretato da Max Bill attraverso un incessante lavoro di ricerca quale espressione massima di armonia, sintesi, unit\u00e0, spazio e logica. Architetto, anche se pi\u00f9 noto come pittore, scultore, designer e grafico, Max Bill frequenta il Bauhaus dal 1927 al 1928, e da questa esperienza trae i principi fondanti per esprimere un\u2019arte razionale, oggettiva e non figurativa, costituendo con le sue relazioni personali un forte asse fra Zurigo e Milano che contribuir\u00e0 a divulgare l\u2019innovativo fenomeno della konkrete kunst o arte concreta. L\u2019attivit\u00e0 artistica, il pensiero teorico e l\u2019insegnamento sono aspetti di un unico metodo adottato da Max Bill e riconosciuto dalla critica come concetto \u201cd\u2019artista universale\u201d.\r\nLa mostra al m.a.x. museo vuole porre l\u2019accento sulla centralit\u00e0 della figura di Max Bill come protagonista della cultura del Moderno, con particolare riferimento alle relazioni fra Zurigo, il Canton Ticino e l\u2019Italia.\r\n\r\nIn mostra sono esposte oltre 150 sue opere pittoriche, scultoree, grafiche e di design secondo un criterio tematico-cronologico, avendo sempre come fil rouge il forte rapporto che Max Bill tenne con l\u2019Italia e il Cantone Ticino. Fondamentale \u00e8 il prestito della collezione di Jakob e Chantal Bill e della \u201cmax, binia + jakob bill stiftung\u201d. Vi sono opere significative anche provenienti da musei svizzeri \u2013 Fotostiftung Schweiz di Winterthur, Museum f\u00fcr Gestaltung Z\u00fcrich, gta Archiv ETH Z\u00fcrich, Kunst Museum Winterthur, MASI Lugano, Biblioteca Accademia di architettura USI, Mendrisio, Biblioteca cantonale, Lugano \u2013 oltre a importanti collezioni private, fra cui si ricordano la collezione Lorenzelli Arte, Milano, e Collezione WB form, Z\u00fcrich.\r\n\r\nInaugurazione\r\nsabato 28 marzo 2026, ore 17.30\r\n\r\nPeriodo espositivo\r\n29.03.2026 &#8211; 12.07.2026\r\n\r\nOrari\u00a0\r\nmarted\u00ec \u2212 venerd\u00ec\r\n10.00 \u2212 12.00 \/ 14.00 \u2212 18.00\r\nsabato &#8211; domenica\r\n10.30 &#8211; 18.00\r\n\r\nAperture speciali\r\ndomenica 5 aprile, Pasqua\r\nluned\u00ec 6 aprile, Pasquetta\r\nvenerd\u00ec 1 maggio, Festa del lavoro\r\ngioved\u00ec 14 maggio, Ascensione\r\nluned\u00ec 25 maggio, Luned\u00ec di Pentecoste\r\ngioved\u00ec 4 giugno, Corpus Domini\r\nluned\u00ec 29 giugno, SS. Pietro e Paolo\r\n\r\nChiusure speciali\r\nvenerd\u00ec 3 aprile\r\nsabato 4 aprile\r\n\r\nChiuso il luned\u00ec.\r\n\r\nIngresso gratuito ogni prima domenica del mese.\r\n\r\nMAGGIORI INFO\r\n\r\n\ud83d\udcf7 max bill, feld aus sechs sich durchdringenden farben, 1966-67, olio su tela\r\ncollezione chantal + jakob bill\r\n\r\n <\/span><\/div><!-- .event_item --><div class=\"event_item event_future status-EventScheduled location-type-OfflineEventAttendanceMode category-Museo Vincenzo Vela translation_priority-Facultatif post_tag-mostre\" data-color=\"000000\" style=\"\"><a href=\"https:\/\/museidartemendrisiotto.ch\/fr\/bertille-bak\/\"><span class=\"event_thumbnail_wrap\"><img loading=\"lazy\" decoding=\"async\" width=\"900\" height=\"415\" src=\"https:\/\/museidartemendrisiotto.ch\/wp-content\/uploads\/2026\/04\/Bertille-Bak_Nature-morte.jpg\" class=\"attachment-thumbnail wp-post-image event_thumbnail wp-post-image\" alt=\"\" srcset=\"https:\/\/museidartemendrisiotto.ch\/wp-content\/uploads\/2026\/04\/Bertille-Bak_Nature-morte.jpg 900w, https:\/\/museidartemendrisiotto.ch\/wp-content\/uploads\/2026\/04\/Bertille-Bak_Nature-morte-300x138.jpg 300w, https:\/\/museidartemendrisiotto.ch\/wp-content\/uploads\/2026\/04\/Bertille-Bak_Nature-morte-768x354.jpg 768w, https:\/\/museidartemendrisiotto.ch\/wp-content\/uploads\/2026\/04\/Bertille-Bak_Nature-morte-350x161.jpg 350w\" sizes=\"(max-width: 900px) 100vw, 900px\" \/><\/span><h5>BERTILLE BAK. Voci dalla terra <\/h5><\/a><div class=\"event_data event_date \" itemscope itemtype=\"http:\/\/microformats.org\/profile\/hcard\">\n\t\t\t\t\t\t<div class=\"event_date\" data-start=\"dimanche 26 avril 2026\" data-end=\"dimanche 10 janvier 2027\"> <span class=\"linking_word linking_word-from\">de<\/span> <time class=\"date date-start\" itemprop=\"dtstart\" datetime=\"2026-04-26T00:00:00+00:00\">26.04.2026<\/time> <span class=\"linking_word linking_word-to\">\u00e0<\/span> <time class=\"date date-to\" itemprop=\"dtend\" datetime=\"2027-01-10T00:00:00+00:00\">10.01.2027<\/time>\n\t\t\t\t\t\t<\/div><!-- .event_date --><span class=\"eventpost-status\">Planifi\u00e9<\/span>\n\t\t\t\t\t\t\t<span class=\"eventpost-date-export\">\n\t\t\t\t\t\t\t\t<a href=\"https:\/\/museidartemendrisiotto.ch\/eventpost\/10260.ics\" class=\"event_link event-export ics\" target=\"_blank\" title=\"T\u00e9l\u00e9charger au format ICS\">ical<\/a>\n\t\t\t\t\t\t\t\t<a href=\"https:\/\/www.google.com\/calendar\/event?action=TEMPLATE&#038;trp=false&#038;sprop=name&#038;text=BERTILLE+BAK.+Voci+dalla+terra&#038;dates=20260426%2F20270110&#038;location&#038;details=A+cura+di+Antonia+Nessi%2C+in+collaborazione+con+Anita+Guglielmetti.%0D%0A%0D%0ACon+questa+proposta+espositiva+%E2%80%93+che+costituisce+la+prima+personale+di+Bertille+Bak+in+un%E2%80%99istituzione+museale+svizzera+%E2%80%93+il+Museo+Vincenzo+Vela+conferma+il+proprio+sostegno+e+interesse+verso+l%E2%80%99arte+contemporanea+nelle+sue+molteplici+espressioni.+Allestita+in+collaborazione+con+l%E2%80%99artista%2C+la+mostra+prende+avvio+al+pianterreno+di+Villa+Vela+per+poi+svilupparsi+nelle+sale+al+primo+piano%2C+intessendo+un+coinvolgente+dialogo+con+la+collezione+permanente+e+in+particolare+con+Le+vittime+del+lavoro+%281882%E2%80%9383%29%2C+capolavoro+della+maturit%C3%A0+artistica+di+Vincenzo+Vela.%0D%0ABertille+Bak+pone+al+centro+della+sua+ricerca+l%E2%80%99essere+umano%2C+l%E2%80%99importanza+dell%E2%80%99incontro+e+la+questione+del+lavoro.+Guidata+nella+sua+pratica+artistica+da+un+sentimento+di+consapevolezza+e+al+tempo+stesso+di+empatia%2C+instaura+scambi+con+specifiche+comunit%C3%A0%2C+dimenticate+e+marginalizzate%2C+delle+quali+condivide+la+quotidianit%C3%A0.+Mediante+il+loro+coinvolgimento+diretto%2C+senza+un+copione+prestabilito%2C+immagina+una+narrazione+alternativa+utilizzando+media+quali+il+video%2C+il+disegno+o+l%E2%80%99installazione.%0D%0AAl+di+l%C3%A0+dei+clich%C3%A9%2C+evitando+ogni+atteggiamento+pietistico%2C+l%E2%80%99artista+mostra+da+una+prospettiva+nuova+realt%C3%A0+complesse%2C+offrendo+alle+persone+coinvolte+la+possibilit%C3%A0+di+raccontarsi+in+modo+talvolta+sovversivo+o+persino+autoironico.%0D%0AAl+confine+tra+documentario+sociologico+e+finzione%2C+realismo+e+burlesco%2C+crea+una+%E2%80%9Cfabbrica+di+storie%E2%80%9D+che+reinventano+il+quotidiano+e+offrono+una+forma+di+resistenza+poetica+di+fronte+alla+durezza+della+realt%C3%A0.+Nelle+sale+del+Museo%2C+le+sue+opere+conferiscono+alle+Vittime+del+lavoro+di+Vela+una+lettura+nuova%2C+estendendo+il+significato+del+monumento+alla+realt%C3%A0+contemporanea+e+alla+questione+del+lavoro+in+senso+globale+e+universale.%0D%0A%0D%0AInaugurazione%0D%0ASabato+25+aprile+2026%2C+17.00%0D%0A%0D%0APeriodo+espositivo%0D%0A26.04.2026+-+10.01.2027%0D%0A%0D%0AOrari%0D%0Amarted%C3%AC+%E2%80%93+venerd%C3%AC%0D%0A10.00-17.00%0D%0Asabato+%E2%80%93+domenica%0D%0A10.00-18.00%0D%0A%0D%0AChiuso+il+luned%C3%AC.%0D%0A%0D%0AAperture+speciali%0D%0A1%C2%B0+maggio%0D%0A14+maggio%2C+Ascensione%0D%0A25+maggio%2C+Corpus+Domini%0D%0A1%C2%B0%2C+15+agosto%0D%0A1%C2%B0+novembre%0D%0A8%2C+26+dicembre%0D%0A6+gennaio%0D%0A%0D%0AChiusure+speciali%0D%0A24%2C+25%2C+31+dicembre%0D%0A1%C2%B0+gennaio%0D%0A%0D%0AEntrata%0D%0Aintero%3A+CHF+10.-%0D%0Aridotto%3A+CHF+8.-%0D%0AEntrata+gratuita+tutti+i+mercoled%C3%AC.%0D%0A%0D%0AMAGGIORI+INFO%0D%0A%0D%0A%F0%9F%93%B7+Bertille+Bak%2C+Nature+morte%2C+2023%2C+video+FHD%2C+21%27+%28videostill%29%0D%0A%C2%A9+2026%2C+Prolitteris%2C+Zurich%0A%0Ahttps%3A%2F%2Fmuseidartemendrisiotto.ch%2Ffr%2Fbertille-bak%2F&#038;gmt=%2B02&#038;ctz=Europe\/Rome\" class=\"event_link event-export gcal\" target=\"_blank\" title=\"Ajouter \u00e0 Google agenda\">Google<\/a>\n\t\t\t\t\t\t\t\t<a href=\"https:\/\/museidartemendrisiotto.ch\/eventpost\/10260.vcs\" class=\"event_link event-export vcs\" target=\"_blank\" title=\"Ajouter \u00e0 Outlook\">outlook<\/a>\n\t\t\t\t\t\t\t\t<i class=\"dashicons-before dashicons-calendar\"><\/i>\n\t\t\t\t\t\t\t<\/span>\n\t\t\t\t\t<\/div><!-- .event_date --><div class=\"event_data event_category \" itemscope itemtype=\"http:\/\/microformats.org\/profile\/hcard\">\n\t\t\t\t\t\t<span class=\"event_categories\">\t\t\t\t\t<span  class=\"event-term event_term_category\">Museo Vincenzo Vela <\/span><\/span>\n\t\t\t\t\t<\/div><!-- .event_category --><div class=\"event_data event_location \" itemscope itemtype=\"http:\/\/microformats.org\/profile\/hcard\">\n\t\t\n\t\t\t\t\t<\/div><!-- .event_location --><span class=\"event_exerpt\">A cura di Antonia Nessi, in collaborazione con Anita Guglielmetti.\r\n\r\nCon questa proposta espositiva \u2013 che costituisce la prima personale di Bertille Bak in un\u2019istituzione museale svizzera \u2013 il Museo Vincenzo Vela conferma il proprio sostegno e interesse verso l\u2019arte contemporanea nelle sue molteplici espressioni. Allestita in collaborazione con l\u2019artista, la mostra prende avvio al pianterreno di Villa Vela per poi svilupparsi nelle sale al primo piano, intessendo un coinvolgente dialogo con la collezione permanente e in particolare con Le vittime del lavoro (1882\u201383), capolavoro della maturit\u00e0 artistica di Vincenzo Vela.\r\nBertille Bak pone al centro della sua ricerca l\u2019essere umano, l\u2019importanza dell\u2019incontro e la questione del lavoro. Guidata nella sua pratica artistica da un sentimento di consapevolezza e al tempo stesso di empatia, instaura scambi con specifiche comunit\u00e0, dimenticate e marginalizzate, delle quali condivide la quotidianit\u00e0. Mediante il loro coinvolgimento diretto, senza un copione prestabilito, immagina una narrazione alternativa utilizzando media quali il video, il disegno o l\u2019installazione.\r\nAl di l\u00e0 dei clich\u00e9, evitando ogni atteggiamento pietistico, l\u2019artista mostra da una prospettiva nuova realt\u00e0 complesse, offrendo alle persone coinvolte la possibilit\u00e0 di raccontarsi in modo talvolta sovversivo o persino autoironico.\r\nAl confine tra documentario sociologico e finzione, realismo e burlesco, crea una \u201cfabbrica di storie\u201d che reinventano il quotidiano e offrono una forma di resistenza poetica di fronte alla durezza della realt\u00e0. Nelle sale del Museo, le sue opere conferiscono alle Vittime del lavoro di Vela una lettura nuova, estendendo il significato del monumento alla realt\u00e0 contemporanea e alla questione del lavoro in senso globale e universale.\r\n\r\nInaugurazione\r\nSabato 25 aprile 2026, 17.00\r\n\r\nPeriodo espositivo\r\n26.04.2026 &#8211; 10.01.2027\r\n\r\nOrari\r\nmarted\u00ec \u2013 venerd\u00ec\r\n10.00-17.00\r\nsabato \u2013 domenica\r\n10.00-18.00\r\n\r\nChiuso il luned\u00ec.\r\n\r\nAperture speciali\r\n1\u00b0 maggio\r\n14 maggio, Ascensione\r\n25 maggio, Corpus Domini\r\n1\u00b0, 15 agosto\r\n1\u00b0 novembre\r\n8, 26 dicembre\r\n6 gennaio\r\n\r\nChiusure speciali\r\n24, 25, 31 dicembre\r\n1\u00b0 gennaio\r\n\r\nEntrata\r\nintero: CHF 10.-\r\nridotto: CHF 8.-\r\nEntrata gratuita tutti i mercoled\u00ec.\r\n\r\nMAGGIORI INFO\r\n\r\n\ud83d\udcf7 Bertille Bak, Nature morte, 2023, video FHD, 21&prime; (videostill)\r\n\u00a9 2026, Prolitteris, Zurich<\/span><\/div><!-- .event_item --><div class=\"event_item event_future status-EventScheduled location-type-OfflineEventAttendanceMode translation_priority-Facultatif category-Teatro dell\u2019architettura post_tag-mostre\" data-color=\"000000\" style=\"\"><a href=\"https:\/\/museidartemendrisiotto.ch\/fr\/architettura-ticino-1939-1996\/\"><span class=\"event_thumbnail_wrap\"><img loading=\"lazy\" decoding=\"async\" width=\"900\" height=\"415\" src=\"https:\/\/museidartemendrisiotto.ch\/wp-content\/uploads\/2026\/03\/12_M.Pauli_._I-Grappoli.jpg\" class=\"attachment-thumbnail wp-post-image event_thumbnail wp-post-image\" alt=\"\" srcset=\"https:\/\/museidartemendrisiotto.ch\/wp-content\/uploads\/2026\/03\/12_M.Pauli_._I-Grappoli.jpg 900w, https:\/\/museidartemendrisiotto.ch\/wp-content\/uploads\/2026\/03\/12_M.Pauli_._I-Grappoli-300x138.jpg 300w, https:\/\/museidartemendrisiotto.ch\/wp-content\/uploads\/2026\/03\/12_M.Pauli_._I-Grappoli-768x354.jpg 768w, https:\/\/museidartemendrisiotto.ch\/wp-content\/uploads\/2026\/03\/12_M.Pauli_._I-Grappoli-350x161.jpg 350w\" sizes=\"(max-width: 900px) 100vw, 900px\" \/><\/span><h5>LA COSTRUZIONE DELL&rsquo;ARCHITETTURA IN TICINO, 1939-1996. Materialit\u00e0 e tettonica <\/h5><\/a><div class=\"event_data event_date \" itemscope itemtype=\"http:\/\/microformats.org\/profile\/hcard\">\n\t\t\t\t\t\t<div class=\"event_date\" data-start=\"vendredi 8 mai 2026\" data-end=\"dimanche 20 d\u00e9cembre 2026\"> <span class=\"linking_word linking_word-from\">de<\/span> <time class=\"date date-start\" itemprop=\"dtstart\" datetime=\"2026-05-08T00:00:00+00:00\">08.05.2026<\/time> <span class=\"linking_word linking_word-to\">\u00e0<\/span> <time class=\"date date-to\" itemprop=\"dtend\" datetime=\"2026-12-20T00:00:00+00:00\">20.12.2026<\/time>\n\t\t\t\t\t\t<\/div><!-- .event_date --><span class=\"eventpost-status\">Planifi\u00e9<\/span>\n\t\t\t\t\t\t\t<span class=\"eventpost-date-export\">\n\t\t\t\t\t\t\t\t<a href=\"https:\/\/museidartemendrisiotto.ch\/eventpost\/10175.ics\" class=\"event_link event-export ics\" target=\"_blank\" title=\"T\u00e9l\u00e9charger au format ICS\">ical<\/a>\n\t\t\t\t\t\t\t\t<a href=\"https:\/\/www.google.com\/calendar\/event?action=TEMPLATE&#038;trp=false&#038;sprop=name&#038;text=LA+COSTRUZIONE+DELL%27ARCHITETTURA+IN+TICINO%2C+1939-1996.+Materialit%C3%A0+e+tettonica&#038;dates=20260508%2F20261220&#038;location&#038;details=Mostra+promossa+dall%E2%80%99Accademia+di+architettura+dell%E2%80%99Universit%C3%A0+della+Svizzera+italiana.%0D%0AA+cura+di+Franz+Graf%2C+con+Britta+Buzzi%2C+Carlo+Dusi%2C+Alessandro+Bonizzoni+e+Sebastiano+Verga.%0D%0ALa+costruzione+dell%E2%80%99architettura+in+Ticino%2C+1939-1996.+Materialit%C3%A0+e+tettonica+presenta+i+risultati+del+generoso+scambio+tra+il+potenziale+pedagogico+di+un%27architettura+di+grande+qualit%C3%A0%2C+talvolta+un+po%27+dimenticata+ma+a+portata+di+mano%2C+e+la+rivelazione+e+reinterpretazione+dei+suoi+caratteri+costruttivi+da+parte+di+aspiranti+architetti.%0D%0AQuesto+dialogo+creativo+ha+dato+luogo+a+un+lavoro+di+ricerca+sull%27architettura+contemporanea+nel+Cantone+Ticino+che+la+Cattedra+di+Costruzione+e+Tecnologia+dell%27Accademia+di+architettura+porta+avanti+da+oltre+vent%27anni+con+i+propri+studenti.+Attraverso+l%27analisi+e+il+disegno+delle+studentesse+e+degli+studenti%2C+la+mostra+mette+in+evidenza+le+specificit%C3%A0+costruttive%2C+architettoniche+e+spaziali+degli+edifici+di+un+patrimonio+architettonico+e+culturale+che+ha+segnato+il+tessuto+urbano+e+territoriale+del+Cantone+Ticino.%0D%0ANel+corso+del+tempo+e+grazie+alla+continuit%C3%A0+del+processo+pedagogico%2C+la+ricerca+ha+contribuito+alla+creazione+di+un+catalogo+provvisorio+degli+edifici+%22moderni%22+del+Ticino%2C+che+non+%C3%A8+n%C3%A9+un+inventario+esaustivo%2C+n%C3%A9+il+ricordo+dei+protagonisti+di+una+%E2%80%9Cscuola+ticinese%E2%80%9D%2C+ma+una+collezione+di+oggetti+scelti+per+il+loro+interesse+costruttivo.+La+storia+materiale+dell%27edilizia+diventa+cos%C3%AC+strumento+per+l%27analisi+e+la+conoscenza+delle+tecniche%2C+del+cantiere+e+dei+sistemi+costruttivi+che+hanno+generato+la+tettonica+di+quelle+architetture.+Ci%C3%B2+ha+messo+in+evidenza%2C+anche+se+solo+parzialmente%2C+una+pluralit%C3%A0+di+%22valori%22+di+cui+queste+architetture+sono+portatrici%2C+non+solo+per+quanto+riguarda+la+storia+dell%27architettura+ticinese%2C+ma+anche+di+tante+%22microstorie%22+di+questo+specifico+contesto+culturale+a+sud+delle+Alpi.%0D%0AIl+percorso+della+mostra+propone+un%27immersione+in+cento+edifici+%28e+ben+160+sono+di+fatto+stati+studiati+negli+anni%29+rappresentati+con+riproduzioni+di+documenti%2C+immagini+e+rielaborazioni+grafiche+delle+studentesse+e+degli+studenti+dell%27Accademia+di+architettura.+Questo+percorso+cronologico+consente+una+rilettura+di+circa+cinquant%E2%80%99anni+di+architettura+ticinese+con+uno+sguardo+ravvicinato+alla+sua+tettonica+e+alla+sua+materialit%C3%A0.%0D%0ALa+mostra+invita+a+esplorare+le+varie+tecniche+di+costruzione+-+dalle+murature+in+pietra+alle+strutture+in+calcestruzzo+e+acciaio%2C+dal+mattone+in+terracotta+alle+strutture+aaltiane+in+legno+di+recupero%2C+fino+ai+volumi+ancorati+al+suolo+o+sospesi%E2%80%A6+-+come+momenti+di+espressioni+della+poetica+che+quegli+edifici+esprimono.%0D%0ALa+mostra+presenta+inoltre+nel+dettaglio+dodici+architetture+tra+le+pi%C3%B9+rappresentative+del+periodo%2C+accompagnate+da+altrettante+pubblicazioni+che+contengono+testi+critici%2C+storici%2C+testimonianze+e+approfondimenti%3A+la+Biblioteca+Cantonale+%281941%29+di+Carlo+e+Rino+Tami%2C+l%27Arsenale+militare+di+Biasca+%281942%29+di+Antonini+Broggini%2C+Ferrini+Fischer%2C+J%C3%A4ggli+Marazzi%2C+Roelly+Tami%2C+il+Deposito+Avegno+%281955%29+di+Rino+Tami%2C+l%27Albergo+Arizona+%281957%29+di+Tita+Carloni+con+Luigi+Camenisch%2C+il+Villaggio+vacanze+I+Grappoli+%281960%29+di+Manuel+Pauli+e+August+Volland+con+Eva+Pauli+Barna%2C+la+Centrale+idroelettrica+Nuova+Biaschina+%281967%29+di+Augusto+J%C3%A4ggli%2C+Giovanni+Lombardi+e+Giuseppe+Gellera%2C+il+Cinema-Teatro+Blenio+%281958%29+di+Giampiero+Mina%2C+la+Casa+Valleggione+%281969%29+di+Peppo+Brivio%2C+la+Villa+Gerosa+%281971%29+di+Tita+Carloni%2C+le+Case+Terenzio+%281971%29+di+Roberto+Bianconi%2C+la+Scuola+media+Losone+%281974%29+di+Livio+Vacchini+con+Aurelio+Galfetti+e+la+Casa+a+Ligornetto+%281976%29+di+Mario+Botta.%0D%0AChiude+la+mostra+una+notevole+selezione+di+modelli+degli+edifici+studiati%2C+presentata+come+in+un+paesaggio+di+architetture+immaginarie.+La+mostra+%C3%A8+inoltre+accompagnata+da+tre+reportage+della+Radiotelevisione+della+Svizzera+Italiana+%28RSI%29+e+da+fotografie+di+Roberto+Conte+realizzate+nell%27autunno+del+2025%2C+che+permettono+il+confronto+con+ci%C3%B2+che+oggi+%C3%A8+diventato+patrimonio%2C+da+identificare+e+salvaguardare.+La+conoscenza+della+materialit%C3%A0+e+della+costruzione+si+rivela+come+condizione+indispensabile+per+la+conservazione+e+la+trasmissione+di+quel+patrimonio.+La+mostra+restituisce+la+sintesi+del+lavoro+svolto+dalla+Cattedra+di+Costruzione+e+Tecnologia+dell%27Accademia+di+architettura+assieme+a+studentesse%2C+studenti%2C+architetti%2C+ingegneri%2C+proprietari+degli+edifici%2C+nonch%C3%A9+con+l%27aiuto+indispensabile+degli+archivi+privati+e+pubblici%2C+cantonali%2C+comunali+e+in+particolare+dell%27Archivio+Architetti+Ticinesi+e+dell%27Archivio+del+Moderno+dell%E2%80%99USI.%0D%0AInaugurazione%0D%0Agioved%C3%AC+7+maggio+2026%2C+18.30%0D%0APeriodo+espositivo%0D%0A8.5.2026+%E2%80%93+20.12.2026%0D%0AOrari%0D%0Agioved%C3%AC+%E2%80%93+venerd%C3%AC%0D%0A14.00-18.00%0D%0Asabato+e+domenica%0D%0A10.00-18.00%0D%0Aluned%C3%AC-mercoled%C3%AC%0D%0Achiuso+%28aperto+su+prenotazione+per+gruppi%29%0D%0APorte+aperte+con+ingresso+gratuito%0D%0A10+maggio%0D%0A7+giugno%0D%0A5+luglio%0D%0A6+settembre%0D%0A4+ottobre%0D%0A1%C2%B0+novembre%0D%0A6+dicembre%0D%0AChiusura+estiva%0D%0Adal+13+luglio+al+23+agosto+2026%0D%0A%0D%0AEntrata%0D%0Aintero%3A+CHF+%2F+%E2%82%AC+10.-%0D%0Aridotto%3A+CHF+%2F+%E2%82%AC+7.-%0D%0A%0D%0AMAGGIORI+INFO%0D%0A+Manuel+Pauli%2C+August+Volland%2C+Eva+Pauli%2C+Villaggio+vacanze+%E2%80%9CI+Grappoli%E2%80%9D%2C+Sessa%2C+1960%0D%0A%C2%A9+Roberto+Conte%0A%0Ahttps%3A%2F%2Fmuseidartemendrisiotto.ch%2Ffr%2Farchitettura-ticino-1939-1996%2F&#038;gmt=%2B02&#038;ctz=Europe\/Rome\" class=\"event_link event-export gcal\" target=\"_blank\" title=\"Ajouter \u00e0 Google agenda\">Google<\/a>\n\t\t\t\t\t\t\t\t<a href=\"https:\/\/museidartemendrisiotto.ch\/eventpost\/10175.vcs\" class=\"event_link event-export vcs\" target=\"_blank\" title=\"Ajouter \u00e0 Outlook\">outlook<\/a>\n\t\t\t\t\t\t\t\t<i class=\"dashicons-before dashicons-calendar\"><\/i>\n\t\t\t\t\t\t\t<\/span>\n\t\t\t\t\t<\/div><!-- .event_date --><div class=\"event_data event_category \" itemscope itemtype=\"http:\/\/microformats.org\/profile\/hcard\">\n\t\t\t\t\t\t<span class=\"event_categories\">\t\t\t\t\t<span  class=\"event-term event_term_category\">Teatro dell\u2019architettura <\/span><\/span>\n\t\t\t\t\t<\/div><!-- .event_category --><div class=\"event_data event_location \" itemscope itemtype=\"http:\/\/microformats.org\/profile\/hcard\">\n\t\t\n\t\t\t\t\t<\/div><!-- .event_location --><span class=\"event_exerpt\">Mostra promossa dall\u2019Accademia di architettura dell\u2019Universit\u00e0 della Svizzera italiana.\r\nA cura di Franz Graf, con Britta Buzzi, Carlo Dusi, Alessandro Bonizzoni e Sebastiano Verga.\r\nLa costruzione dell\u2019architettura in Ticino, 1939-1996. Materialit\u00e0 e tettonica presenta i risultati del generoso scambio tra il potenziale pedagogico di un&rsquo;architettura di grande qualit\u00e0, talvolta un po&rsquo; dimenticata ma a portata di mano, e la rivelazione e reinterpretazione dei suoi caratteri costruttivi da parte di aspiranti architetti.\r\nQuesto dialogo creativo ha dato luogo a un lavoro di ricerca sull&rsquo;architettura contemporanea nel Cantone Ticino che la Cattedra di Costruzione e Tecnologia dell&rsquo;Accademia di architettura porta avanti da oltre vent&rsquo;anni con i propri studenti. Attraverso l&rsquo;analisi e il disegno delle studentesse e degli studenti, la mostra mette in evidenza le specificit\u00e0 costruttive, architettoniche e spaziali degli edifici di un patrimonio architettonico e culturale che ha segnato il tessuto urbano e territoriale del Cantone Ticino.\r\nNel corso del tempo e grazie alla continuit\u00e0 del processo pedagogico, la ricerca ha contribuito alla creazione di un catalogo provvisorio degli edifici \u00ab\u00a0moderni\u00a0\u00bb del Ticino, che non \u00e8 n\u00e9 un inventario esaustivo, n\u00e9 il ricordo dei protagonisti di una \u201cscuola ticinese\u201d, ma una collezione di oggetti scelti per il loro interesse costruttivo. La storia materiale dell&rsquo;edilizia diventa cos\u00ec strumento per l&rsquo;analisi e la conoscenza delle tecniche, del cantiere e dei sistemi costruttivi che hanno generato la tettonica di quelle architetture. Ci\u00f2 ha messo in evidenza, anche se solo parzialmente, una pluralit\u00e0 di \u00ab\u00a0valori\u00a0\u00bb di cui queste architetture sono portatrici, non solo per quanto riguarda la storia dell&rsquo;architettura ticinese, ma anche di tante \u00ab\u00a0microstorie\u00a0\u00bb di questo specifico contesto culturale a sud delle Alpi.\r\nIl percorso della mostra propone un&rsquo;immersione in cento edifici (e ben 160 sono di fatto stati studiati negli anni) rappresentati con riproduzioni di documenti, immagini e rielaborazioni grafiche delle studentesse e degli studenti dell&rsquo;Accademia di architettura. Questo percorso cronologico consente una rilettura di circa cinquant\u2019anni di architettura ticinese con uno sguardo ravvicinato alla sua tettonica e alla sua materialit\u00e0.\r\nLa mostra invita a esplorare le varie tecniche di costruzione &#8211; dalle murature in pietra alle strutture in calcestruzzo e acciaio, dal mattone in terracotta alle strutture aaltiane in legno di recupero, fino ai volumi ancorati al suolo o sospesi\u2026 &#8211; come momenti di espressioni della poetica che quegli edifici esprimono.\r\nLa mostra presenta inoltre nel dettaglio dodici architetture tra le pi\u00f9 rappresentative del periodo, accompagnate da altrettante pubblicazioni che contengono testi critici, storici, testimonianze e approfondimenti: la Biblioteca Cantonale (1941) di Carlo e Rino Tami, l&rsquo;Arsenale militare di Biasca (1942) di Antonini Broggini, Ferrini Fischer, J\u00e4ggli Marazzi, Roelly Tami, il Deposito Avegno (1955) di Rino Tami, l&rsquo;Albergo Arizona (1957) di Tita Carloni con Luigi Camenisch, il Villaggio vacanze I Grappoli (1960) di Manuel Pauli e August Volland con Eva Pauli Barna, la Centrale idroelettrica Nuova Biaschina (1967) di Augusto J\u00e4ggli, Giovanni Lombardi e Giuseppe Gellera, il Cinema-Teatro Blenio (1958) di Giampiero Mina, la Casa Valleggione (1969) di Peppo Brivio, la Villa Gerosa (1971) di Tita Carloni, le Case Terenzio (1971) di Roberto Bianconi, la Scuola media Losone (1974) di Livio Vacchini con Aurelio Galfetti e la Casa a Ligornetto (1976) di Mario Botta.\r\nChiude la mostra una notevole selezione di modelli degli edifici studiati, presentata come in un paesaggio di architetture immaginarie. La mostra \u00e8 inoltre accompagnata da tre reportage della Radiotelevisione della Svizzera Italiana (RSI) e da fotografie di Roberto Conte realizzate nell&rsquo;autunno del 2025, che permettono il confronto con ci\u00f2 che oggi \u00e8 diventato patrimonio, da identificare e salvaguardare. La conoscenza della materialit\u00e0 e della costruzione si rivela come condizione indispensabile per la conservazione e la trasmissione di quel patrimonio. La mostra restituisce la sintesi del lavoro svolto dalla Cattedra di Costruzione e Tecnologia dell&rsquo;Accademia di architettura assieme a studentesse, studenti, architetti, ingegneri, proprietari degli edifici, nonch\u00e9 con l&rsquo;aiuto indispensabile degli archivi privati e pubblici, cantonali, comunali e in particolare dell&rsquo;Archivio Architetti Ticinesi e dell&rsquo;Archivio del Moderno dell\u2019USI.\r\nInaugurazione\r\ngioved\u00ec 7 maggio 2026, 18.30\r\nPeriodo espositivo\r\n8.5.2026 \u2013 20.12.2026\r\nOrari\r\ngioved\u00ec \u2013 venerd\u00ec\r\n14.00-18.00\r\nsabato e domenica\r\n10.00-18.00\r\nluned\u00ec-mercoled\u00ec\r\nchiuso (aperto su prenotazione per gruppi)\r\nPorte aperte con ingresso gratuito\r\n10 maggio\r\n7 giugno\r\n5 luglio\r\n6 settembre\r\n4 ottobre\r\n1\u00b0 novembre\r\n6 dicembre\r\nChiusura estiva\r\ndal 13 luglio al 23 agosto 2026\r\n\r\nEntrata\r\nintero: CHF \/ \u20ac 10.-\r\nridotto: CHF \/ \u20ac 7.-\r\n\r\nMAGGIORI INFO\r\n Manuel Pauli, August Volland, Eva Pauli, Villaggio vacanze \u201cI Grappoli\u201d, Sessa, 1960\r\n\u00a9 Roberto Conte<\/span><\/div><!-- .event_item --><div class=\"event_item event_future status-EventScheduled location-type-OfflineEventAttendanceMode translation_priority-Facultatif category-Teatro dell\u2019architettura post_tag-mostre\" data-color=\"000000\" style=\"\"><a href=\"https:\/\/museidartemendrisiotto.ch\/fr\/pino-musi\/\"><span class=\"event_thumbnail_wrap\"><img loading=\"lazy\" decoding=\"async\" width=\"900\" height=\"415\" src=\"https:\/\/museidartemendrisiotto.ch\/wp-content\/uploads\/2026\/03\/7_Pino-Musi_Transizione.jpg\" class=\"attachment-thumbnail wp-post-image event_thumbnail wp-post-image\" alt=\"\" srcset=\"https:\/\/museidartemendrisiotto.ch\/wp-content\/uploads\/2026\/03\/7_Pino-Musi_Transizione.jpg 900w, https:\/\/museidartemendrisiotto.ch\/wp-content\/uploads\/2026\/03\/7_Pino-Musi_Transizione-300x138.jpg 300w, https:\/\/museidartemendrisiotto.ch\/wp-content\/uploads\/2026\/03\/7_Pino-Musi_Transizione-768x354.jpg 768w, https:\/\/museidartemendrisiotto.ch\/wp-content\/uploads\/2026\/03\/7_Pino-Musi_Transizione-350x161.jpg 350w\" sizes=\"(max-width: 900px) 100vw, 900px\" \/><\/span><h5>PINO MUSI. Continuum <\/h5><\/a><div class=\"event_data event_date \" itemscope itemtype=\"http:\/\/microformats.org\/profile\/hcard\">\n\t\t\t\t\t\t<div class=\"event_date\" data-start=\"vendredi 8 mai 2026\" data-end=\"dimanche 20 d\u00e9cembre 2026\"> <span class=\"linking_word linking_word-from\">de<\/span> <time class=\"date date-start\" itemprop=\"dtstart\" datetime=\"2026-05-08T00:00:00+00:00\">08.05.2026<\/time> <span class=\"linking_word linking_word-to\">\u00e0<\/span> <time class=\"date date-to\" itemprop=\"dtend\" datetime=\"2026-12-20T00:00:00+00:00\">20.12.2026<\/time>\n\t\t\t\t\t\t<\/div><!-- .event_date --><span class=\"eventpost-status\">Planifi\u00e9<\/span>\n\t\t\t\t\t\t\t<span class=\"eventpost-date-export\">\n\t\t\t\t\t\t\t\t<a href=\"https:\/\/museidartemendrisiotto.ch\/eventpost\/10258.ics\" class=\"event_link event-export ics\" target=\"_blank\" title=\"T\u00e9l\u00e9charger au format ICS\">ical<\/a>\n\t\t\t\t\t\t\t\t<a href=\"https:\/\/www.google.com\/calendar\/event?action=TEMPLATE&#038;trp=false&#038;sprop=name&#038;text=PINO+MUSI.+Continuum&#038;dates=20260508%2F20261220&#038;location&#038;details=Mostra+promossa+dall%E2%80%99Accademia+di+architettura+dell%E2%80%99Universit%C3%A0+della+Svizzera+italiana.%0D%0AA+cura+di+Michael+Jakob.%0D%0APino+Musi.+Continuum+%C3%A8+un+progetto+espositivo+site+specific+che+dialoga+con+la+forma+circolare+del+Teatro+dell%E2%80%99architettura.+Il+flusso+delle+opere+si+articola+in+lunghi+scrolls+%28rotoli+di+immagini%29%2C+dove+le+sei+sezioni+principali+della+mostra+si+sviluppano%2C+lasciando+al+fruitore+la+libert%C3%A0+di+cercare+il+proprio+percorso+nella+lettura+tra+le+connessioni+possibili+fra+i+differenti+capitoli+del+lavoro+dell%E2%80%99artista%3A%0D%0AOrigine+mostra%2C+paradossalmente%2C+come+sia+proprio+la+rovina%2C+la+forma+spesso+irriconoscibile+delle+costruzioni+esposte+al+lavorio+della+natura%2C+a+riportarci+alle+loro+origini.+Anche+la+fotografia+%C3%A8%2C+a+ben+vedere%2C+un%27attivit%C3%A0+archeologica%3A+scava%2C+identifica%2C+riordina%2C+ricostruisce.%0D%0AMetonimia+interroga+il+senso+originario+dell%E2%80%99abitare%2C+l%E2%80%99essenza+stessa+dell%E2%80%99architettura%2C+che+non+coincide+con+la+mera+occupazione+della+terra.+Iperbole+riflette+il+fatto+che+attorno+a+noi+esiste+anche+un%E2%80%99architettura+folle+che+non+riguarda+soltanto+la+forma+ma+proprio+il+gesto+progettuale+in+quanto+tale%2C+come+se+l%27autore+intendesse+costruire+%22contro%22+%2C+ovvero+contro+chi+la+abiter%C3%A0%2C+visiter%C3%A0%2C+conoscer%C3%A0.%0D%0ANella+sezione+Superficie+il+defilarsi+filmico+delle+facciate+di+architettura+del+secolo+scorso+rimanda+all%E2%80%99estetica+della+superficie+teorizzata+da+Nietzsche%2C+cio%C3%A8+al+prezzo+da+pagare+quando+tutto+appare+in+bal%C3%ACa+del+diktat+della+bella+forma.%0D%0ATransizione+ricorda+che+il+senso+profondo%2C+reale%2C+di+ogni+architettura+dipende+dalla+possibilit%C3%A0+di+viverla+e+quindi+di+attraversarla.%0D%0AIl+capitolo+Incompiutezza+intende+invece+l%27architettura+come+opera+incompiuta%2C+irrisolta.+Qui%2C+il+flusso+e+il+ritmo+della+sequenza+fotografica+rimandano+a+una+sorta+di+ascolto+polifonico%2C+a+un+contrappunto+tipico+della+notazione+musicale.%0D%0AFuori+sezione+un+nucleo+di+tre+opere+di+grande+formato+dedicate+al+recente+restauro+di+Notre-Dame%2C+a+Parigi%2C+integra+l%27esperienza+cognitiva%3A+in+questo+caso+una+realt%C3%A0+monumentale%2C+consolidata+nella+memoria+collettiva%2C+si+manifesta+con+inedita+forza+come+vera+e+propria+rivelazione.%0D%0ACompletano+inoltre+il+percorso+espositivo+una+serie+di+vetrine+che+contengono+una+selezione+di+notevoli+pubblicazioni+di+Pino+Musi.+L%27autore+infatti+intende+il+libro+di+fotografia+come+opera+d%E2%80%99ingegno+autonoma%2C+ovvero+una+ricerca+che+privilegia+l%E2%80%99incontro+e+la+collaborazione+interdisciplinare.+%C3%88+in+questo+senso+che+l%27autore+indirizza+la+fotografia+a+differenti+forme+espressive+e+trova+in+particolare+nella+creazione+di+libri+d%E2%80%99artista%2C+nel+bookmaking%2C+il+proprio+veicolo+comunicativo+privilegiato.%0D%0AInaugurazione%0D%0Agioved%C3%AC+7+maggio+2026+-+18.30%0D%0APeriodo+espositivo%0D%0A8.5.2026+%E2%80%93+20.12.2026%0D%0AOrari%0D%0Agioved%C3%AC+%E2%80%93+venerd%C3%AC%0D%0A14.00-18.00%0D%0Asabato+e+domenica%0D%0A10.00-18.00%0D%0Aluned%C3%AC-mercoled%C3%AC%0D%0Achiuso+%28aperto+su+prenotazione+per+gruppi%29%0D%0APorte+aperte+con+ingresso+gratuito%0D%0A10+maggio%0D%0A7+giugno%0D%0A5+luglio%0D%0A6+settembre%0D%0A4+ottobre%0D%0A1%C2%B0+novembre%0D%0A6+dicembre%0D%0AChiusura+estiva%0D%0Adal+13+luglio+al+23+agosto+2026%0D%0A%0D%0AEntrata%0D%0Aintero%3A+CHF+%2F+%E2%82%AC+10.-%0D%0Aridotto%3A+CHF+%2F+%E2%82%AC+7.-%0D%0A%0D%0AMAGGIORI+INFO%0D%0A+Pino+Musi%3A+dalla+serie+Transizione%0D%0A%C2%A9+Pino+Musi%2C+2026%0A%0Ahttps%3A%2F%2Fmuseidartemendrisiotto.ch%2Ffr%2Fpino-musi%2F&#038;gmt=%2B02&#038;ctz=Europe\/Rome\" class=\"event_link event-export gcal\" target=\"_blank\" title=\"Ajouter \u00e0 Google agenda\">Google<\/a>\n\t\t\t\t\t\t\t\t<a href=\"https:\/\/museidartemendrisiotto.ch\/eventpost\/10258.vcs\" class=\"event_link event-export vcs\" target=\"_blank\" title=\"Ajouter \u00e0 Outlook\">outlook<\/a>\n\t\t\t\t\t\t\t\t<i class=\"dashicons-before dashicons-calendar\"><\/i>\n\t\t\t\t\t\t\t<\/span>\n\t\t\t\t\t<\/div><!-- .event_date --><div class=\"event_data event_category \" itemscope itemtype=\"http:\/\/microformats.org\/profile\/hcard\">\n\t\t\t\t\t\t<span class=\"event_categories\">\t\t\t\t\t<span  class=\"event-term event_term_category\">Teatro dell\u2019architettura <\/span><\/span>\n\t\t\t\t\t<\/div><!-- .event_category --><div class=\"event_data event_location \" itemscope itemtype=\"http:\/\/microformats.org\/profile\/hcard\">\n\t\t\n\t\t\t\t\t<\/div><!-- .event_location --><span class=\"event_exerpt\">Mostra promossa dall\u2019Accademia di architettura dell\u2019Universit\u00e0 della Svizzera italiana.\r\nA cura di Michael Jakob.\r\nPino Musi. Continuum \u00e8 un progetto espositivo site specific che dialoga con la forma circolare del Teatro dell\u2019architettura. Il flusso delle opere si articola in lunghi scrolls (rotoli di immagini), dove le sei sezioni principali della mostra si sviluppano, lasciando al fruitore la libert\u00e0 di cercare il proprio percorso nella lettura tra le connessioni possibili fra i differenti capitoli del lavoro dell\u2019artista:\r\nOrigine mostra, paradossalmente, come sia proprio la rovina, la forma spesso irriconoscibile delle costruzioni esposte al lavorio della natura, a riportarci alle loro origini. Anche la fotografia \u00e8, a ben vedere, un&rsquo;attivit\u00e0 archeologica: scava, identifica, riordina, ricostruisce.\r\nMetonimia interroga il senso originario dell\u2019abitare, l\u2019essenza stessa dell\u2019architettura, che non coincide con la mera occupazione della terra. Iperbole riflette il fatto che attorno a noi esiste anche un\u2019architettura folle che non riguarda soltanto la forma ma proprio il gesto progettuale in quanto tale, come se l&rsquo;autore intendesse costruire \u00ab\u00a0contro\u00a0\u00bb , ovvero contro chi la abiter\u00e0, visiter\u00e0, conoscer\u00e0.\r\nNella sezione Superficie il defilarsi filmico delle facciate di architettura del secolo scorso rimanda all\u2019estetica della superficie teorizzata da Nietzsche, cio\u00e8 al prezzo da pagare quando tutto appare in bal\u00eca del diktat della bella forma.\r\nTransizione ricorda che il senso profondo, reale, di ogni architettura dipende dalla possibilit\u00e0 di viverla e quindi di attraversarla.\r\nIl capitolo Incompiutezza intende invece l&rsquo;architettura come opera incompiuta, irrisolta. Qui, il flusso e il ritmo della sequenza fotografica rimandano a una sorta di ascolto polifonico, a un contrappunto tipico della notazione musicale.\r\nFuori sezione un nucleo di tre opere di grande formato dedicate al recente restauro di Notre-Dame, a Parigi, integra l&rsquo;esperienza cognitiva: in questo caso una realt\u00e0 monumentale, consolidata nella memoria collettiva, si manifesta con inedita forza come vera e propria rivelazione.\r\nCompletano inoltre il percorso espositivo una serie di vetrine che contengono una selezione di notevoli pubblicazioni di Pino Musi. L&rsquo;autore infatti intende il libro di fotografia come opera d\u2019ingegno autonoma, ovvero una ricerca che privilegia l\u2019incontro e la collaborazione interdisciplinare. \u00c8 in questo senso che l&rsquo;autore indirizza la fotografia a differenti forme espressive e trova in particolare nella creazione di libri d\u2019artista, nel bookmaking, il proprio veicolo comunicativo privilegiato.\r\nInaugurazione\r\ngioved\u00ec 7 maggio 2026 &#8211; 18.30\r\nPeriodo espositivo\r\n8.5.2026 \u2013 20.12.2026\r\nOrari\r\ngioved\u00ec \u2013 venerd\u00ec\r\n14.00-18.00\r\nsabato e domenica\r\n10.00-18.00\r\nluned\u00ec-mercoled\u00ec\r\nchiuso (aperto su prenotazione per gruppi)\r\nPorte aperte con ingresso gratuito\r\n10 maggio\r\n7 giugno\r\n5 luglio\r\n6 settembre\r\n4 ottobre\r\n1\u00b0 novembre\r\n6 dicembre\r\nChiusura estiva\r\ndal 13 luglio al 23 agosto 2026\r\n\r\nEntrata\r\nintero: CHF \/ \u20ac 10.-\r\nridotto: CHF \/ \u20ac 7.-\r\n\r\nMAGGIORI INFO\r\n Pino Musi: dalla serie Transizione\r\n\u00a9 Pino Musi, 2026<\/span><\/div><!-- .event_item --><div class=\"event_item event_future status-EventScheduled location-type-OfflineEventAttendanceMode translation_priority-Facultatif category-Teatro dell\u2019architettura post_tag-mostre\" data-color=\"000000\" style=\"\"><a href=\"https:\/\/museidartemendrisiotto.ch\/fr\/sleipnir-installazione\/\"><span class=\"event_thumbnail_wrap\"><img loading=\"lazy\" decoding=\"async\" width=\"900\" height=\"415\" src=\"https:\/\/museidartemendrisiotto.ch\/wp-content\/uploads\/2026\/04\/sleipnir-1.jpg\" class=\"attachment-thumbnail wp-post-image event_thumbnail wp-post-image\" alt=\"\" srcset=\"https:\/\/museidartemendrisiotto.ch\/wp-content\/uploads\/2026\/04\/sleipnir-1.jpg 900w, https:\/\/museidartemendrisiotto.ch\/wp-content\/uploads\/2026\/04\/sleipnir-1-300x138.jpg 300w, https:\/\/museidartemendrisiotto.ch\/wp-content\/uploads\/2026\/04\/sleipnir-1-768x354.jpg 768w, https:\/\/museidartemendrisiotto.ch\/wp-content\/uploads\/2026\/04\/sleipnir-1-350x161.jpg 350w\" sizes=\"(max-width: 900px) 100vw, 900px\" \/><\/span><h5>Installazione \u00ab\u00a0Sleipnir e il Labirinto di Porte\u00a0\u00bb <\/h5><\/a><div class=\"event_data event_date \" itemscope itemtype=\"http:\/\/microformats.org\/profile\/hcard\">\n\t\t\t\t\t\t<div class=\"event_date\" data-start=\"vendredi 8 mai 2026\" data-end=\"dimanche 20 d\u00e9cembre 2026\"> <span class=\"linking_word linking_word-from\">de<\/span> <time class=\"date date-start\" itemprop=\"dtstart\" datetime=\"2026-05-08T00:00:00+00:00\">08.05.2026<\/time> <span class=\"linking_word linking_word-to\">\u00e0<\/span> <time class=\"date date-to\" itemprop=\"dtend\" datetime=\"2026-12-20T00:00:00+00:00\">20.12.2026<\/time>\n\t\t\t\t\t\t<\/div><!-- .event_date --><span class=\"eventpost-status\">Planifi\u00e9<\/span>\n\t\t\t\t\t\t\t<span class=\"eventpost-date-export\">\n\t\t\t\t\t\t\t\t<a href=\"https:\/\/museidartemendrisiotto.ch\/eventpost\/10534.ics\" class=\"event_link event-export ics\" target=\"_blank\" title=\"T\u00e9l\u00e9charger au format ICS\">ical<\/a>\n\t\t\t\t\t\t\t\t<a href=\"https:\/\/www.google.com\/calendar\/event?action=TEMPLATE&#038;trp=false&#038;sprop=name&#038;text=Installazione+%22Sleipnir+e+il+Labirinto+di+Porte%22&#038;dates=20260508%2F20261220&#038;location&#038;details=A+cura+di+Duilio+Forte+in+collaborazione+con+Simon+Fikstvedt+e+Barbara+Stallone%2C+realizzata+dalle+studentesse+e+dagli+studenti+dell%27Atelier+Forte.%0D%0APromossa+dall%27Accademia+di+architettura+dell%27USI.%0D%0A%0D%0ANell%27atrium+del+Teatro+dell%27architettura+Mendrisio%2C+l%E2%80%99installazione+%E2%80%9CSleipnir+e+il+Labirinto+di+Porte%E2%80%9D+realizzata+dalle+studentesse+e+dagli+studenti+dell%E2%80%99Atelier+Forte+dell%27Accademia+di+architettura+si+compone+di+tre+elementi%3A+la+porta%2C+il+labirinto+e+Sleipnir%2C+scultura+iconica+di+Duilio+Forte.%0D%0ALe+porte%2C+progettate+e+costruite+individualmente+dalle+studentesse+e+dagli+studenti+iscritti+al+corso%2C+sono+intese+come+soglie+simboliche+e+architettoniche.+L%27insieme+costituisce+un+labirinto%2C+metafora+del+processo+progettuale%2C+che+conduce+a+%22Sleipnir%22%2C+simbolo+di+esplorazione+e+della+relazione+tra+uomo+e+spazio.%0D%0ARealizzata+nell%E2%80%99ambito+dell%E2%80%99atelier+di+progettazione+diretto+da+Duilio+Forte%2C+l%E2%80%99opera+restituisce+al+pubblico+l%E2%80%99esito+di+un%E2%80%99esperienza+collettiva%2C+trasformando+lo+spazio+del+Teatro+dell%27architettura.%0D%0A%0D%0AInaugurazione%0D%0Agioved%C3%AC+7+maggio+2026%2C+18.30%0D%0APeriodo+espositivo%0D%0A8.5.2026+%E2%80%93+20.12.2026%0D%0AOrari%0D%0Agioved%C3%AC+%E2%80%93+venerd%C3%AC%0D%0A14.00-18.00%0D%0Asabato+e+domenica%0D%0A10.00-18.00%0D%0Aluned%C3%AC+%E2%80%93+mercoled%C3%AC%0D%0Achiuso+%28aperto+su+prenotazione+per+gruppi%29%0D%0APorte+aperte+con+ingresso+gratuito%0D%0A10+maggio%0D%0A7+giugno%0D%0A5+luglio%0D%0A6+settembre%0D%0A4+ottobre%0D%0A1%C2%B0+novembre%0D%0A6+dicembre%0D%0AChiusura+estiva%0D%0Adal+13+luglio+al+23+agosto+2026%0D%0A%0D%0AEntrata%0D%0Aintero%3A+CHF+%2F+%E2%82%AC+10.-%0D%0Aridotto%3A+CHF+%2F+%E2%82%AC+7.-%0D%0A%0D%0AMAGGIORI+INFO%0A%0Ahttps%3A%2F%2Fmuseidartemendrisiotto.ch%2Ffr%2Fsleipnir-installazione%2F&#038;gmt=%2B02&#038;ctz=Europe\/Rome\" class=\"event_link event-export gcal\" target=\"_blank\" title=\"Ajouter \u00e0 Google agenda\">Google<\/a>\n\t\t\t\t\t\t\t\t<a href=\"https:\/\/museidartemendrisiotto.ch\/eventpost\/10534.vcs\" class=\"event_link event-export vcs\" target=\"_blank\" title=\"Ajouter \u00e0 Outlook\">outlook<\/a>\n\t\t\t\t\t\t\t\t<i class=\"dashicons-before dashicons-calendar\"><\/i>\n\t\t\t\t\t\t\t<\/span>\n\t\t\t\t\t<\/div><!-- .event_date --><div class=\"event_data event_category \" itemscope itemtype=\"http:\/\/microformats.org\/profile\/hcard\">\n\t\t\t\t\t\t<span class=\"event_categories\">\t\t\t\t\t<span  class=\"event-term event_term_category\">Teatro dell\u2019architettura <\/span><\/span>\n\t\t\t\t\t<\/div><!-- .event_category --><div class=\"event_data event_location \" itemscope itemtype=\"http:\/\/microformats.org\/profile\/hcard\">\n\t\t\n\t\t\t\t\t<\/div><!-- .event_location --><span class=\"event_exerpt\">A cura di Duilio Forte in collaborazione con Simon Fikstvedt e Barbara Stallone, realizzata dalle studentesse e dagli studenti dell&rsquo;Atelier Forte.\r\nPromossa dall&rsquo;Accademia di architettura dell&rsquo;USI.\r\n\r\nNell&rsquo;atrium del Teatro dell&rsquo;architettura Mendrisio, l\u2019installazione \u201cSleipnir e il Labirinto di Porte\u201d realizzata dalle studentesse e dagli studenti dell\u2019Atelier Forte dell&rsquo;Accademia di architettura si compone di tre elementi: la porta, il labirinto e Sleipnir, scultura iconica di Duilio Forte.\r\nLe porte, progettate e costruite individualmente dalle studentesse e dagli studenti iscritti al corso, sono intese come soglie simboliche e architettoniche. L&rsquo;insieme costituisce un labirinto, metafora del processo progettuale, che conduce a \u00ab\u00a0Sleipnir\u00a0\u00bb, simbolo di esplorazione e della relazione tra uomo e spazio.\r\nRealizzata nell\u2019ambito dell\u2019atelier di progettazione diretto da Duilio Forte, l\u2019opera restituisce al pubblico l\u2019esito di un\u2019esperienza collettiva, trasformando lo spazio del Teatro dell&rsquo;architettura.\r\n\r\nInaugurazione\r\ngioved\u00ec 7 maggio 2026, 18.30\r\nPeriodo espositivo\r\n8.5.2026 \u2013 20.12.2026\r\nOrari\r\ngioved\u00ec \u2013 venerd\u00ec\r\n14.00-18.00\r\nsabato e domenica\r\n10.00-18.00\r\nluned\u00ec \u2013 mercoled\u00ec\r\nchiuso (aperto su prenotazione per gruppi)\r\nPorte aperte con ingresso gratuito\r\n10 maggio\r\n7 giugno\r\n5 luglio\r\n6 settembre\r\n4 ottobre\r\n1\u00b0 novembre\r\n6 dicembre\r\nChiusura estiva\r\ndal 13 luglio al 23 agosto 2026\r\n\r\nEntrata\r\nintero: CHF \/ \u20ac 10.-\r\nridotto: CHF \/ \u20ac 7.-\r\n\r\nMAGGIORI INFO<\/span><\/div><!-- .event_item --><div class=\"event_item event_future status-EventScheduled location-type-OfflineEventAttendanceMode translation_priority-Facultatif category-Teatro dell\u2019architettura post_tag-mostre\" data-color=\"000000\" style=\"\"><a href=\"https:\/\/museidartemendrisiotto.ch\/fr\/pino-musi\/\"><span class=\"event_thumbnail_wrap\"><img loading=\"lazy\" decoding=\"async\" width=\"900\" height=\"415\" src=\"https:\/\/museidartemendrisiotto.ch\/wp-content\/uploads\/2026\/03\/7_Pino-Musi_Transizione.jpg\" class=\"attachment-thumbnail wp-post-image event_thumbnail wp-post-image\" alt=\"\" srcset=\"https:\/\/museidartemendrisiotto.ch\/wp-content\/uploads\/2026\/03\/7_Pino-Musi_Transizione.jpg 900w, https:\/\/museidartemendrisiotto.ch\/wp-content\/uploads\/2026\/03\/7_Pino-Musi_Transizione-300x138.jpg 300w, https:\/\/museidartemendrisiotto.ch\/wp-content\/uploads\/2026\/03\/7_Pino-Musi_Transizione-768x354.jpg 768w, https:\/\/museidartemendrisiotto.ch\/wp-content\/uploads\/2026\/03\/7_Pino-Musi_Transizione-350x161.jpg 350w\" sizes=\"(max-width: 900px) 100vw, 900px\" \/><\/span><h5>PINO MUSI. Continuum <\/h5><\/a><div class=\"event_data event_date \" itemscope itemtype=\"http:\/\/microformats.org\/profile\/hcard\">\n\t\t\t\t\t\t<div class=\"event_date\" data-start=\"vendredi 8 mai 2026\" data-end=\"dimanche 20 d\u00e9cembre 2026\"> <span class=\"linking_word linking_word-from\">de<\/span> <time class=\"date date-start\" itemprop=\"dtstart\" datetime=\"2026-05-08T00:00:00+00:00\">08.05.2026<\/time> <span class=\"linking_word linking_word-to\">\u00e0<\/span> <time class=\"date date-to\" itemprop=\"dtend\" datetime=\"2026-12-20T00:00:00+00:00\">20.12.2026<\/time>\n\t\t\t\t\t\t<\/div><!-- .event_date --><span class=\"eventpost-status\">Planifi\u00e9<\/span>\n\t\t\t\t\t\t\t<span class=\"eventpost-date-export\">\n\t\t\t\t\t\t\t\t<a href=\"https:\/\/museidartemendrisiotto.ch\/eventpost\/10524.ics\" class=\"event_link event-export ics\" target=\"_blank\" title=\"T\u00e9l\u00e9charger au format ICS\">ical<\/a>\n\t\t\t\t\t\t\t\t<a href=\"https:\/\/www.google.com\/calendar\/event?action=TEMPLATE&#038;trp=false&#038;sprop=name&#038;text=PINO+MUSI.+Continuum&#038;dates=20260508%2F20261220&#038;location&#038;details=Mostra+promossa+dall%E2%80%99Accademia+di+architettura+dell%E2%80%99Universit%C3%A0+della+Svizzera+italiana.%0D%0AA+cura+di+Michael+Jakob.%0D%0APino+Musi.+Continuum+%C3%A8+un+progetto+espositivo+site+specific+che+dialoga+con+la+forma+circolare+del+Teatro+dell%E2%80%99architettura.+Il+flusso+delle+opere+si+articola+in+lunghi+scrolls+%28rotoli+di+immagini%29%2C+dove+le+sei+sezioni+principali+della+mostra+si+sviluppano%2C+lasciando+al+fruitore+la+libert%C3%A0+di+cercare+il+proprio+percorso+nella+lettura+tra+le+connessioni+possibili+fra+i+differenti+capitoli+del+lavoro+dell%E2%80%99artista%3A%0D%0AOrigine+mostra%2C+paradossalmente%2C+come+sia+proprio+la+rovina%2C+la+forma+spesso+irriconoscibile+delle+costruzioni+esposte+al+lavorio+della+natura%2C+a+riportarci+alle+loro+origini.+Anche+la+fotografia+%C3%A8%2C+a+ben+vedere%2C+un%27attivit%C3%A0+archeologica%3A+scava%2C+identifica%2C+riordina%2C+ricostruisce.%0D%0AMetonimia+interroga+il+senso+originario+dell%E2%80%99abitare%2C+l%E2%80%99essenza+stessa+dell%E2%80%99architettura%2C+che+non+coincide+con+la+mera+occupazione+della+terra.+Iperbole+riflette+il+fatto+che+attorno+a+noi+esiste+anche+un%E2%80%99architettura+folle+che+non+riguarda+soltanto+la+forma+ma+proprio+il+gesto+progettuale+in+quanto+tale%2C+come+se+l%27autore+intendesse+costruire+%22contro%22+%2C+ovvero+contro+chi+la+abiter%C3%A0%2C+visiter%C3%A0%2C+conoscer%C3%A0.%0D%0ANella+sezione+Superficie+il+defilarsi+filmico+delle+facciate+di+architettura+del+secolo+scorso+rimanda+all%E2%80%99estetica+della+superficie+teorizzata+da+Nietzsche%2C+cio%C3%A8+al+prezzo+da+pagare+quando+tutto+appare+in+bal%C3%ACa+del+diktat+della+bella+forma.%0D%0ATransizione+ricorda+che+il+senso+profondo%2C+reale%2C+di+ogni+architettura+dipende+dalla+possibilit%C3%A0+di+viverla+e+quindi+di+attraversarla.%0D%0AIl+capitolo+Incompiutezza+intende+invece+l%27architettura+come+opera+incompiuta%2C+irrisolta.+Qui%2C+il+flusso+e+il+ritmo+della+sequenza+fotografica+rimandano+a+una+sorta+di+ascolto+polifonico%2C+a+un+contrappunto+tipico+della+notazione+musicale.%0D%0AFuori+sezione+un+nucleo+di+tre+opere+di+grande+formato+dedicate+al+recente+restauro+di+Notre-Dame%2C+a+Parigi%2C+integra+l%27esperienza+cognitiva%3A+in+questo+caso+una+realt%C3%A0+monumentale%2C+consolidata+nella+memoria+collettiva%2C+si+manifesta+con+inedita+forza+come+vera+e+propria+rivelazione.%0D%0ACompletano+inoltre+il+percorso+espositivo+una+serie+di+vetrine+che+contengono+una+selezione+di+notevoli+pubblicazioni+di+Pino+Musi.+L%27autore+infatti+intende+il+libro+di+fotografia+come+opera+d%E2%80%99ingegno+autonoma%2C+ovvero+una+ricerca+che+privilegia+l%E2%80%99incontro+e+la+collaborazione+interdisciplinare.+%C3%88+in+questo+senso+che+l%27autore+indirizza+la+fotografia+a+differenti+forme+espressive+e+trova+in+particolare+nella+creazione+di+libri+d%E2%80%99artista%2C+nel+bookmaking%2C+il+proprio+veicolo+comunicativo+privilegiato.%0D%0AInaugurazione%0D%0Agioved%C3%AC+7+maggio+2026+-+18.30%0D%0APeriodo+espositivo%0D%0A8.5.2026+%E2%80%93+20.12.2026%0D%0AOrari%0D%0Agioved%C3%AC+%E2%80%93+venerd%C3%AC%0D%0A14.00-18.00%0D%0Asabato+e+domenica%0D%0A10.00-18.00%0D%0Aluned%C3%AC-mercoled%C3%AC%0D%0Achiuso+%28aperto+su+prenotazione+per+gruppi%29%0D%0APorte+aperte+con+ingresso+gratuito%0D%0A10+maggio%0D%0A7+giugno%0D%0A5+luglio%0D%0A6+settembre%0D%0A4+ottobre%0D%0A1%C2%B0+novembre%0D%0A6+dicembre%0D%0AChiusura+estiva%0D%0Adal+13+luglio+al+23+agosto+2026%0D%0A%0D%0AEntrata%0D%0Aintero%3A+CHF+%2F+%E2%82%AC+10.-%0D%0Aridotto%3A+CHF+%2F+%E2%82%AC+7.-%0D%0A%0D%0AMAGGIORI+INFO%0D%0A+Pino+Musi%3A+dalla+serie+Transizione%0D%0A%C2%A9+Pino+Musi%2C+2026%0A%0Ahttps%3A%2F%2Fmuseidartemendrisiotto.ch%2Ffr%2Fpino-musi%2F&#038;gmt=%2B02&#038;ctz=Europe\/Rome\" class=\"event_link event-export gcal\" target=\"_blank\" title=\"Ajouter \u00e0 Google agenda\">Google<\/a>\n\t\t\t\t\t\t\t\t<a href=\"https:\/\/museidartemendrisiotto.ch\/eventpost\/10524.vcs\" class=\"event_link event-export vcs\" target=\"_blank\" title=\"Ajouter \u00e0 Outlook\">outlook<\/a>\n\t\t\t\t\t\t\t\t<i class=\"dashicons-before dashicons-calendar\"><\/i>\n\t\t\t\t\t\t\t<\/span>\n\t\t\t\t\t<\/div><!-- .event_date --><div class=\"event_data event_category \" itemscope itemtype=\"http:\/\/microformats.org\/profile\/hcard\">\n\t\t\t\t\t\t<span class=\"event_categories\">\t\t\t\t\t<span  class=\"event-term event_term_category\">Teatro dell\u2019architettura <\/span><\/span>\n\t\t\t\t\t<\/div><!-- .event_category --><div class=\"event_data event_location \" itemscope itemtype=\"http:\/\/microformats.org\/profile\/hcard\">\n\t\t\n\t\t\t\t\t<\/div><!-- .event_location --><span class=\"event_exerpt\">Mostra promossa dall\u2019Accademia di architettura dell\u2019Universit\u00e0 della Svizzera italiana.\r\nA cura di Michael Jakob.\r\nPino Musi. Continuum \u00e8 un progetto espositivo site specific che dialoga con la forma circolare del Teatro dell\u2019architettura. Il flusso delle opere si articola in lunghi scrolls (rotoli di immagini), dove le sei sezioni principali della mostra si sviluppano, lasciando al fruitore la libert\u00e0 di cercare il proprio percorso nella lettura tra le connessioni possibili fra i differenti capitoli del lavoro dell\u2019artista:\r\nOrigine mostra, paradossalmente, come sia proprio la rovina, la forma spesso irriconoscibile delle costruzioni esposte al lavorio della natura, a riportarci alle loro origini. Anche la fotografia \u00e8, a ben vedere, un&rsquo;attivit\u00e0 archeologica: scava, identifica, riordina, ricostruisce.\r\nMetonimia interroga il senso originario dell\u2019abitare, l\u2019essenza stessa dell\u2019architettura, che non coincide con la mera occupazione della terra. Iperbole riflette il fatto che attorno a noi esiste anche un\u2019architettura folle che non riguarda soltanto la forma ma proprio il gesto progettuale in quanto tale, come se l&rsquo;autore intendesse costruire \u00ab\u00a0contro\u00a0\u00bb , ovvero contro chi la abiter\u00e0, visiter\u00e0, conoscer\u00e0.\r\nNella sezione Superficie il defilarsi filmico delle facciate di architettura del secolo scorso rimanda all\u2019estetica della superficie teorizzata da Nietzsche, cio\u00e8 al prezzo da pagare quando tutto appare in bal\u00eca del diktat della bella forma.\r\nTransizione ricorda che il senso profondo, reale, di ogni architettura dipende dalla possibilit\u00e0 di viverla e quindi di attraversarla.\r\nIl capitolo Incompiutezza intende invece l&rsquo;architettura come opera incompiuta, irrisolta. Qui, il flusso e il ritmo della sequenza fotografica rimandano a una sorta di ascolto polifonico, a un contrappunto tipico della notazione musicale.\r\nFuori sezione un nucleo di tre opere di grande formato dedicate al recente restauro di Notre-Dame, a Parigi, integra l&rsquo;esperienza cognitiva: in questo caso una realt\u00e0 monumentale, consolidata nella memoria collettiva, si manifesta con inedita forza come vera e propria rivelazione.\r\nCompletano inoltre il percorso espositivo una serie di vetrine che contengono una selezione di notevoli pubblicazioni di Pino Musi. L&rsquo;autore infatti intende il libro di fotografia come opera d\u2019ingegno autonoma, ovvero una ricerca che privilegia l\u2019incontro e la collaborazione interdisciplinare. \u00c8 in questo senso che l&rsquo;autore indirizza la fotografia a differenti forme espressive e trova in particolare nella creazione di libri d\u2019artista, nel bookmaking, il proprio veicolo comunicativo privilegiato.\r\nInaugurazione\r\ngioved\u00ec 7 maggio 2026 &#8211; 18.30\r\nPeriodo espositivo\r\n8.5.2026 \u2013 20.12.2026\r\nOrari\r\ngioved\u00ec \u2013 venerd\u00ec\r\n14.00-18.00\r\nsabato e domenica\r\n10.00-18.00\r\nluned\u00ec-mercoled\u00ec\r\nchiuso (aperto su prenotazione per gruppi)\r\nPorte aperte con ingresso gratuito\r\n10 maggio\r\n7 giugno\r\n5 luglio\r\n6 settembre\r\n4 ottobre\r\n1\u00b0 novembre\r\n6 dicembre\r\nChiusura estiva\r\ndal 13 luglio al 23 agosto 2026\r\n\r\nEntrata\r\nintero: CHF \/ \u20ac 10.-\r\nridotto: CHF \/ \u20ac 7.-\r\n\r\nMAGGIORI INFO\r\n Pino Musi: dalla serie Transizione\r\n\u00a9 Pino Musi, 2026<\/span><\/div><!-- .event_item --><div class=\"event_item event_future status-EventScheduled location-type-OfflineEventAttendanceMode translation_priority-Facultatif category-Museo d\u2019arte Mendrisio post_tag-mostre\" data-color=\"000000\" style=\"\"><a href=\"https:\/\/museidartemendrisiotto.ch\/fr\/felice-varini\/\"><span class=\"event_thumbnail_wrap\"><img loading=\"lazy\" decoding=\"async\" width=\"900\" height=\"415\" src=\"https:\/\/museidartemendrisiotto.ch\/wp-content\/uploads\/2026\/04\/1_DSC2791__A4-lato-lungo-2048x1396-1.jpg\" class=\"attachment-thumbnail wp-post-image event_thumbnail wp-post-image\" alt=\"\" srcset=\"https:\/\/museidartemendrisiotto.ch\/wp-content\/uploads\/2026\/04\/1_DSC2791__A4-lato-lungo-2048x1396-1.jpg 900w, https:\/\/museidartemendrisiotto.ch\/wp-content\/uploads\/2026\/04\/1_DSC2791__A4-lato-lungo-2048x1396-1-300x138.jpg 300w, https:\/\/museidartemendrisiotto.ch\/wp-content\/uploads\/2026\/04\/1_DSC2791__A4-lato-lungo-2048x1396-1-768x354.jpg 768w, https:\/\/museidartemendrisiotto.ch\/wp-content\/uploads\/2026\/04\/1_DSC2791__A4-lato-lungo-2048x1396-1-350x161.jpg 350w\" sizes=\"(max-width: 900px) 100vw, 900px\" \/><\/span><h5>FELICE VARINI <\/h5><\/a><div class=\"event_data event_date \" itemscope itemtype=\"http:\/\/microformats.org\/profile\/hcard\">\n\t\t\t\t\t\t<div class=\"event_date\" data-start=\"dimanche 10 mai 2026\" data-end=\"dimanche 11 octobre 2026\"> <span class=\"linking_word linking_word-from\">de<\/span> <time class=\"date date-start\" itemprop=\"dtstart\" datetime=\"2026-05-10T00:00:00+00:00\">10.05.2026<\/time> <span class=\"linking_word linking_word-to\">\u00e0<\/span> <time class=\"date date-to\" itemprop=\"dtend\" datetime=\"2026-10-11T00:00:00+00:00\">11.10.2026<\/time>\n\t\t\t\t\t\t<\/div><!-- .event_date --><span class=\"eventpost-status\">Planifi\u00e9<\/span>\n\t\t\t\t\t\t\t<span class=\"eventpost-date-export\">\n\t\t\t\t\t\t\t\t<a href=\"https:\/\/museidartemendrisiotto.ch\/eventpost\/10251.ics\" class=\"event_link event-export ics\" target=\"_blank\" title=\"T\u00e9l\u00e9charger au format ICS\">ical<\/a>\n\t\t\t\t\t\t\t\t<a href=\"https:\/\/www.google.com\/calendar\/event?action=TEMPLATE&#038;trp=false&#038;sprop=name&#038;text=FELICE+VARINI&#038;dates=20260510%2F20261011&#038;location&#038;details=Il+Museo+d%E2%80%99arte+Mendrisio+dedica+a+Felice+Varini+%28Locarno%2C+1952%29+la+prima+grande+mostra+monografica+di+ampio+respiro+mai+realizzata+in+Svizzera%2C+segnando+un+momento+di+particolare+rilievo+nel+riconoscimento+istituzionale+dell%E2%80%99artista+ticinese%2C+da+decenni+attivo+sulla+scena+internazionale+e+ormai+francese+d%E2%80%99adozione.+La+mostra+si+sviluppa+come+un+intervento+totale%2C+occupando+tutti+gli+ambienti+del+museo%3A+dal+chiostro+cinquecentesco%2C+che+accompagna+il+visitatore+verso+l%E2%80%99ingresso%2C+fino+alle+sale+espositive+interne%2C+concepite+come+tappe+di+un+percorso+unitario+e+immersivo.+Ogni+spazio%2C+ogni+sala%2C+ogni+ambiente+architettonico+accoglie+una+specifica+installazione%2C+pensata+in+relazione+diretta+con+le+sue+caratteristiche+strutturali%2C+volumetriche+e+percettive.+Attraverso+questo+itinerario%2C+il+pubblico+%C3%A8+invitato+a+ripercorrere+l%E2%80%99intera+carriera+di+Varini%2C+dagli+esordi+alle+ricerche+pi%C3%B9+recenti.+La+selezione+comprende+opere+storiche+riattualizzate+in+funzione+degli+spazi+del+Museo+d%E2%80%99arte+Mendrisio+e+installazioni+inedite%2C+concepite+appositamente+per+l%E2%80%99occasione.+In+entrambi+i+casi%2C+l%E2%80%99artista+interviene+sullo+spazio+non+come+semplice+contenitore%2C+ma+come+materia+stessa+dell%E2%80%99opera.InaugurazioneSabato+9+maggio+2025%2C+18.00Periodo+espositivo10.05.2026+-+11.10.2026Orarimarted%C3%AC+%E2%80%93+venerd%C3%AC10.00+%E2%80%93+12.00+%2F+14.00+%E2%80%93+17.00sabato%2C+domenica+e+festivi10.00+%E2%80%93+18.00Chiuso+il+luned%C3%AC.Entrataintero%3A+CHF+%2F+%E2%82%AC+14.-ridotto%3A+CHF+%2F+%E2%82%AC+12.-Chiusure+specialiMAGGIORI+INFO+Nero+giallo+blu+e+rosso+per+l%E2%80%99ellisse+e+il+cerchio%2C+Mendrisio%2C+2026%2C+pittura+acrilica+e+pellicola+vinilica%C2%A9+Felice+Varini+2026%2C+ProLitteris%2C+Zurich+%2F+Foto%3A+Mattia+Mognetti%0A%0Ahttps%3A%2F%2Fmuseidartemendrisiotto.ch%2Ffr%2Ffelice-varini%2F&#038;gmt=%2B02&#038;ctz=Europe\/Rome\" class=\"event_link event-export gcal\" target=\"_blank\" title=\"Ajouter \u00e0 Google agenda\">Google<\/a>\n\t\t\t\t\t\t\t\t<a href=\"https:\/\/museidartemendrisiotto.ch\/eventpost\/10251.vcs\" class=\"event_link event-export vcs\" target=\"_blank\" title=\"Ajouter \u00e0 Outlook\">outlook<\/a>\n\t\t\t\t\t\t\t\t<i class=\"dashicons-before dashicons-calendar\"><\/i>\n\t\t\t\t\t\t\t<\/span>\n\t\t\t\t\t<\/div><!-- .event_date --><div class=\"event_data event_category \" itemscope itemtype=\"http:\/\/microformats.org\/profile\/hcard\">\n\t\t\t\t\t\t<span class=\"event_categories\">\t\t\t\t\t<span  class=\"event-term event_term_category\">Museo d\u2019arte Mendrisio <\/span><\/span>\n\t\t\t\t\t<\/div><!-- .event_category --><div class=\"event_data event_location \" itemscope itemtype=\"http:\/\/microformats.org\/profile\/hcard\">\n\t\t\n\t\t\t\t\t<\/div><!-- .event_location --><span class=\"event_exerpt\">Il Museo d\u2019arte Mendrisio dedica a Felice Varini (Locarno, 1952) la prima grande mostra monografica di ampio respiro mai realizzata in Svizzera, segnando un momento di particolare rilievo nel riconoscimento istituzionale dell\u2019artista ticinese, da decenni attivo sulla scena internazionale e ormai francese d\u2019adozione. La mostra si sviluppa come un intervento totale, occupando tutti gli ambienti del museo: dal chiostro cinquecentesco, che accompagna il visitatore verso l\u2019ingresso, fino alle sale espositive interne, concepite come tappe di un percorso unitario e immersivo. Ogni spazio, ogni sala, ogni ambiente architettonico accoglie una specifica installazione, pensata in relazione diretta con le sue caratteristiche strutturali, volumetriche e percettive. Attraverso questo itinerario, il pubblico \u00e8 invitato a ripercorrere l\u2019intera carriera di Varini, dagli esordi alle ricerche pi\u00f9 recenti. La selezione comprende opere storiche riattualizzate in funzione degli spazi del Museo d\u2019arte Mendrisio e installazioni inedite, concepite appositamente per l\u2019occasione. In entrambi i casi, l\u2019artista interviene sullo spazio non come semplice contenitore, ma come materia stessa dell\u2019opera.InaugurazioneSabato 9 maggio 2025, 18.00Periodo espositivo10.05.2026 &#8211; 11.10.2026Orarimarted\u00ec \u2013 venerd\u00ec10.00 \u2013 12.00 \/ 14.00 \u2013 17.00sabato, domenica e festivi10.00 \u2013 18.00Chiuso il luned\u00ec.Entrataintero: CHF \/ \u20ac 14.-ridotto: CHF \/ \u20ac 12.-Chiusure specialiMAGGIORI INFO Nero giallo blu e rosso per l\u2019ellisse e il cerchio, Mendrisio, 2026, pittura acrilica e pellicola vinilica\u00a9 Felice Varini 2026, ProLitteris, Zurich \/ Foto: Mattia Mognetti<\/span><\/div><!-- .event_item --><\/div><!-- .event_loop --><\/p>                    <\/div>\n\t\t        \n                    <div id=\"max-museo-tab\" class=\"clearfix eael-tab-content-item inactive\" data-title-link=\"max-museo-tab\">\n\t\t\t\t        <div class=\"filter-museo\"><div class=\"event_loop event_list  no-list\" id=\"event_list2\" style=\"height:auto;\" ><div class=\"event_item event_future status-EventScheduled location-type-OfflineEventAttendanceMode translation_priority-Facultatif category-m.a.x. museo post_tag-mostre\" data-color=\"000000\" style=\"\"><a href=\"https:\/\/museidartemendrisiotto.ch\/fr\/max-bill\/\"><span class=\"event_thumbnail_wrap\"><img loading=\"lazy\" decoding=\"async\" width=\"1024\" height=\"472\" src=\"https:\/\/museidartemendrisiotto.ch\/wp-content\/uploads\/2025\/11\/2026-03-04_Copertina-Max-Bill_big-copia-1024x472.jpg\" class=\"attachment-thumbnail wp-post-image event_thumbnail wp-post-image\" alt=\"\" srcset=\"https:\/\/museidartemendrisiotto.ch\/wp-content\/uploads\/2025\/11\/2026-03-04_Copertina-Max-Bill_big-copia-1024x472.jpg 1024w, https:\/\/museidartemendrisiotto.ch\/wp-content\/uploads\/2025\/11\/2026-03-04_Copertina-Max-Bill_big-copia-300x138.jpg 300w, https:\/\/museidartemendrisiotto.ch\/wp-content\/uploads\/2025\/11\/2026-03-04_Copertina-Max-Bill_big-copia-768x354.jpg 768w, https:\/\/museidartemendrisiotto.ch\/wp-content\/uploads\/2025\/11\/2026-03-04_Copertina-Max-Bill_big-copia-1536x708.jpg 1536w, https:\/\/museidartemendrisiotto.ch\/wp-content\/uploads\/2025\/11\/2026-03-04_Copertina-Max-Bill_big-copia-2048x944.jpg 2048w, https:\/\/museidartemendrisiotto.ch\/wp-content\/uploads\/2025\/11\/2026-03-04_Copertina-Max-Bill_big-copia-350x161.jpg 350w\" sizes=\"(max-width: 1024px) 100vw, 1024px\" \/><\/span><h5>max bill (1908-1994): la grammatica della bellezza <\/h5><\/a><div class=\"event_data event_date \" itemscope itemtype=\"http:\/\/microformats.org\/profile\/hcard\">\n\t\t\t\t\t\t<div class=\"event_date\" data-start=\"dimanche 29 mars 2026\" data-end=\"dimanche 12 juillet 2026\"> <span class=\"linking_word linking_word-from\">de<\/span> <time class=\"date date-start\" itemprop=\"dtstart\" datetime=\"2026-03-29T00:00:00+00:00\">29.03.2026<\/time> <span class=\"linking_word linking_word-to\">\u00e0<\/span> <time class=\"date date-to\" itemprop=\"dtend\" datetime=\"2026-07-12T00:00:00+00:00\">12.07.2026<\/time>\n\t\t\t\t\t\t<\/div><!-- .event_date --><span class=\"eventpost-status\">Planifi\u00e9<\/span>\n\t\t\t\t\t\t\t<span class=\"eventpost-date-export\">\n\t\t\t\t\t\t\t\t<a href=\"https:\/\/museidartemendrisiotto.ch\/eventpost\/9376.ics\" class=\"event_link event-export ics\" target=\"_blank\" title=\"T\u00e9l\u00e9charger au format ICS\">ical<\/a>\n\t\t\t\t\t\t\t\t<a href=\"https:\/\/www.google.com\/calendar\/event?action=TEMPLATE&#038;trp=false&#038;sprop=name&#038;text=max+bill+%281908-1994%29%3A+la+grammatica+della+bellezza&#038;dates=20260329%2F20260712&#038;location&#038;details=Mostra+a+cura+di+Karin+Gimmi+e+Nicoletta+Ossanna+Cavadini.%0D%0AL%E2%80%99esposizione+si+inserisce+nel+filone+che+il+m.a.x.+museo+dedica+ciclicamente+ai+%E2%80%9Cmaestri+del+XX+secolo%E2%80%9D+ed+%C3%A8+collegata+al+tema+guida+dell%E2%80%99anno+del+Centro+Culturale+Chiasso%2C+la+pulchritudo.+Questo+concetto+%C3%A8+interpretato+da+Max+Bill+attraverso+un+incessante+lavoro+di+ricerca+quale+espressione+massima+di+armonia%2C+sintesi%2C+unit%C3%A0%2C+spazio+e+logica.+Architetto%2C+anche+se+pi%C3%B9+noto+come+pittore%2C+scultore%2C+designer+e+grafico%2C+Max+Bill+frequenta+il+Bauhaus+dal+1927+al+1928%2C+e+da+questa+esperienza+trae+i+principi+fondanti+per+esprimere+un%E2%80%99arte+razionale%2C+oggettiva+e+non+figurativa%2C+costituendo+con+le+sue+relazioni+personali+un+forte+asse+fra+Zurigo+e+Milano+che+contribuir%C3%A0+a+divulgare+l%E2%80%99innovativo+fenomeno+della+konkrete+kunst+o+arte+concreta.+L%E2%80%99attivit%C3%A0+artistica%2C+il+pensiero+teorico+e+l%E2%80%99insegnamento+sono+aspetti+di+un+unico+metodo+adottato+da+Max+Bill+e+riconosciuto+dalla+critica+come+concetto+%E2%80%9Cd%E2%80%99artista+universale%E2%80%9D.%0D%0ALa+mostra+al+m.a.x.+museo+vuole+porre+l%E2%80%99accento+sulla+centralit%C3%A0+della+figura+di+Max+Bill+come+protagonista+della+cultura+del+Moderno%2C+con+particolare+riferimento+alle+relazioni+fra+Zurigo%2C+il+Canton+Ticino+e+l%E2%80%99Italia.%0D%0A%0D%0AIn+mostra+sono+esposte+oltre+150+sue+opere+pittoriche%2C+scultoree%2C+grafiche+e+di+design+secondo+un+criterio+tematico-cronologico%2C+avendo+sempre+come+fil+rouge+il+forte+rapporto+che+Max+Bill+tenne+con+l%E2%80%99Italia+e+il+Cantone+Ticino.+Fondamentale+%C3%A8+il+prestito+della+collezione+di+Jakob+e+Chantal+Bill+e+della+%E2%80%9Cmax%2C+binia+%2B+jakob+bill+stiftung%E2%80%9D.+Vi+sono+opere+significative+anche+provenienti+da+musei+svizzeri+%E2%80%93+Fotostiftung+Schweiz+di+Winterthur%2C+Museum+f%C3%BCr+Gestaltung+Z%C3%BCrich%2C+gta+Archiv+ETH+Z%C3%BCrich%2C+Kunst+Museum+Winterthur%2C+MASI+Lugano%2C+Biblioteca+Accademia+di+architettura+USI%2C+Mendrisio%2C+Biblioteca+cantonale%2C+Lugano+%E2%80%93+oltre+a+importanti+collezioni+private%2C+fra+cui+si+ricordano+la+collezione+Lorenzelli+Arte%2C+Milano%2C+e+Collezione+WB+form%2C+Z%C3%BCrich.%0D%0A%0D%0AInaugurazione%0D%0Asabato+28+marzo+2026%2C+ore+17.30%0D%0A%0D%0APeriodo+espositivo%0D%0A29.03.2026+-+12.07.2026%0D%0A%0D%0AOrari%C2%A0%0D%0Amarted%C3%AC+%E2%88%92+venerd%C3%AC%0D%0A10.00+%E2%88%92+12.00+%2F+14.00+%E2%88%92+18.00%0D%0Asabato+-+domenica%0D%0A10.30+-+18.00%0D%0A%0D%0AAperture+speciali%0D%0Adomenica+5+aprile%2C+Pasqua%0D%0Aluned%C3%AC+6+aprile%2C+Pasquetta%0D%0Avenerd%C3%AC+1+maggio%2C+Festa+del+lavoro%0D%0Agioved%C3%AC+14+maggio%2C+Ascensione%0D%0Aluned%C3%AC+25+maggio%2C+Luned%C3%AC+di+Pentecoste%0D%0Agioved%C3%AC+4+giugno%2C+Corpus+Domini%0D%0Aluned%C3%AC+29+giugno%2C+SS.+Pietro+e+Paolo%0D%0A%0D%0AChiusure+speciali%0D%0Avenerd%C3%AC+3+aprile%0D%0Asabato+4+aprile%0D%0A%0D%0AChiuso+il+luned%C3%AC.%0D%0A%0D%0AIngresso+gratuito+ogni+prima+domenica+del+mese.%0D%0A%0D%0AMAGGIORI+INFO%0D%0A%0D%0A%F0%9F%93%B7+max+bill%2C+feld+aus+sechs+sich+durchdringenden+farben%2C+1966-67%2C+olio+su+tela%0D%0Acollezione+chantal+%2B+jakob+bill%0D%0A%0D%0A+%0A%0Ahttps%3A%2F%2Fmuseidartemendrisiotto.ch%2Ffr%2Fmax-bill%2F&#038;gmt=%2B02&#038;ctz=Europe\/Rome\" class=\"event_link event-export gcal\" target=\"_blank\" title=\"Ajouter \u00e0 Google agenda\">Google<\/a>\n\t\t\t\t\t\t\t\t<a href=\"https:\/\/museidartemendrisiotto.ch\/eventpost\/9376.vcs\" class=\"event_link event-export vcs\" target=\"_blank\" title=\"Ajouter \u00e0 Outlook\">outlook<\/a>\n\t\t\t\t\t\t\t\t<i class=\"dashicons-before dashicons-calendar\"><\/i>\n\t\t\t\t\t\t\t<\/span>\n\t\t\t\t\t<\/div><!-- .event_date --><div class=\"event_data event_category \" itemscope itemtype=\"http:\/\/microformats.org\/profile\/hcard\">\n\t\t\t\t\t\t<span class=\"event_categories\">\t\t\t\t\t<span  class=\"event-term event_term_category\">m.a.x. museo <\/span><\/span>\n\t\t\t\t\t<\/div><!-- .event_category --><div class=\"event_data event_location \" itemscope itemtype=\"http:\/\/microformats.org\/profile\/hcard\">\n\t\t\n\t\t\t\t\t<\/div><!-- .event_location --><span class=\"event_exerpt\">Mostra a cura di Karin Gimmi e Nicoletta Ossanna Cavadini.\r\nL\u2019esposizione si inserisce nel filone che il m.a.x. museo dedica ciclicamente ai \u201cmaestri del XX secolo\u201d ed \u00e8 collegata al tema guida dell\u2019anno del Centro Culturale Chiasso, la pulchritudo. Questo concetto \u00e8 interpretato da Max Bill attraverso un incessante lavoro di ricerca quale espressione massima di armonia, sintesi, unit\u00e0, spazio e logica. Architetto, anche se pi\u00f9 noto come pittore, scultore, designer e grafico, Max Bill frequenta il Bauhaus dal 1927 al 1928, e da questa esperienza trae i principi fondanti per esprimere un\u2019arte razionale, oggettiva e non figurativa, costituendo con le sue relazioni personali un forte asse fra Zurigo e Milano che contribuir\u00e0 a divulgare l\u2019innovativo fenomeno della konkrete kunst o arte concreta. L\u2019attivit\u00e0 artistica, il pensiero teorico e l\u2019insegnamento sono aspetti di un unico metodo adottato da Max Bill e riconosciuto dalla critica come concetto \u201cd\u2019artista universale\u201d.\r\nLa mostra al m.a.x. museo vuole porre l\u2019accento sulla centralit\u00e0 della figura di Max Bill come protagonista della cultura del Moderno, con particolare riferimento alle relazioni fra Zurigo, il Canton Ticino e l\u2019Italia.\r\n\r\nIn mostra sono esposte oltre 150 sue opere pittoriche, scultoree, grafiche e di design secondo un criterio tematico-cronologico, avendo sempre come fil rouge il forte rapporto che Max Bill tenne con l\u2019Italia e il Cantone Ticino. Fondamentale \u00e8 il prestito della collezione di Jakob e Chantal Bill e della \u201cmax, binia + jakob bill stiftung\u201d. Vi sono opere significative anche provenienti da musei svizzeri \u2013 Fotostiftung Schweiz di Winterthur, Museum f\u00fcr Gestaltung Z\u00fcrich, gta Archiv ETH Z\u00fcrich, Kunst Museum Winterthur, MASI Lugano, Biblioteca Accademia di architettura USI, Mendrisio, Biblioteca cantonale, Lugano \u2013 oltre a importanti collezioni private, fra cui si ricordano la collezione Lorenzelli Arte, Milano, e Collezione WB form, Z\u00fcrich.\r\n\r\nInaugurazione\r\nsabato 28 marzo 2026, ore 17.30\r\n\r\nPeriodo espositivo\r\n29.03.2026 &#8211; 12.07.2026\r\n\r\nOrari\u00a0\r\nmarted\u00ec \u2212 venerd\u00ec\r\n10.00 \u2212 12.00 \/ 14.00 \u2212 18.00\r\nsabato &#8211; domenica\r\n10.30 &#8211; 18.00\r\n\r\nAperture speciali\r\ndomenica 5 aprile, Pasqua\r\nluned\u00ec 6 aprile, Pasquetta\r\nvenerd\u00ec 1 maggio, Festa del lavoro\r\ngioved\u00ec 14 maggio, Ascensione\r\nluned\u00ec 25 maggio, Luned\u00ec di Pentecoste\r\ngioved\u00ec 4 giugno, Corpus Domini\r\nluned\u00ec 29 giugno, SS. Pietro e Paolo\r\n\r\nChiusure speciali\r\nvenerd\u00ec 3 aprile\r\nsabato 4 aprile\r\n\r\nChiuso il luned\u00ec.\r\n\r\nIngresso gratuito ogni prima domenica del mese.\r\n\r\nMAGGIORI INFO\r\n\r\n\ud83d\udcf7 max bill, feld aus sechs sich durchdringenden farben, 1966-67, olio su tela\r\ncollezione chantal + jakob bill\r\n\r\n <\/span><\/div><!-- .event_item --><\/div><!-- .event_loop --><\/div>                    <\/div>\n\t\t        \n                    <div id=\"museo-darte-mendrisio-tab\" class=\"clearfix eael-tab-content-item inactive\" data-title-link=\"museo-darte-mendrisio-tab\">\n\t\t\t\t        <div class=\"filter-museo\"><div class=\"event_loop event_list  no-list\" id=\"event_list3\" style=\"height:auto;\" ><div class=\"event_item event_future status-EventScheduled location-type-OfflineEventAttendanceMode translation_priority-Facultatif category-Museo d\u2019arte Mendrisio post_tag-mostre post_tag-mostra-permanente-fr\" data-color=\"000000\" style=\"\"><a href=\"https:\/\/museidartemendrisiotto.ch\/fr\/museo-del-trasparente\/\"><span class=\"event_thumbnail_wrap\"><img decoding=\"async\" width=\"900\" height=\"415\" src=\"https:\/\/museidartemendrisiotto.ch\/wp-content\/uploads\/2024\/03\/trasparenti-00-2.jpg\" class=\"attachment-thumbnail wp-post-image event_thumbnail wp-post-image\" alt=\"\" srcset=\"https:\/\/museidartemendrisiotto.ch\/wp-content\/uploads\/2024\/03\/trasparenti-00-2.jpg 900w, https:\/\/museidartemendrisiotto.ch\/wp-content\/uploads\/2024\/03\/trasparenti-00-2-300x138.jpg 300w, https:\/\/museidartemendrisiotto.ch\/wp-content\/uploads\/2024\/03\/trasparenti-00-2-768x354.jpg 768w, https:\/\/museidartemendrisiotto.ch\/wp-content\/uploads\/2024\/03\/trasparenti-00-2-350x161.jpg 350w\" sizes=\"(max-width: 900px) 100vw, 900px\" \/><\/span><h5>MUS\u00c9E TRANSPARENT <\/h5><\/a><div class=\"event_data event_date \" itemscope itemtype=\"http:\/\/microformats.org\/profile\/hcard\">\n\t\t\t\t\t\t<div class=\"event_date\" data-start=\"dimanche 1 janvier 2023\" data-end=\"dimanche 31 d\u00e9cembre 2028\"> <span class=\"linking_word linking_word-from\">de<\/span> <time class=\"date date-start\" itemprop=\"dtstart\" datetime=\"2023-01-01T00:00:00+00:00\">01.01.2023<\/time> <span class=\"linking_word linking_word-to\">\u00e0<\/span> <time class=\"date date-to\" itemprop=\"dtend\" datetime=\"2028-12-31T00:00:00+00:00\">31.12.2028<\/time>\n\t\t\t\t\t\t<\/div><!-- .event_date --><span class=\"eventpost-status\">Planifi\u00e9<\/span>\n\t\t\t\t\t\t\t<span class=\"eventpost-date-export\">\n\t\t\t\t\t\t\t\t<a href=\"https:\/\/museidartemendrisiotto.ch\/eventpost\/5248.ics\" class=\"event_link event-export ics\" target=\"_blank\" title=\"T\u00e9l\u00e9charger au format ICS\">ical<\/a>\n\t\t\t\t\t\t\t\t<a href=\"https:\/\/www.google.com\/calendar\/event?action=TEMPLATE&#038;trp=false&#038;sprop=name&#038;text=MUS%C3%89E+TRANSPARENT&#038;dates=20230101%2F20281231&#038;location&#038;details=Transparents%0D%0A%0D%0A%0D%0A%0D%0ALes+%22transparents%22+sont+des+appareils+%C3%A9ph%C3%A9m%C3%A8res+li%C3%A9s+aux+processions+historiques+de+la+Semaine+sainte+de+Mendrisio%2C+document%C3%A9es+au+moins+depuis+le+XVIIe+si%C3%A8cle.+Les+premi%C3%A8res+grandes+%22arches+lumineuses%22+ou+%22lanternes%22+suspendues+dans+les+rues+n%27apparaissent+qu%27en+1791%2C+comme+l%27indique+Don+Ambrogio+Torriani+dans+une+lettre.+C%27est+presque+certainement+le+fr%C3%A8re+servite+Antonio+Maria+Baroffio+%281732-1798%29+du+couvent+de+San+Giovanni+qui+a+introduit+cette+tradition.%0D%0A%0D%0A%0D%0A%0D%0A%0D%0A%0D%0A%0D%0A%0D%0A%0D%0A%0D%0A%0D%0A%0D%0ABien+que+les+%22transparents%22+aient+%C3%A9t%C3%A9+imm%C3%A9diatement+g%C3%A9r%C3%A9s+par+les+Servantes+de+Marie+et+conserv%C3%A9s+au+Couvent%2C+ils+ont+toujours+%C3%A9t%C3%A9+pay%C3%A9s+par+des+particuliers+et%2C+%C3%A0+partir+de+1794%2C+%C3%A9galement+par+l%27autorit%C3%A9+municipale+de+Mendrisio%2C+qui+avait+%C3%A9galement+la+t%C3%A2che+d%27organiser+leur+exposition.+Depuis+la+suppression+du+couvent+en+1852+jusqu%27%C3%A0+aujourd%27hui%2C+la+municipalit%C3%A9+de+Mendrisio%2C+propri%C3%A9taire+de+presque+toutes+les+%C5%93uvres+-+dont+certaines+ont+ensuite+%C3%A9t%C3%A9+re%C3%A7ues+en+donation+par+les+familles+qui+les+avaient+command%C3%A9es+-+s%27est+toujours+charg%C3%A9e+de+les+pr%C3%A9senter+dans+les+rues+du+Borgo+%C3%A0+l%27occasion+des+processions+de+la+Semaine+Sainte.%0D%0A%0D%0ALa+premi%C3%A8re+s%C3%A9rie+de+%22portes%22+a+%C3%A9t%C3%A9+achev%C3%A9e+entre+1791+et+1792+%3A+le+style+%C3%A9vident%2C+les+inscriptions+et+les+dates+peintes+sur+certains+cadres+indiquent+que+Giovanni+Battista+Bagutti+de+Rovio+%281742-1823%29+est+peut-%C3%AAtre+l%27auteur+de+la+premi%C3%A8re+s%C3%A9rie+originale.+Chaque+fa%C3%A7ade+pr%C3%A9sentait+une+sc%C3%A8ne+centrale+flanqu%C3%A9e+de+deux+figures+de+proph%C3%A8tes%2C+dont+les+textes+%C3%A9taient+li%C3%A9s+au+sujet+repr%C3%A9sent%C3%A9.+Outre+les+sc%C3%A8nes+de+la+Passion+du+Christ%2C+au+moins+deux+%C3%A9pisodes+de+la+%22Passion+de+Marie%22+ont+%C3%A9t%C3%A9+illustr%C3%A9s.+Dans+les+m%C3%AAmes+ann%C3%A9es%2C+il+a+%C3%A9galement+sign%C3%A9+et+dat%C3%A9+le+groupe+de+4+%22pilastres%22+de+la+fa%C3%A7ade+de+San+Giovanni+et+la+s%C3%A9rie+de+6+%22voiles%22+pour+la+fa%C3%A7ade+du+couvent+de+San+Giovanni.+On+lui+attribue+%C3%A9galement+le+%22placard%22+au-dessus+de+la+porte+de+l%27%C3%A9glise%2C+l%27arc+avec+les+anges%2C+les+4+%22temples%22+avec+les+proph%C3%A8tes+et+les+4+ensembles+de+lampadaires.%0D%0A%0D%0ALes+premi%C3%A8res+%C5%93uvres+document%C3%A9es+apr%C3%A8s+celles+de+Bagutti+sont+une+s%C3%A9rie+de+12+%22lanternes%22+que+la+municipalit%C3%A9+de+Mendrisio+a+pay%C3%A9es+en+1838+%C3%A0+Augusto+Catenazzi%2C+pour+%C3%AAtre+plac%C3%A9es+sur+des+%22poteaux%22+le+long+de+l%27actuel+Corso+bello.+Une+fois+qu%27elles+eurent+disparu%2C+ou+qu%27elles+ne+furent+plus+identifiables%2C+en+1949%2C+une+commission+similaire+chargea+Mario+Gilardi+de+r%C3%A9aliser+autant+de+%22lanternes+fixes%22+%C3%A0+placer+dans+l%27avenue+bord%C3%A9e+d%27arbres+qui+m%C3%A8ne+%C3%A0+l%27%C3%A9glise+de+San+Francesco+dei+Cappuccini%2C+%C3%A0+l%27extr%C3%A9mit%C3%A9+sud+du+parcours+processionnel.%0D%0A%0D%0A%0D%0A%0D%0A%0D%0A%0D%0A%0D%0A%0D%0ATour+virtuel+des+Processions+historiques%0D%0A%0D%0A+%0D%0A%0D%0A%0D%0A%0D%0A%0D%0A%0D%0A%0D%0AL%27histoire+de+Casa+Croci%0D%0A%0D%0A%0D%0A%0D%0A%0D%0A%0D%0A%0D%0A%0D%0A%0D%0A%0D%0A%0D%0A%0D%0A%0D%0A%0D%0AL%27architecte+Antonio+Croci+%281823-1884%29+a+%C3%A9tudi%C3%A9+l%27architecture+%C3%A0+l%27Accademia+delle+Belle+Arti+de+Milan%2C+o%C3%B9+il+s%27est+distingu%C3%A9+en+remportant+le+premier+prix+d%27un+concours+d%27%22Invention+architecturale%22.%0D%0AIl+a+longtemps+v%C3%A9cu+en+Turquie%2C+o%C3%B9+il+a+travaill%C3%A9+pour+la+cour+de+Constantinople.+De+nombreuses+incertitudes+subsistent+%C3%A0+son+sujet+et+sur+son+travail+%3A+les+archives+contenant+les+plans+de+ses+ateliers%2C+conserv%C3%A9es+par+un+parent+%C3%A9loign%C3%A9+car+Croci+%C3%A9tait+rest%C3%A9+c%C3%A9libataire+et+n%27avait+pas+d%27h%C3%A9ritiers+directs%2C+ont+%C3%A9t%C3%A9+envoy%C3%A9es+%C3%A0+la+casse+%3B+il+est+presque+certain+qu%27il+a+travaill%C3%A9+%C3%A0+plusieurs+reprises+pour+le+baron+russe+Von+der+Wies%2C+notamment+pour+la+construction+du+ch%C3%A2teau+de+Valrose+%C3%A0+Nice%2C+achev%C3%A9+en+1869+%3B+entre+1861+et+1865%2C+il+a+travaill%C3%A9+%C3%A0+la+r%C3%A9novation+de+l%27%C3%A9glise+de+San+Giorgio+%C3%A0+Ernen+et+de+l%27%C3%A9glise+de+Lax%2C+%C3%A9galement+en+Valais+en+1874.+L%27ann%C3%A9e+suivante%2C+il+collabore+avec+Vincenzo+Vela+%28sculpteur+1820-1891%29+pour+le+monument+%C3%A9questre+d%C3%A9di%C3%A9+au+duc+de+Brunswick%2C+qui+ne+sera+jamais+construit+et+dont+la+maquette+est+conserv%C3%A9e+au+mus%C3%A9e+Vela+de+Ligornetto.%0D%0AApr%C3%A8s+un+long+s%C3%A9jour+en+Am%C3%A9rique+latine+entre+1871+et+1872+%C3%A0+Buenos+Aires%2C+Antonio+Croci+est+charg%C3%A9+par+la+famille+Bernasconi+de+Mendrisio+de+construire+la+Villa+Argentina+%C3%A0+Mendrisio.%0D%0AEn+1858%2C+il+a+construit+sa+propre+maison+%C3%A0+Mendrisio+%28connue+aujourd%27hui+sous+le+nom+de+%22Casa+Croci%22%29+sur+la+pente+ensoleill%C3%A9e+appel%C3%A9e+Carlasch+%28le+m%C3%AAme+b%C3%A2timent+est+encore+identifi%C3%A9+sous+ce+nom+aujourd%27hui.+Au+fil+des+ans%2C+d%27autres+b%C3%A2timents+ont+assi%C3%A9g%C3%A9+la+Casa+Croci%2C+%C3%A0+l%27origine+solitaire%2C+cachant+l%27%C3%A9tat+de+d%C3%A9labrement+dans+lequel+elle+avait+%C3%A9t%C3%A9+abandonn%C3%A9e.+Heureusement%2C+dans+les+ann%C3%A9es+1970%2C+sa+valeur+architecturale+a+%C3%A9t%C3%A9+red%C3%A9couverte.+Aujourd%27hui%2C+enti%C3%A8rement+et+finement+restaur%C3%A9%2C+il+fait+partie+du+patrimoine+du+catalogue+cantonal+des+monuments%2C+et+a+%C3%A9t%C3%A9+utilis%C3%A9+pour+des+expositions+temporaires.%0D%0ADepuis+2017%2C+la+Casa+Croci+est+le+si%C3%A8ge+du+Museo+del+Trasparente+et+accueille+une+exposition+permanente+qui+permet+aux+visiteurs+d%27observer+de+pr%C3%A8s+et+tout+au+long+de+l%27ann%C3%A9e+les+pr%C3%A9cieux+objets+%3A+au+rez-de-chauss%C3%A9e%2C+une+section+est+consacr%C3%A9e+aux+Processions+historiques+et+%C3%A0+leur+histoire+%3B+au+premier+%C3%A9tage%2C+les+diff%C3%A9rentes+typologies+qui+caract%C3%A9risent+l%27exceptionnel+appareil+d%C3%A9coratif+des+%22+transparences+%22+%3B+au+deuxi%C3%A8me+%C3%A9tage%2C+une+section+d%C3%A9di%C3%A9e+aux+probl%C3%A8mes+d%27ex%C3%A9cution%2C+de+conservation+et+de+restauration.%0D%0A%0D%0ATour+virtuel+du+Mus%C3%A9e+Transparent%0D%0A%0D%0A+%0D%0A%0D%0A%0D%0A%0D%0A%0D%0A%0D%0A%0D%0A%0D%0AAdresse%0D%0ACasa+Croci%0D%0AVia+Municipio%0D%0ACH+%E2%80%93+6850+Mendrisio%0D%0A%0D%0AHoraires+d%27ouvertures%0D%0Ajeudi+et+samedi%0D%0A14.00+-+18.00%0D%0A%0D%0Adu+27+mars+au+7+avril+2024%0D%0Atous+les+jours%0D%0A10.00+-+12.00+%2F+14.00+-+18.00%0D%0A%0D%0AJeudi+et+Vendredi+Saint%C2%A0%0D%0A10.00+-+20.30%0D%0A%0D%0AEntr%C3%A9e+gratuite%C2%A0%0A%0Ahttps%3A%2F%2Fmuseidartemendrisiotto.ch%2Ffr%2Fmuseo-del-trasparente%2F&#038;gmt=%2B02&#038;ctz=Europe\/Rome\" class=\"event_link event-export gcal\" target=\"_blank\" title=\"Ajouter \u00e0 Google agenda\">Google<\/a>\n\t\t\t\t\t\t\t\t<a href=\"https:\/\/museidartemendrisiotto.ch\/eventpost\/5248.vcs\" class=\"event_link event-export vcs\" target=\"_blank\" title=\"Ajouter \u00e0 Outlook\">outlook<\/a>\n\t\t\t\t\t\t\t\t<i class=\"dashicons-before dashicons-calendar\"><\/i>\n\t\t\t\t\t\t\t<\/span>\n\t\t\t\t\t<\/div><!-- .event_date --><div class=\"event_data event_category \" itemscope itemtype=\"http:\/\/microformats.org\/profile\/hcard\">\n\t\t\t\t\t\t<span class=\"event_categories\">\t\t\t\t\t<span  class=\"event-term event_term_category\">Museo d\u2019arte Mendrisio <\/span><\/span>\n\t\t\t\t\t<\/div><!-- .event_category --><div class=\"event_data event_location \" itemscope itemtype=\"http:\/\/microformats.org\/profile\/hcard\">\n\t\t\n\t\t\t\t\t<\/div><!-- .event_location --><span class=\"event_exerpt\">Transparents\r\n\r\n\r\n\r\nLes \u00ab\u00a0transparents\u00a0\u00bb sont des appareils \u00e9ph\u00e9m\u00e8res li\u00e9s aux processions historiques de la Semaine sainte de Mendrisio, document\u00e9es au moins depuis le XVIIe si\u00e8cle. Les premi\u00e8res grandes \u00ab\u00a0arches lumineuses\u00a0\u00bb ou \u00ab\u00a0lanternes\u00a0\u00bb suspendues dans les rues n&rsquo;apparaissent qu&rsquo;en 1791, comme l&rsquo;indique Don Ambrogio Torriani dans une lettre. C&rsquo;est presque certainement le fr\u00e8re servite Antonio Maria Baroffio (1732-1798) du couvent de San Giovanni qui a introduit cette tradition.\r\n\r\n\r\n\r\n\r\n\r\n\r\n\r\n\r\n\r\n\r\n\r\nBien que les \u00ab\u00a0transparents\u00a0\u00bb aient \u00e9t\u00e9 imm\u00e9diatement g\u00e9r\u00e9s par les Servantes de Marie et conserv\u00e9s au Couvent, ils ont toujours \u00e9t\u00e9 pay\u00e9s par des particuliers et, \u00e0 partir de 1794, \u00e9galement par l&rsquo;autorit\u00e9 municipale de Mendrisio, qui avait \u00e9galement la t\u00e2che d&rsquo;organiser leur exposition. Depuis la suppression du couvent en 1852 jusqu&rsquo;\u00e0 aujourd&rsquo;hui, la municipalit\u00e9 de Mendrisio, propri\u00e9taire de presque toutes les \u0153uvres &#8211; dont certaines ont ensuite \u00e9t\u00e9 re\u00e7ues en donation par les familles qui les avaient command\u00e9es &#8211; s&rsquo;est toujours charg\u00e9e de les pr\u00e9senter dans les rues du Borgo \u00e0 l&rsquo;occasion des processions de la Semaine Sainte.\r\n\r\nLa premi\u00e8re s\u00e9rie de \u00ab\u00a0portes\u00a0\u00bb a \u00e9t\u00e9 achev\u00e9e entre 1791 et 1792 : le style \u00e9vident, les inscriptions et les dates peintes sur certains cadres indiquent que Giovanni Battista Bagutti de Rovio (1742-1823) est peut-\u00eatre l&rsquo;auteur de la premi\u00e8re s\u00e9rie originale. Chaque fa\u00e7ade pr\u00e9sentait une sc\u00e8ne centrale flanqu\u00e9e de deux figures de proph\u00e8tes, dont les textes \u00e9taient li\u00e9s au sujet repr\u00e9sent\u00e9. Outre les sc\u00e8nes de la Passion du Christ, au moins deux \u00e9pisodes de la \u00ab\u00a0Passion de Marie\u00a0\u00bb ont \u00e9t\u00e9 illustr\u00e9s. Dans les m\u00eames ann\u00e9es, il a \u00e9galement sign\u00e9 et dat\u00e9 le groupe de 4 \u00ab\u00a0pilastres\u00a0\u00bb de la fa\u00e7ade de San Giovanni et la s\u00e9rie de 6 \u00ab\u00a0voiles\u00a0\u00bb pour la fa\u00e7ade du couvent de San Giovanni. On lui attribue \u00e9galement le \u00ab\u00a0placard\u00a0\u00bb au-dessus de la porte de l&rsquo;\u00e9glise, l&rsquo;arc avec les anges, les 4 \u00ab\u00a0temples\u00a0\u00bb avec les proph\u00e8tes et les 4 ensembles de lampadaires.\r\n\r\nLes premi\u00e8res \u0153uvres document\u00e9es apr\u00e8s celles de Bagutti sont une s\u00e9rie de 12 \u00ab\u00a0lanternes\u00a0\u00bb que la municipalit\u00e9 de Mendrisio a pay\u00e9es en 1838 \u00e0 Augusto Catenazzi, pour \u00eatre plac\u00e9es sur des \u00ab\u00a0poteaux\u00a0\u00bb le long de l&rsquo;actuel Corso bello. Une fois qu&rsquo;elles eurent disparu, ou qu&rsquo;elles ne furent plus identifiables, en 1949, une commission similaire chargea Mario Gilardi de r\u00e9aliser autant de \u00ab\u00a0lanternes fixes\u00a0\u00bb \u00e0 placer dans l&rsquo;avenue bord\u00e9e d&rsquo;arbres qui m\u00e8ne \u00e0 l&rsquo;\u00e9glise de San Francesco dei Cappuccini, \u00e0 l&rsquo;extr\u00e9mit\u00e9 sud du parcours processionnel.\r\n\r\n\r\n\r\n\r\n\r\n\r\n\r\nTour virtuel des Processions historiques\r\n\r\n \r\n\r\n\r\n\r\n\r\n\r\n\r\nL&rsquo;histoire de Casa Croci\r\n\r\n\r\n\r\n\r\n\r\n\r\n\r\n\r\n\r\n\r\n\r\n\r\n\r\nL&rsquo;architecte Antonio Croci (1823-1884) a \u00e9tudi\u00e9 l&rsquo;architecture \u00e0 l&rsquo;Accademia delle Belle Arti de Milan, o\u00f9 il s&rsquo;est distingu\u00e9 en remportant le premier prix d&rsquo;un concours d'\u00a0\u00bbInvention architecturale\u00a0\u00bb.\r\nIl a longtemps v\u00e9cu en Turquie, o\u00f9 il a travaill\u00e9 pour la cour de Constantinople. De nombreuses incertitudes subsistent \u00e0 son sujet et sur son travail : les archives contenant les plans de ses ateliers, conserv\u00e9es par un parent \u00e9loign\u00e9 car Croci \u00e9tait rest\u00e9 c\u00e9libataire et n&rsquo;avait pas d&rsquo;h\u00e9ritiers directs, ont \u00e9t\u00e9 envoy\u00e9es \u00e0 la casse ; il est presque certain qu&rsquo;il a travaill\u00e9 \u00e0 plusieurs reprises pour le baron russe Von der Wies, notamment pour la construction du ch\u00e2teau de Valrose \u00e0 Nice, achev\u00e9 en 1869 ; entre 1861 et 1865, il a travaill\u00e9 \u00e0 la r\u00e9novation de l&rsquo;\u00e9glise de San Giorgio \u00e0 Ernen et de l&rsquo;\u00e9glise de Lax, \u00e9galement en Valais en 1874. L&rsquo;ann\u00e9e suivante, il collabore avec Vincenzo Vela (sculpteur 1820-1891) pour le monument \u00e9questre d\u00e9di\u00e9 au duc de Brunswick, qui ne sera jamais construit et dont la maquette est conserv\u00e9e au mus\u00e9e Vela de Ligornetto.\r\nApr\u00e8s un long s\u00e9jour en Am\u00e9rique latine entre 1871 et 1872 \u00e0 Buenos Aires, Antonio Croci est charg\u00e9 par la famille Bernasconi de Mendrisio de construire la Villa Argentina \u00e0 Mendrisio.\r\nEn 1858, il a construit sa propre maison \u00e0 Mendrisio (connue aujourd&rsquo;hui sous le nom de \u00ab\u00a0Casa Croci\u00a0\u00bb) sur la pente ensoleill\u00e9e appel\u00e9e Carlasch (le m\u00eame b\u00e2timent est encore identifi\u00e9 sous ce nom aujourd&rsquo;hui. Au fil des ans, d&rsquo;autres b\u00e2timents ont assi\u00e9g\u00e9 la Casa Croci, \u00e0 l&rsquo;origine solitaire, cachant l&rsquo;\u00e9tat de d\u00e9labrement dans lequel elle avait \u00e9t\u00e9 abandonn\u00e9e. Heureusement, dans les ann\u00e9es 1970, sa valeur architecturale a \u00e9t\u00e9 red\u00e9couverte. Aujourd&rsquo;hui, enti\u00e8rement et finement restaur\u00e9, il fait partie du patrimoine du catalogue cantonal des monuments, et a \u00e9t\u00e9 utilis\u00e9 pour des expositions temporaires.\r\nDepuis 2017, la Casa Croci est le si\u00e8ge du Museo del Trasparente et accueille une exposition permanente qui permet aux visiteurs d&rsquo;observer de pr\u00e8s et tout au long de l&rsquo;ann\u00e9e les pr\u00e9cieux objets : au rez-de-chauss\u00e9e, une section est consacr\u00e9e aux Processions historiques et \u00e0 leur histoire ; au premier \u00e9tage, les diff\u00e9rentes typologies qui caract\u00e9risent l&rsquo;exceptionnel appareil d\u00e9coratif des \u00a0\u00bb transparences \u00a0\u00bb ; au deuxi\u00e8me \u00e9tage, une section d\u00e9di\u00e9e aux probl\u00e8mes d&rsquo;ex\u00e9cution, de conservation et de restauration.\r\n\r\nTour virtuel du Mus\u00e9e Transparent\r\n\r\n \r\n\r\n\r\n\r\n\r\n\r\n\r\n\r\nAdresse\r\nCasa Croci\r\nVia Municipio\r\nCH \u2013 6850 Mendrisio\r\n\r\nHoraires d&rsquo;ouvertures\r\njeudi et samedi\r\n14.00 &#8211; 18.00\r\n\r\ndu 27 mars au 7 avril 2024\r\ntous les jours\r\n10.00 &#8211; 12.00 \/ 14.00 &#8211; 18.00\r\n\r\nJeudi et Vendredi Saint\u00a0\r\n10.00 &#8211; 20.30\r\n\r\nEntr\u00e9e gratuite\u00a0<\/span><\/div><!-- .event_item --><div class=\"event_item event_future status-EventScheduled location-type-OfflineEventAttendanceMode translation_priority-Facultatif category-Museo d\u2019arte Mendrisio post_tag-mostre\" data-color=\"000000\" style=\"\"><a href=\"https:\/\/museidartemendrisiotto.ch\/fr\/felice-varini\/\"><span class=\"event_thumbnail_wrap\"><img loading=\"lazy\" decoding=\"async\" width=\"900\" height=\"415\" src=\"https:\/\/museidartemendrisiotto.ch\/wp-content\/uploads\/2026\/04\/1_DSC2791__A4-lato-lungo-2048x1396-1.jpg\" class=\"attachment-thumbnail wp-post-image event_thumbnail wp-post-image\" alt=\"\" srcset=\"https:\/\/museidartemendrisiotto.ch\/wp-content\/uploads\/2026\/04\/1_DSC2791__A4-lato-lungo-2048x1396-1.jpg 900w, https:\/\/museidartemendrisiotto.ch\/wp-content\/uploads\/2026\/04\/1_DSC2791__A4-lato-lungo-2048x1396-1-300x138.jpg 300w, https:\/\/museidartemendrisiotto.ch\/wp-content\/uploads\/2026\/04\/1_DSC2791__A4-lato-lungo-2048x1396-1-768x354.jpg 768w, https:\/\/museidartemendrisiotto.ch\/wp-content\/uploads\/2026\/04\/1_DSC2791__A4-lato-lungo-2048x1396-1-350x161.jpg 350w\" sizes=\"(max-width: 900px) 100vw, 900px\" \/><\/span><h5>FELICE VARINI <\/h5><\/a><div class=\"event_data event_date \" itemscope itemtype=\"http:\/\/microformats.org\/profile\/hcard\">\n\t\t\t\t\t\t<div class=\"event_date\" data-start=\"dimanche 10 mai 2026\" data-end=\"dimanche 11 octobre 2026\"> <span class=\"linking_word linking_word-from\">de<\/span> <time class=\"date date-start\" itemprop=\"dtstart\" datetime=\"2026-05-10T00:00:00+00:00\">10.05.2026<\/time> <span class=\"linking_word linking_word-to\">\u00e0<\/span> <time class=\"date date-to\" itemprop=\"dtend\" datetime=\"2026-10-11T00:00:00+00:00\">11.10.2026<\/time>\n\t\t\t\t\t\t<\/div><!-- .event_date --><span class=\"eventpost-status\">Planifi\u00e9<\/span>\n\t\t\t\t\t\t\t<span class=\"eventpost-date-export\">\n\t\t\t\t\t\t\t\t<a href=\"https:\/\/museidartemendrisiotto.ch\/eventpost\/10251.ics\" class=\"event_link event-export ics\" target=\"_blank\" title=\"T\u00e9l\u00e9charger au format ICS\">ical<\/a>\n\t\t\t\t\t\t\t\t<a href=\"https:\/\/www.google.com\/calendar\/event?action=TEMPLATE&#038;trp=false&#038;sprop=name&#038;text=FELICE+VARINI&#038;dates=20260510%2F20261011&#038;location&#038;details=Il+Museo+d%E2%80%99arte+Mendrisio+dedica+a+Felice+Varini+%28Locarno%2C+1952%29+la+prima+grande+mostra+monografica+di+ampio+respiro+mai+realizzata+in+Svizzera%2C+segnando+un+momento+di+particolare+rilievo+nel+riconoscimento+istituzionale+dell%E2%80%99artista+ticinese%2C+da+decenni+attivo+sulla+scena+internazionale+e+ormai+francese+d%E2%80%99adozione.+La+mostra+si+sviluppa+come+un+intervento+totale%2C+occupando+tutti+gli+ambienti+del+museo%3A+dal+chiostro+cinquecentesco%2C+che+accompagna+il+visitatore+verso+l%E2%80%99ingresso%2C+fino+alle+sale+espositive+interne%2C+concepite+come+tappe+di+un+percorso+unitario+e+immersivo.+Ogni+spazio%2C+ogni+sala%2C+ogni+ambiente+architettonico+accoglie+una+specifica+installazione%2C+pensata+in+relazione+diretta+con+le+sue+caratteristiche+strutturali%2C+volumetriche+e+percettive.+Attraverso+questo+itinerario%2C+il+pubblico+%C3%A8+invitato+a+ripercorrere+l%E2%80%99intera+carriera+di+Varini%2C+dagli+esordi+alle+ricerche+pi%C3%B9+recenti.+La+selezione+comprende+opere+storiche+riattualizzate+in+funzione+degli+spazi+del+Museo+d%E2%80%99arte+Mendrisio+e+installazioni+inedite%2C+concepite+appositamente+per+l%E2%80%99occasione.+In+entrambi+i+casi%2C+l%E2%80%99artista+interviene+sullo+spazio+non+come+semplice+contenitore%2C+ma+come+materia+stessa+dell%E2%80%99opera.InaugurazioneSabato+9+maggio+2025%2C+18.00Periodo+espositivo10.05.2026+-+11.10.2026Orarimarted%C3%AC+%E2%80%93+venerd%C3%AC10.00+%E2%80%93+12.00+%2F+14.00+%E2%80%93+17.00sabato%2C+domenica+e+festivi10.00+%E2%80%93+18.00Chiuso+il+luned%C3%AC.Entrataintero%3A+CHF+%2F+%E2%82%AC+14.-ridotto%3A+CHF+%2F+%E2%82%AC+12.-Chiusure+specialiMAGGIORI+INFO+Nero+giallo+blu+e+rosso+per+l%E2%80%99ellisse+e+il+cerchio%2C+Mendrisio%2C+2026%2C+pittura+acrilica+e+pellicola+vinilica%C2%A9+Felice+Varini+2026%2C+ProLitteris%2C+Zurich+%2F+Foto%3A+Mattia+Mognetti%0A%0Ahttps%3A%2F%2Fmuseidartemendrisiotto.ch%2Ffr%2Ffelice-varini%2F&#038;gmt=%2B02&#038;ctz=Europe\/Rome\" class=\"event_link event-export gcal\" target=\"_blank\" title=\"Ajouter \u00e0 Google agenda\">Google<\/a>\n\t\t\t\t\t\t\t\t<a href=\"https:\/\/museidartemendrisiotto.ch\/eventpost\/10251.vcs\" class=\"event_link event-export vcs\" target=\"_blank\" title=\"Ajouter \u00e0 Outlook\">outlook<\/a>\n\t\t\t\t\t\t\t\t<i class=\"dashicons-before dashicons-calendar\"><\/i>\n\t\t\t\t\t\t\t<\/span>\n\t\t\t\t\t<\/div><!-- .event_date --><div class=\"event_data event_category \" itemscope itemtype=\"http:\/\/microformats.org\/profile\/hcard\">\n\t\t\t\t\t\t<span class=\"event_categories\">\t\t\t\t\t<span  class=\"event-term event_term_category\">Museo d\u2019arte Mendrisio <\/span><\/span>\n\t\t\t\t\t<\/div><!-- .event_category --><div class=\"event_data event_location \" itemscope itemtype=\"http:\/\/microformats.org\/profile\/hcard\">\n\t\t\n\t\t\t\t\t<\/div><!-- .event_location --><span class=\"event_exerpt\">Il Museo d\u2019arte Mendrisio dedica a Felice Varini (Locarno, 1952) la prima grande mostra monografica di ampio respiro mai realizzata in Svizzera, segnando un momento di particolare rilievo nel riconoscimento istituzionale dell\u2019artista ticinese, da decenni attivo sulla scena internazionale e ormai francese d\u2019adozione. La mostra si sviluppa come un intervento totale, occupando tutti gli ambienti del museo: dal chiostro cinquecentesco, che accompagna il visitatore verso l\u2019ingresso, fino alle sale espositive interne, concepite come tappe di un percorso unitario e immersivo. Ogni spazio, ogni sala, ogni ambiente architettonico accoglie una specifica installazione, pensata in relazione diretta con le sue caratteristiche strutturali, volumetriche e percettive. Attraverso questo itinerario, il pubblico \u00e8 invitato a ripercorrere l\u2019intera carriera di Varini, dagli esordi alle ricerche pi\u00f9 recenti. La selezione comprende opere storiche riattualizzate in funzione degli spazi del Museo d\u2019arte Mendrisio e installazioni inedite, concepite appositamente per l\u2019occasione. In entrambi i casi, l\u2019artista interviene sullo spazio non come semplice contenitore, ma come materia stessa dell\u2019opera.InaugurazioneSabato 9 maggio 2025, 18.00Periodo espositivo10.05.2026 &#8211; 11.10.2026Orarimarted\u00ec \u2013 venerd\u00ec10.00 \u2013 12.00 \/ 14.00 \u2013 17.00sabato, domenica e festivi10.00 \u2013 18.00Chiuso il luned\u00ec.Entrataintero: CHF \/ \u20ac 14.-ridotto: CHF \/ \u20ac 12.-Chiusure specialiMAGGIORI INFO Nero giallo blu e rosso per l\u2019ellisse e il cerchio, Mendrisio, 2026, pittura acrilica e pellicola vinilica\u00a9 Felice Varini 2026, ProLitteris, Zurich \/ Foto: Mattia Mognetti<\/span><\/div><!-- .event_item --><\/div><!-- .event_loop --><\/div>                    <\/div>\n\t\t        \n                    <div id=\"museo-vincenzo-vela-tab\" class=\"clearfix eael-tab-content-item inactive\" data-title-link=\"museo-vincenzo-vela-tab\">\n\t\t\t\t        <div class=\"filter-museo\"><div class=\"event_loop event_list  no-list\" id=\"event_list4\" style=\"height:auto;\" ><div class=\"event_item event_future status-EventScheduled location-type-OfflineEventAttendanceMode category-Museo Vincenzo Vela translation_priority-Facultatif post_tag-mostre post_tag-mostra-permanente-fr\" data-color=\"000000\" style=\"\"><a href=\"https:\/\/museidartemendrisiotto.ch\/fr\/collezione-principale\/\"><span class=\"event_thumbnail_wrap\"><img fetchpriority=\"high\" decoding=\"async\" width=\"900\" height=\"415\" src=\"https:\/\/museidartemendrisiotto.ch\/wp-content\/uploads\/2023\/06\/velamostra_1.jpg\" class=\"attachment-thumbnail wp-post-image event_thumbnail wp-post-image\" alt=\"\" srcset=\"https:\/\/museidartemendrisiotto.ch\/wp-content\/uploads\/2023\/06\/velamostra_1.jpg 900w, https:\/\/museidartemendrisiotto.ch\/wp-content\/uploads\/2023\/06\/velamostra_1-300x138.jpg 300w, https:\/\/museidartemendrisiotto.ch\/wp-content\/uploads\/2023\/06\/velamostra_1-768x354.jpg 768w, https:\/\/museidartemendrisiotto.ch\/wp-content\/uploads\/2023\/06\/velamostra_1-350x161.jpg 350w\" sizes=\"(max-width: 900px) 100vw, 900px\" \/><\/span><h5>COLLEZIONE DEL MUSEO VINCENZO VELA <\/h5><\/a><div class=\"event_data event_date \" itemscope itemtype=\"http:\/\/microformats.org\/profile\/hcard\">\n\t\t\t\t\t\t<div class=\"event_date\" data-start=\"dimanche 1 janvier 2023\" data-end=\"dimanche 31 d\u00e9cembre 2028\"> <span class=\"linking_word linking_word-from\">de<\/span> <time class=\"date date-start\" itemprop=\"dtstart\" datetime=\"2023-01-01T00:00:00+00:00\">01.01.2023<\/time> <span class=\"linking_word linking_word-to\">\u00e0<\/span> <time class=\"date date-to\" itemprop=\"dtend\" datetime=\"2028-12-31T00:00:00+00:00\">31.12.2028<\/time>\n\t\t\t\t\t\t<\/div><!-- .event_date --><span class=\"eventpost-status\">Planifi\u00e9<\/span>\n\t\t\t\t\t\t\t<span class=\"eventpost-date-export\">\n\t\t\t\t\t\t\t\t<a href=\"https:\/\/museidartemendrisiotto.ch\/eventpost\/4326.ics\" class=\"event_link event-export ics\" target=\"_blank\" title=\"T\u00e9l\u00e9charger au format ICS\">ical<\/a>\n\t\t\t\t\t\t\t\t<a href=\"https:\/\/www.google.com\/calendar\/event?action=TEMPLATE&#038;trp=false&#038;sprop=name&#038;text=COLLEZIONE+DEL+MUSEO+VINCENZO+VELA&#038;dates=20230101%2F20281231&#038;location&#038;details=Il+Museo+Vincenzo+Vela+appartiene+al+novero+delle+pi%C3%B9+importanti+case+d%27artista+dell%27Ottocento+europeo.+Ideata+dal+grande+scultore+realista+ticinese+Vincenzo+Vela+%281820-91%29+all%27apice+della+sua+carriera+e+trasformata+in+museo+pubblico+dopo+la+sua+donazione+allo+Stato+elvetico%2C+accanto+alla+gipsoteca+monumentale+di+Vincenzo+Vela%2C+il+museo+conserva+i+lasciti+dello+scultore+Lorenzo+Vela+%281812-97%29+e+del+pittore+Spartaco+Vela+%281854-95%29%2C+una+notevole+quadreria+ottocentesca+di+pittura+lombarda+e+piemonetese%2C+nonch%C3%A9+centinaia+di+disegni+autografi+e+una+delle+pi%C3%B9+antiche+collezioni+fotografiche+private+svizzere.%0D%0AArte+e+storia+dell%27Ottocento+italiano+e+svizzero+si+intrecciano+in+un+unicum%2C+attraverso+i+magnifici+ritratti+dei+protagonisti+del+Risorgimento%2C+mentre+la+presenza+di+alcuni+elementi+che+ricordano+il+carattere+privato+della+residenza+e+il+parco+panoramico%2C+conferiscono+a+questo+luogo+il+carattere+di+opera+d%27arte+totale.%0D%0AOrari%0D%0Amarted%C3%AC+-+venerd%C3%AC%0D%0A10.00+-+17.00+%28gennaio+-+maggio%29%0D%0A10.00+-+18.00+%28giugno+-+settembre%29%0D%0A10.00+-+17.00+%28ottobre+-+novembre%29%0D%0A%0D%0Asabato+e+domenica%0D%0A10.00+-+18.00%0D%0A%0D%0AChiuso+il+luned%C3%AC.%0D%0AEntrata+gratuita+tutti+i+mercoled%C3%AC.%0D%0A%0D%0AMAGGIORI+INFO%0A%0Ahttps%3A%2F%2Fmuseidartemendrisiotto.ch%2Ffr%2Fcollezione-principale%2F&#038;gmt=%2B02&#038;ctz=Europe\/Rome\" class=\"event_link event-export gcal\" target=\"_blank\" title=\"Ajouter \u00e0 Google agenda\">Google<\/a>\n\t\t\t\t\t\t\t\t<a href=\"https:\/\/museidartemendrisiotto.ch\/eventpost\/4326.vcs\" class=\"event_link event-export vcs\" target=\"_blank\" title=\"Ajouter \u00e0 Outlook\">outlook<\/a>\n\t\t\t\t\t\t\t\t<i class=\"dashicons-before dashicons-calendar\"><\/i>\n\t\t\t\t\t\t\t<\/span>\n\t\t\t\t\t<\/div><!-- .event_date --><div class=\"event_data event_category \" itemscope itemtype=\"http:\/\/microformats.org\/profile\/hcard\">\n\t\t\t\t\t\t<span class=\"event_categories\">\t\t\t\t\t<span  class=\"event-term event_term_category\">Museo Vincenzo Vela <\/span><\/span>\n\t\t\t\t\t<\/div><!-- .event_category --><div class=\"event_data event_location \" itemscope itemtype=\"http:\/\/microformats.org\/profile\/hcard\">\n\t\t\n\t\t\t\t\t<\/div><!-- .event_location --><span class=\"event_exerpt\">Il Museo Vincenzo Vela appartiene al novero delle pi\u00f9 importanti case d&rsquo;artista dell&rsquo;Ottocento europeo. Ideata dal grande scultore realista ticinese Vincenzo Vela (1820-91) all&rsquo;apice della sua carriera e trasformata in museo pubblico dopo la sua donazione allo Stato elvetico, accanto alla gipsoteca monumentale di Vincenzo Vela, il museo conserva i lasciti dello scultore Lorenzo Vela (1812-97) e del pittore Spartaco Vela (1854-95), una notevole quadreria ottocentesca di pittura lombarda e piemonetese, nonch\u00e9 centinaia di disegni autografi e una delle pi\u00f9 antiche collezioni fotografiche private svizzere.\r\nArte e storia dell&rsquo;Ottocento italiano e svizzero si intrecciano in un unicum, attraverso i magnifici ritratti dei protagonisti del Risorgimento, mentre la presenza di alcuni elementi che ricordano il carattere privato della residenza e il parco panoramico, conferiscono a questo luogo il carattere di opera d&rsquo;arte totale.\r\nOrari\r\nmarted\u00ec &#8211; venerd\u00ec\r\n10.00 &#8211; 17.00 (gennaio &#8211; maggio)\r\n10.00 &#8211; 18.00 (giugno &#8211; settembre)\r\n10.00 &#8211; 17.00 (ottobre &#8211; novembre)\r\n\r\nsabato e domenica\r\n10.00 &#8211; 18.00\r\n\r\nChiuso il luned\u00ec.\r\nEntrata gratuita tutti i mercoled\u00ec.\r\n\r\nMAGGIORI INFO<\/span><\/div><!-- .event_item --><div class=\"event_item event_future status-EventScheduled location-type-OfflineEventAttendanceMode category-Museo Vincenzo Vela translation_priority-Facultatif post_tag-mostre\" data-color=\"000000\" style=\"\"><a href=\"https:\/\/museidartemendrisiotto.ch\/fr\/bertille-bak\/\"><span class=\"event_thumbnail_wrap\"><img loading=\"lazy\" decoding=\"async\" width=\"900\" height=\"415\" src=\"https:\/\/museidartemendrisiotto.ch\/wp-content\/uploads\/2026\/04\/Bertille-Bak_Nature-morte.jpg\" class=\"attachment-thumbnail wp-post-image event_thumbnail wp-post-image\" alt=\"\" srcset=\"https:\/\/museidartemendrisiotto.ch\/wp-content\/uploads\/2026\/04\/Bertille-Bak_Nature-morte.jpg 900w, https:\/\/museidartemendrisiotto.ch\/wp-content\/uploads\/2026\/04\/Bertille-Bak_Nature-morte-300x138.jpg 300w, https:\/\/museidartemendrisiotto.ch\/wp-content\/uploads\/2026\/04\/Bertille-Bak_Nature-morte-768x354.jpg 768w, https:\/\/museidartemendrisiotto.ch\/wp-content\/uploads\/2026\/04\/Bertille-Bak_Nature-morte-350x161.jpg 350w\" sizes=\"(max-width: 900px) 100vw, 900px\" \/><\/span><h5>BERTILLE BAK. Voci dalla terra <\/h5><\/a><div class=\"event_data event_date \" itemscope itemtype=\"http:\/\/microformats.org\/profile\/hcard\">\n\t\t\t\t\t\t<div class=\"event_date\" data-start=\"dimanche 26 avril 2026\" data-end=\"dimanche 10 janvier 2027\"> <span class=\"linking_word linking_word-from\">de<\/span> <time class=\"date date-start\" itemprop=\"dtstart\" datetime=\"2026-04-26T00:00:00+00:00\">26.04.2026<\/time> <span class=\"linking_word linking_word-to\">\u00e0<\/span> <time class=\"date date-to\" itemprop=\"dtend\" datetime=\"2027-01-10T00:00:00+00:00\">10.01.2027<\/time>\n\t\t\t\t\t\t<\/div><!-- .event_date --><span class=\"eventpost-status\">Planifi\u00e9<\/span>\n\t\t\t\t\t\t\t<span class=\"eventpost-date-export\">\n\t\t\t\t\t\t\t\t<a href=\"https:\/\/museidartemendrisiotto.ch\/eventpost\/10260.ics\" class=\"event_link event-export ics\" target=\"_blank\" title=\"T\u00e9l\u00e9charger au format ICS\">ical<\/a>\n\t\t\t\t\t\t\t\t<a href=\"https:\/\/www.google.com\/calendar\/event?action=TEMPLATE&#038;trp=false&#038;sprop=name&#038;text=BERTILLE+BAK.+Voci+dalla+terra&#038;dates=20260426%2F20270110&#038;location&#038;details=A+cura+di+Antonia+Nessi%2C+in+collaborazione+con+Anita+Guglielmetti.%0D%0A%0D%0ACon+questa+proposta+espositiva+%E2%80%93+che+costituisce+la+prima+personale+di+Bertille+Bak+in+un%E2%80%99istituzione+museale+svizzera+%E2%80%93+il+Museo+Vincenzo+Vela+conferma+il+proprio+sostegno+e+interesse+verso+l%E2%80%99arte+contemporanea+nelle+sue+molteplici+espressioni.+Allestita+in+collaborazione+con+l%E2%80%99artista%2C+la+mostra+prende+avvio+al+pianterreno+di+Villa+Vela+per+poi+svilupparsi+nelle+sale+al+primo+piano%2C+intessendo+un+coinvolgente+dialogo+con+la+collezione+permanente+e+in+particolare+con+Le+vittime+del+lavoro+%281882%E2%80%9383%29%2C+capolavoro+della+maturit%C3%A0+artistica+di+Vincenzo+Vela.%0D%0ABertille+Bak+pone+al+centro+della+sua+ricerca+l%E2%80%99essere+umano%2C+l%E2%80%99importanza+dell%E2%80%99incontro+e+la+questione+del+lavoro.+Guidata+nella+sua+pratica+artistica+da+un+sentimento+di+consapevolezza+e+al+tempo+stesso+di+empatia%2C+instaura+scambi+con+specifiche+comunit%C3%A0%2C+dimenticate+e+marginalizzate%2C+delle+quali+condivide+la+quotidianit%C3%A0.+Mediante+il+loro+coinvolgimento+diretto%2C+senza+un+copione+prestabilito%2C+immagina+una+narrazione+alternativa+utilizzando+media+quali+il+video%2C+il+disegno+o+l%E2%80%99installazione.%0D%0AAl+di+l%C3%A0+dei+clich%C3%A9%2C+evitando+ogni+atteggiamento+pietistico%2C+l%E2%80%99artista+mostra+da+una+prospettiva+nuova+realt%C3%A0+complesse%2C+offrendo+alle+persone+coinvolte+la+possibilit%C3%A0+di+raccontarsi+in+modo+talvolta+sovversivo+o+persino+autoironico.%0D%0AAl+confine+tra+documentario+sociologico+e+finzione%2C+realismo+e+burlesco%2C+crea+una+%E2%80%9Cfabbrica+di+storie%E2%80%9D+che+reinventano+il+quotidiano+e+offrono+una+forma+di+resistenza+poetica+di+fronte+alla+durezza+della+realt%C3%A0.+Nelle+sale+del+Museo%2C+le+sue+opere+conferiscono+alle+Vittime+del+lavoro+di+Vela+una+lettura+nuova%2C+estendendo+il+significato+del+monumento+alla+realt%C3%A0+contemporanea+e+alla+questione+del+lavoro+in+senso+globale+e+universale.%0D%0A%0D%0AInaugurazione%0D%0ASabato+25+aprile+2026%2C+17.00%0D%0A%0D%0APeriodo+espositivo%0D%0A26.04.2026+-+10.01.2027%0D%0A%0D%0AOrari%0D%0Amarted%C3%AC+%E2%80%93+venerd%C3%AC%0D%0A10.00-17.00%0D%0Asabato+%E2%80%93+domenica%0D%0A10.00-18.00%0D%0A%0D%0AChiuso+il+luned%C3%AC.%0D%0A%0D%0AAperture+speciali%0D%0A1%C2%B0+maggio%0D%0A14+maggio%2C+Ascensione%0D%0A25+maggio%2C+Corpus+Domini%0D%0A1%C2%B0%2C+15+agosto%0D%0A1%C2%B0+novembre%0D%0A8%2C+26+dicembre%0D%0A6+gennaio%0D%0A%0D%0AChiusure+speciali%0D%0A24%2C+25%2C+31+dicembre%0D%0A1%C2%B0+gennaio%0D%0A%0D%0AEntrata%0D%0Aintero%3A+CHF+10.-%0D%0Aridotto%3A+CHF+8.-%0D%0AEntrata+gratuita+tutti+i+mercoled%C3%AC.%0D%0A%0D%0AMAGGIORI+INFO%0D%0A%0D%0A%F0%9F%93%B7+Bertille+Bak%2C+Nature+morte%2C+2023%2C+video+FHD%2C+21%27+%28videostill%29%0D%0A%C2%A9+2026%2C+Prolitteris%2C+Zurich%0A%0Ahttps%3A%2F%2Fmuseidartemendrisiotto.ch%2Ffr%2Fbertille-bak%2F&#038;gmt=%2B02&#038;ctz=Europe\/Rome\" class=\"event_link event-export gcal\" target=\"_blank\" title=\"Ajouter \u00e0 Google agenda\">Google<\/a>\n\t\t\t\t\t\t\t\t<a href=\"https:\/\/museidartemendrisiotto.ch\/eventpost\/10260.vcs\" class=\"event_link event-export vcs\" target=\"_blank\" title=\"Ajouter \u00e0 Outlook\">outlook<\/a>\n\t\t\t\t\t\t\t\t<i class=\"dashicons-before dashicons-calendar\"><\/i>\n\t\t\t\t\t\t\t<\/span>\n\t\t\t\t\t<\/div><!-- .event_date --><div class=\"event_data event_category \" itemscope itemtype=\"http:\/\/microformats.org\/profile\/hcard\">\n\t\t\t\t\t\t<span class=\"event_categories\">\t\t\t\t\t<span  class=\"event-term event_term_category\">Museo Vincenzo Vela <\/span><\/span>\n\t\t\t\t\t<\/div><!-- .event_category --><div class=\"event_data event_location \" itemscope itemtype=\"http:\/\/microformats.org\/profile\/hcard\">\n\t\t\n\t\t\t\t\t<\/div><!-- .event_location --><span class=\"event_exerpt\">A cura di Antonia Nessi, in collaborazione con Anita Guglielmetti.\r\n\r\nCon questa proposta espositiva \u2013 che costituisce la prima personale di Bertille Bak in un\u2019istituzione museale svizzera \u2013 il Museo Vincenzo Vela conferma il proprio sostegno e interesse verso l\u2019arte contemporanea nelle sue molteplici espressioni. Allestita in collaborazione con l\u2019artista, la mostra prende avvio al pianterreno di Villa Vela per poi svilupparsi nelle sale al primo piano, intessendo un coinvolgente dialogo con la collezione permanente e in particolare con Le vittime del lavoro (1882\u201383), capolavoro della maturit\u00e0 artistica di Vincenzo Vela.\r\nBertille Bak pone al centro della sua ricerca l\u2019essere umano, l\u2019importanza dell\u2019incontro e la questione del lavoro. Guidata nella sua pratica artistica da un sentimento di consapevolezza e al tempo stesso di empatia, instaura scambi con specifiche comunit\u00e0, dimenticate e marginalizzate, delle quali condivide la quotidianit\u00e0. Mediante il loro coinvolgimento diretto, senza un copione prestabilito, immagina una narrazione alternativa utilizzando media quali il video, il disegno o l\u2019installazione.\r\nAl di l\u00e0 dei clich\u00e9, evitando ogni atteggiamento pietistico, l\u2019artista mostra da una prospettiva nuova realt\u00e0 complesse, offrendo alle persone coinvolte la possibilit\u00e0 di raccontarsi in modo talvolta sovversivo o persino autoironico.\r\nAl confine tra documentario sociologico e finzione, realismo e burlesco, crea una \u201cfabbrica di storie\u201d che reinventano il quotidiano e offrono una forma di resistenza poetica di fronte alla durezza della realt\u00e0. Nelle sale del Museo, le sue opere conferiscono alle Vittime del lavoro di Vela una lettura nuova, estendendo il significato del monumento alla realt\u00e0 contemporanea e alla questione del lavoro in senso globale e universale.\r\n\r\nInaugurazione\r\nSabato 25 aprile 2026, 17.00\r\n\r\nPeriodo espositivo\r\n26.04.2026 &#8211; 10.01.2027\r\n\r\nOrari\r\nmarted\u00ec \u2013 venerd\u00ec\r\n10.00-17.00\r\nsabato \u2013 domenica\r\n10.00-18.00\r\n\r\nChiuso il luned\u00ec.\r\n\r\nAperture speciali\r\n1\u00b0 maggio\r\n14 maggio, Ascensione\r\n25 maggio, Corpus Domini\r\n1\u00b0, 15 agosto\r\n1\u00b0 novembre\r\n8, 26 dicembre\r\n6 gennaio\r\n\r\nChiusure speciali\r\n24, 25, 31 dicembre\r\n1\u00b0 gennaio\r\n\r\nEntrata\r\nintero: CHF 10.-\r\nridotto: CHF 8.-\r\nEntrata gratuita tutti i mercoled\u00ec.\r\n\r\nMAGGIORI INFO\r\n\r\n\ud83d\udcf7 Bertille Bak, Nature morte, 2023, video FHD, 21&prime; (videostill)\r\n\u00a9 2026, Prolitteris, Zurich<\/span><\/div><!-- .event_item --><\/div><!-- .event_loop --><\/div>                    <\/div>\n\t\t        \n                    <div id=\"pinacoteca-cantonale-giovanni-zst-tab\" class=\"clearfix eael-tab-content-item inactive\" data-title-link=\"pinacoteca-cantonale-giovanni-zst-tab\">\n\t\t\t\t        <div class=\"filter-museo\"><div class=\"event_loop event_list  no-list\" id=\"event_list5\" style=\"height:auto;\" ><div class=\"event_item event_future status-EventScheduled location-type-OfflineEventAttendanceMode translation_priority-Facultatif category-Pinacoteca Z\u00fcst post_tag-mostre\" data-color=\"000000\" style=\"\"><a href=\"https:\/\/museidartemendrisiotto.ch\/fr\/collezioni-pubbliche-ticinesi\/\"><span class=\"event_thumbnail_wrap\"><img decoding=\"async\" width=\"900\" height=\"415\" src=\"https:\/\/museidartemendrisiotto.ch\/wp-content\/uploads\/2026\/03\/CPT048.jpg\" class=\"attachment-thumbnail wp-post-image event_thumbnail wp-post-image\" alt=\"\" srcset=\"https:\/\/museidartemendrisiotto.ch\/wp-content\/uploads\/2026\/03\/CPT048.jpg 900w, https:\/\/museidartemendrisiotto.ch\/wp-content\/uploads\/2026\/03\/CPT048-300x138.jpg 300w, https:\/\/museidartemendrisiotto.ch\/wp-content\/uploads\/2026\/03\/CPT048-768x354.jpg 768w, https:\/\/museidartemendrisiotto.ch\/wp-content\/uploads\/2026\/03\/CPT048-350x161.jpg 350w\" sizes=\"(max-width: 900px) 100vw, 900px\" \/><\/span><h5>ARTE DAL XIV AL XIX SECOLO NELLE COLLEZIONI PUBBLICHE TICINESI. Uno sguardo d&rsquo;insieme <\/h5><\/a><div class=\"event_data event_date \" itemscope itemtype=\"http:\/\/microformats.org\/profile\/hcard\">\n\t\t\t\t\t\t<div class=\"event_date\" data-start=\"dimanche 22 mars 2026\" data-end=\"dimanche 23 ao\u00fbt 2026\"> <span class=\"linking_word linking_word-from\">de<\/span> <time class=\"date date-start\" itemprop=\"dtstart\" datetime=\"2026-03-22T00:00:00+00:00\">22.03.2026<\/time> <span class=\"linking_word linking_word-to\">\u00e0<\/span> <time class=\"date date-to\" itemprop=\"dtend\" datetime=\"2026-08-23T00:00:00+00:00\">23.08.2026<\/time>\n\t\t\t\t\t\t<\/div><!-- .event_date --><span class=\"eventpost-status\">Planifi\u00e9<\/span>\n\t\t\t\t\t\t\t<span class=\"eventpost-date-export\">\n\t\t\t\t\t\t\t\t<a href=\"https:\/\/museidartemendrisiotto.ch\/eventpost\/10116.ics\" class=\"event_link event-export ics\" target=\"_blank\" title=\"T\u00e9l\u00e9charger au format ICS\">ical<\/a>\n\t\t\t\t\t\t\t\t<a href=\"https:\/\/www.google.com\/calendar\/event?action=TEMPLATE&#038;trp=false&#038;sprop=name&#038;text=ARTE+DAL+XIV+AL+XIX+SECOLO+NELLE+COLLEZIONI+PUBBLICHE+TICINESI.+Uno+sguardo+d%27insieme&#038;dates=20260322%2F20260823&#038;location&#038;details=Mostra+a+cura+di+Elio+Schenini.%0D%0A%0D%0AAmpliando+l%E2%80%99orizzonte+oltre+i+confini+preziosi+ma+ristretti+della+propria+collezione%2C+la+Pinacoteca+cantonale+Giovanni+Z%C3%BCst+presenta+un%E2%80%99esposizione+che+riunisce+alcune+delle+opere+pi%C3%B9+significative+risalenti+al+periodo+compreso+tra+il+tardo+Medioevo+e+la+seconda+met%C3%A0+dell%E2%80%99Ottocento+conservate+nelle+raccolte+pubbliche+ticinesi.%0D%0ALa+mostra%2C+in+cui+le+opere+della+Pinacoteca+sono+integrate+con+prestiti+provenienti+da+altre+istituzioni%2C+permette+di+avere+uno+sguardo+d%E2%80%99insieme+su+di+un+patrimonio+storico-artistico+abitualmente+dislocato+in+luoghi+diversi+e+non+sempre+accessibile+al+pubblico.%0D%0ANel+quadro+unitario+di+un+allestimento+museografico+in+cui+l%E2%80%99ordinamento+cronologico+si+articola+attraverso+raggruppamenti+tematici+e+di+genere%2C+il+visitatore+ha+l%E2%80%99opportunit%C3%A0+di+ammirare+dipinti+e+sculture+conservati+oltre+che+presso+la+Pinacoteca+Z%C3%BCst%2C+presso+il+Museo+d%E2%80%99arte+della+Svizzera+italiana%2C+l%E2%80%99Archivio+di+Stato%2C+il+Museo+di+Casa+Rusca%2C+il+Museo+Vela%2C+il+Museo+d%E2%80%99arte+di+Mendrisio%2C+il+Museo+di+Villa+dei+Cedri%2C+il+Museo+storico+etnografico+della+Valle+di+Blenio+e+in+alcuni+edifici+ecclesiastici.%0D%0A%0D%0AGrazie+alla+possibilit%C3%A0+di+istituire+proficui+confronti+tra+testimonianze+artistiche+spesso+di+grande+valore%2C+il+percorso+espositivo+d%C3%A0+conto+della+ricchezza+di+questo+patrimonio+e+al+contempo+tratteggia+per+sommi+capi+una+storia+dell%E2%80%99arte+ticinese+durante+i+secoli+presi+in+esame%2C+evidenziandone+i+protagonisti+e+gli+snodi+principali.+Una+storia+che+si+contraddistingue+oltre+che+per+la+cospicua+e+prolungata+emigrazione+delle+maestranze+artistiche+anche+per+lo+strettissimo+rapporto+che+lega+il+Ticino+all%E2%80%99area+lombarda+e+pi%C3%B9+in+generale+italiana.+L%E2%80%99esposizione%2C+che+non+include+solo+artisti+ticinesi%2C+documenta+inoltre+le+impostazioni+storiografiche+e+le+scelte+di+gusto+che+hanno+caratterizzato+dalla+seconda+met%C3%A0+dell%E2%80%99Ottocento+la+nascita+e+lo+sviluppo%2C+non+sempre+organico+e+coerente%2C+delle+collezioni+pubbliche+nella+Svizzera+italiana.%0D%0A%0D%0ATra+il+centinaio+di+opere+esposte%2C+oltre+ad+alcuni+capolavori+dei+due+principali+esponenti+della+pittura+seicentesca+ticinese%2C+Giovanni+Serodine+e+Pier+Francesco+Mola%2C+figurano+dipinti+e+sculture+di+Bernardino+Luini%2C+Tommaso+Rodari%2C+Domenico+Fetti%2C+Joos+de+Momper%2C+Giuseppe+Antonio+Petrini%2C+Angelika+Kauffmann%2C+Carlo+Bossoli%2C+Vincenzo+Vela+e+Antonio+Ciseri.%0D%0A%0D%0AIn+occasione+della+mostra%2C+la+Pinacoteca+ospita+inoltre+per+la+prima+volta+un%E2%80%99importante+opera+del+Maestro+della+tela+jeans+entrata+recentemente+a+far+parte+della+collezione+grazie+al+generoso+contributo+della+Fondazione+Dr.+Joseph+Scholz.%0D%0A%0D%0AInaugurazione%0D%0ASabato+21+marzo+2026%2C+17.00%0D%0A%0D%0APeriodo+espositivo%0D%0A22.03.2026+-+23.08.2026%0D%0AOrari%0D%0Amarted%C3%AC%E2%80%93venerd%C3%AC%0D%0A10.00%E2%80%9312.00+%2F+14.00%E2%80%9317.00%0D%0Asabato%2C+domenica+e+festivi%0D%0A10.00%E2%80%9312.00+%2F14.00%E2%80%9318.00%0D%0AChiuso+il+luned%C3%AC.%0D%0A%0D%0AEntrata%0D%0Aintero%3A+CHF+10.-%0D%0Aridotto%3A+CHF+8.-%0D%0Ascuole%2C+ragazzi+fino+a+16+anni%3A+Gratuito%0D%0A%0D%0AMAGGIORI+INFO%0D%0A+Joos+de+Momper%2C+Paesaggio+con+viandanti%2C+ca.+1600-1630+%28dettaglio%29%0D%0ACantone+Ticino%2C+Fondazione+Monte+Verit%C3%A0%2C+Donazione+Eduard+von+der+Heydt%0A%0Ahttps%3A%2F%2Fmuseidartemendrisiotto.ch%2Ffr%2Fcollezioni-pubbliche-ticinesi%2F&#038;gmt=%2B02&#038;ctz=Europe\/Rome\" class=\"event_link event-export gcal\" target=\"_blank\" title=\"Ajouter \u00e0 Google agenda\">Google<\/a>\n\t\t\t\t\t\t\t\t<a href=\"https:\/\/museidartemendrisiotto.ch\/eventpost\/10116.vcs\" class=\"event_link event-export vcs\" target=\"_blank\" title=\"Ajouter \u00e0 Outlook\">outlook<\/a>\n\t\t\t\t\t\t\t\t<i class=\"dashicons-before dashicons-calendar\"><\/i>\n\t\t\t\t\t\t\t<\/span>\n\t\t\t\t\t<\/div><!-- .event_date --><div class=\"event_data event_category \" itemscope itemtype=\"http:\/\/microformats.org\/profile\/hcard\">\n\t\t\t\t\t\t<span class=\"event_categories\">\t\t\t\t\t<span  class=\"event-term event_term_category\">Pinacoteca Z\u00fcst <\/span><\/span>\n\t\t\t\t\t<\/div><!-- .event_category --><div class=\"event_data event_location \" itemscope itemtype=\"http:\/\/microformats.org\/profile\/hcard\">\n\t\t\n\t\t\t\t\t<\/div><!-- .event_location --><span class=\"event_exerpt\">Mostra a cura di Elio Schenini.\r\n\r\nAmpliando l\u2019orizzonte oltre i confini preziosi ma ristretti della propria collezione, la Pinacoteca cantonale Giovanni Z\u00fcst presenta un\u2019esposizione che riunisce alcune delle opere pi\u00f9 significative risalenti al periodo compreso tra il tardo Medioevo e la seconda met\u00e0 dell\u2019Ottocento conservate nelle raccolte pubbliche ticinesi.\r\nLa mostra, in cui le opere della Pinacoteca sono integrate con prestiti provenienti da altre istituzioni, permette di avere uno sguardo d\u2019insieme su di un patrimonio storico-artistico abitualmente dislocato in luoghi diversi e non sempre accessibile al pubblico.\r\nNel quadro unitario di un allestimento museografico in cui l\u2019ordinamento cronologico si articola attraverso raggruppamenti tematici e di genere, il visitatore ha l\u2019opportunit\u00e0 di ammirare dipinti e sculture conservati oltre che presso la Pinacoteca Z\u00fcst, presso il Museo d\u2019arte della Svizzera italiana, l\u2019Archivio di Stato, il Museo di Casa Rusca, il Museo Vela, il Museo d\u2019arte di Mendrisio, il Museo di Villa dei Cedri, il Museo storico etnografico della Valle di Blenio e in alcuni edifici ecclesiastici.\r\n\r\nGrazie alla possibilit\u00e0 di istituire proficui confronti tra testimonianze artistiche spesso di grande valore, il percorso espositivo d\u00e0 conto della ricchezza di questo patrimonio e al contempo tratteggia per sommi capi una storia dell\u2019arte ticinese durante i secoli presi in esame, evidenziandone i protagonisti e gli snodi principali. Una storia che si contraddistingue oltre che per la cospicua e prolungata emigrazione delle maestranze artistiche anche per lo strettissimo rapporto che lega il Ticino all\u2019area lombarda e pi\u00f9 in generale italiana. L\u2019esposizione, che non include solo artisti ticinesi, documenta inoltre le impostazioni storiografiche e le scelte di gusto che hanno caratterizzato dalla seconda met\u00e0 dell\u2019Ottocento la nascita e lo sviluppo, non sempre organico e coerente, delle collezioni pubbliche nella Svizzera italiana.\r\n\r\nTra il centinaio di opere esposte, oltre ad alcuni capolavori dei due principali esponenti della pittura seicentesca ticinese, Giovanni Serodine e Pier Francesco Mola, figurano dipinti e sculture di Bernardino Luini, Tommaso Rodari, Domenico Fetti, Joos de Momper, Giuseppe Antonio Petrini, Angelika Kauffmann, Carlo Bossoli, Vincenzo Vela e Antonio Ciseri.\r\n\r\nIn occasione della mostra, la Pinacoteca ospita inoltre per la prima volta un\u2019importante opera del Maestro della tela jeans entrata recentemente a far parte della collezione grazie al generoso contributo della Fondazione Dr. Joseph Scholz.\r\n\r\nInaugurazione\r\nSabato 21 marzo 2026, 17.00\r\n\r\nPeriodo espositivo\r\n22.03.2026 &#8211; 23.08.2026\r\nOrari\r\nmarted\u00ec\u2013venerd\u00ec\r\n10.00\u201312.00 \/ 14.00\u201317.00\r\nsabato, domenica e festivi\r\n10.00\u201312.00 \/14.00\u201318.00\r\nChiuso il luned\u00ec.\r\n\r\nEntrata\r\nintero: CHF 10.-\r\nridotto: CHF 8.-\r\nscuole, ragazzi fino a 16 anni: Gratuito\r\n\r\nMAGGIORI INFO\r\n Joos de Momper, Paesaggio con viandanti, ca. 1600-1630 (dettaglio)\r\nCantone Ticino, Fondazione Monte Verit\u00e0, Donazione Eduard von der Heydt<\/span><\/div><!-- .event_item --><\/div><!-- .event_loop --><\/div>                    <\/div>\n\t\t        \n                    <div id=\"teatro-dellarchitettura-mendrisio-tab\" class=\"clearfix eael-tab-content-item inactive\" data-title-link=\"teatro-dellarchitettura-mendrisio-tab\">\n\t\t\t\t        <div class=\"filter-museo\"><div class=\"event_loop event_list  no-list\" id=\"event_list6\" style=\"height:auto;\" ><div class=\"event_item event_future status-EventScheduled location-type-OfflineEventAttendanceMode translation_priority-Facultatif category-Teatro dell\u2019architettura post_tag-mostre\" data-color=\"000000\" style=\"\"><a href=\"https:\/\/museidartemendrisiotto.ch\/fr\/architettura-ticino-1939-1996\/\"><span class=\"event_thumbnail_wrap\"><img loading=\"lazy\" decoding=\"async\" width=\"900\" height=\"415\" src=\"https:\/\/museidartemendrisiotto.ch\/wp-content\/uploads\/2026\/03\/12_M.Pauli_._I-Grappoli.jpg\" class=\"attachment-thumbnail wp-post-image event_thumbnail wp-post-image\" alt=\"\" srcset=\"https:\/\/museidartemendrisiotto.ch\/wp-content\/uploads\/2026\/03\/12_M.Pauli_._I-Grappoli.jpg 900w, https:\/\/museidartemendrisiotto.ch\/wp-content\/uploads\/2026\/03\/12_M.Pauli_._I-Grappoli-300x138.jpg 300w, https:\/\/museidartemendrisiotto.ch\/wp-content\/uploads\/2026\/03\/12_M.Pauli_._I-Grappoli-768x354.jpg 768w, https:\/\/museidartemendrisiotto.ch\/wp-content\/uploads\/2026\/03\/12_M.Pauli_._I-Grappoli-350x161.jpg 350w\" sizes=\"(max-width: 900px) 100vw, 900px\" \/><\/span><h5>LA COSTRUZIONE DELL&rsquo;ARCHITETTURA IN TICINO, 1939-1996. Materialit\u00e0 e tettonica <\/h5><\/a><div class=\"event_data event_date \" itemscope itemtype=\"http:\/\/microformats.org\/profile\/hcard\">\n\t\t\t\t\t\t<div class=\"event_date\" data-start=\"vendredi 8 mai 2026\" data-end=\"dimanche 20 d\u00e9cembre 2026\"> <span class=\"linking_word linking_word-from\">de<\/span> <time class=\"date date-start\" itemprop=\"dtstart\" datetime=\"2026-05-08T00:00:00+00:00\">08.05.2026<\/time> <span class=\"linking_word linking_word-to\">\u00e0<\/span> <time class=\"date date-to\" itemprop=\"dtend\" datetime=\"2026-12-20T00:00:00+00:00\">20.12.2026<\/time>\n\t\t\t\t\t\t<\/div><!-- .event_date --><span class=\"eventpost-status\">Planifi\u00e9<\/span>\n\t\t\t\t\t\t\t<span class=\"eventpost-date-export\">\n\t\t\t\t\t\t\t\t<a href=\"https:\/\/museidartemendrisiotto.ch\/eventpost\/10175.ics\" class=\"event_link event-export ics\" target=\"_blank\" title=\"T\u00e9l\u00e9charger au format ICS\">ical<\/a>\n\t\t\t\t\t\t\t\t<a href=\"https:\/\/www.google.com\/calendar\/event?action=TEMPLATE&#038;trp=false&#038;sprop=name&#038;text=LA+COSTRUZIONE+DELL%27ARCHITETTURA+IN+TICINO%2C+1939-1996.+Materialit%C3%A0+e+tettonica&#038;dates=20260508%2F20261220&#038;location&#038;details=Mostra+promossa+dall%E2%80%99Accademia+di+architettura+dell%E2%80%99Universit%C3%A0+della+Svizzera+italiana.%0D%0AA+cura+di+Franz+Graf%2C+con+Britta+Buzzi%2C+Carlo+Dusi%2C+Alessandro+Bonizzoni+e+Sebastiano+Verga.%0D%0ALa+costruzione+dell%E2%80%99architettura+in+Ticino%2C+1939-1996.+Materialit%C3%A0+e+tettonica+presenta+i+risultati+del+generoso+scambio+tra+il+potenziale+pedagogico+di+un%27architettura+di+grande+qualit%C3%A0%2C+talvolta+un+po%27+dimenticata+ma+a+portata+di+mano%2C+e+la+rivelazione+e+reinterpretazione+dei+suoi+caratteri+costruttivi+da+parte+di+aspiranti+architetti.%0D%0AQuesto+dialogo+creativo+ha+dato+luogo+a+un+lavoro+di+ricerca+sull%27architettura+contemporanea+nel+Cantone+Ticino+che+la+Cattedra+di+Costruzione+e+Tecnologia+dell%27Accademia+di+architettura+porta+avanti+da+oltre+vent%27anni+con+i+propri+studenti.+Attraverso+l%27analisi+e+il+disegno+delle+studentesse+e+degli+studenti%2C+la+mostra+mette+in+evidenza+le+specificit%C3%A0+costruttive%2C+architettoniche+e+spaziali+degli+edifici+di+un+patrimonio+architettonico+e+culturale+che+ha+segnato+il+tessuto+urbano+e+territoriale+del+Cantone+Ticino.%0D%0ANel+corso+del+tempo+e+grazie+alla+continuit%C3%A0+del+processo+pedagogico%2C+la+ricerca+ha+contribuito+alla+creazione+di+un+catalogo+provvisorio+degli+edifici+%22moderni%22+del+Ticino%2C+che+non+%C3%A8+n%C3%A9+un+inventario+esaustivo%2C+n%C3%A9+il+ricordo+dei+protagonisti+di+una+%E2%80%9Cscuola+ticinese%E2%80%9D%2C+ma+una+collezione+di+oggetti+scelti+per+il+loro+interesse+costruttivo.+La+storia+materiale+dell%27edilizia+diventa+cos%C3%AC+strumento+per+l%27analisi+e+la+conoscenza+delle+tecniche%2C+del+cantiere+e+dei+sistemi+costruttivi+che+hanno+generato+la+tettonica+di+quelle+architetture.+Ci%C3%B2+ha+messo+in+evidenza%2C+anche+se+solo+parzialmente%2C+una+pluralit%C3%A0+di+%22valori%22+di+cui+queste+architetture+sono+portatrici%2C+non+solo+per+quanto+riguarda+la+storia+dell%27architettura+ticinese%2C+ma+anche+di+tante+%22microstorie%22+di+questo+specifico+contesto+culturale+a+sud+delle+Alpi.%0D%0AIl+percorso+della+mostra+propone+un%27immersione+in+cento+edifici+%28e+ben+160+sono+di+fatto+stati+studiati+negli+anni%29+rappresentati+con+riproduzioni+di+documenti%2C+immagini+e+rielaborazioni+grafiche+delle+studentesse+e+degli+studenti+dell%27Accademia+di+architettura.+Questo+percorso+cronologico+consente+una+rilettura+di+circa+cinquant%E2%80%99anni+di+architettura+ticinese+con+uno+sguardo+ravvicinato+alla+sua+tettonica+e+alla+sua+materialit%C3%A0.%0D%0ALa+mostra+invita+a+esplorare+le+varie+tecniche+di+costruzione+-+dalle+murature+in+pietra+alle+strutture+in+calcestruzzo+e+acciaio%2C+dal+mattone+in+terracotta+alle+strutture+aaltiane+in+legno+di+recupero%2C+fino+ai+volumi+ancorati+al+suolo+o+sospesi%E2%80%A6+-+come+momenti+di+espressioni+della+poetica+che+quegli+edifici+esprimono.%0D%0ALa+mostra+presenta+inoltre+nel+dettaglio+dodici+architetture+tra+le+pi%C3%B9+rappresentative+del+periodo%2C+accompagnate+da+altrettante+pubblicazioni+che+contengono+testi+critici%2C+storici%2C+testimonianze+e+approfondimenti%3A+la+Biblioteca+Cantonale+%281941%29+di+Carlo+e+Rino+Tami%2C+l%27Arsenale+militare+di+Biasca+%281942%29+di+Antonini+Broggini%2C+Ferrini+Fischer%2C+J%C3%A4ggli+Marazzi%2C+Roelly+Tami%2C+il+Deposito+Avegno+%281955%29+di+Rino+Tami%2C+l%27Albergo+Arizona+%281957%29+di+Tita+Carloni+con+Luigi+Camenisch%2C+il+Villaggio+vacanze+I+Grappoli+%281960%29+di+Manuel+Pauli+e+August+Volland+con+Eva+Pauli+Barna%2C+la+Centrale+idroelettrica+Nuova+Biaschina+%281967%29+di+Augusto+J%C3%A4ggli%2C+Giovanni+Lombardi+e+Giuseppe+Gellera%2C+il+Cinema-Teatro+Blenio+%281958%29+di+Giampiero+Mina%2C+la+Casa+Valleggione+%281969%29+di+Peppo+Brivio%2C+la+Villa+Gerosa+%281971%29+di+Tita+Carloni%2C+le+Case+Terenzio+%281971%29+di+Roberto+Bianconi%2C+la+Scuola+media+Losone+%281974%29+di+Livio+Vacchini+con+Aurelio+Galfetti+e+la+Casa+a+Ligornetto+%281976%29+di+Mario+Botta.%0D%0AChiude+la+mostra+una+notevole+selezione+di+modelli+degli+edifici+studiati%2C+presentata+come+in+un+paesaggio+di+architetture+immaginarie.+La+mostra+%C3%A8+inoltre+accompagnata+da+tre+reportage+della+Radiotelevisione+della+Svizzera+Italiana+%28RSI%29+e+da+fotografie+di+Roberto+Conte+realizzate+nell%27autunno+del+2025%2C+che+permettono+il+confronto+con+ci%C3%B2+che+oggi+%C3%A8+diventato+patrimonio%2C+da+identificare+e+salvaguardare.+La+conoscenza+della+materialit%C3%A0+e+della+costruzione+si+rivela+come+condizione+indispensabile+per+la+conservazione+e+la+trasmissione+di+quel+patrimonio.+La+mostra+restituisce+la+sintesi+del+lavoro+svolto+dalla+Cattedra+di+Costruzione+e+Tecnologia+dell%27Accademia+di+architettura+assieme+a+studentesse%2C+studenti%2C+architetti%2C+ingegneri%2C+proprietari+degli+edifici%2C+nonch%C3%A9+con+l%27aiuto+indispensabile+degli+archivi+privati+e+pubblici%2C+cantonali%2C+comunali+e+in+particolare+dell%27Archivio+Architetti+Ticinesi+e+dell%27Archivio+del+Moderno+dell%E2%80%99USI.%0D%0AInaugurazione%0D%0Agioved%C3%AC+7+maggio+2026%2C+18.30%0D%0APeriodo+espositivo%0D%0A8.5.2026+%E2%80%93+20.12.2026%0D%0AOrari%0D%0Agioved%C3%AC+%E2%80%93+venerd%C3%AC%0D%0A14.00-18.00%0D%0Asabato+e+domenica%0D%0A10.00-18.00%0D%0Aluned%C3%AC-mercoled%C3%AC%0D%0Achiuso+%28aperto+su+prenotazione+per+gruppi%29%0D%0APorte+aperte+con+ingresso+gratuito%0D%0A10+maggio%0D%0A7+giugno%0D%0A5+luglio%0D%0A6+settembre%0D%0A4+ottobre%0D%0A1%C2%B0+novembre%0D%0A6+dicembre%0D%0AChiusura+estiva%0D%0Adal+13+luglio+al+23+agosto+2026%0D%0A%0D%0AEntrata%0D%0Aintero%3A+CHF+%2F+%E2%82%AC+10.-%0D%0Aridotto%3A+CHF+%2F+%E2%82%AC+7.-%0D%0A%0D%0AMAGGIORI+INFO%0D%0A+Manuel+Pauli%2C+August+Volland%2C+Eva+Pauli%2C+Villaggio+vacanze+%E2%80%9CI+Grappoli%E2%80%9D%2C+Sessa%2C+1960%0D%0A%C2%A9+Roberto+Conte%0A%0Ahttps%3A%2F%2Fmuseidartemendrisiotto.ch%2Ffr%2Farchitettura-ticino-1939-1996%2F&#038;gmt=%2B02&#038;ctz=Europe\/Rome\" class=\"event_link event-export gcal\" target=\"_blank\" title=\"Ajouter \u00e0 Google agenda\">Google<\/a>\n\t\t\t\t\t\t\t\t<a href=\"https:\/\/museidartemendrisiotto.ch\/eventpost\/10175.vcs\" class=\"event_link event-export vcs\" target=\"_blank\" title=\"Ajouter \u00e0 Outlook\">outlook<\/a>\n\t\t\t\t\t\t\t\t<i class=\"dashicons-before dashicons-calendar\"><\/i>\n\t\t\t\t\t\t\t<\/span>\n\t\t\t\t\t<\/div><!-- .event_date --><div class=\"event_data event_category \" itemscope itemtype=\"http:\/\/microformats.org\/profile\/hcard\">\n\t\t\t\t\t\t<span class=\"event_categories\">\t\t\t\t\t<span  class=\"event-term event_term_category\">Teatro dell\u2019architettura <\/span><\/span>\n\t\t\t\t\t<\/div><!-- .event_category --><div class=\"event_data event_location \" itemscope itemtype=\"http:\/\/microformats.org\/profile\/hcard\">\n\t\t\n\t\t\t\t\t<\/div><!-- .event_location --><span class=\"event_exerpt\">Mostra promossa dall\u2019Accademia di architettura dell\u2019Universit\u00e0 della Svizzera italiana.\r\nA cura di Franz Graf, con Britta Buzzi, Carlo Dusi, Alessandro Bonizzoni e Sebastiano Verga.\r\nLa costruzione dell\u2019architettura in Ticino, 1939-1996. Materialit\u00e0 e tettonica presenta i risultati del generoso scambio tra il potenziale pedagogico di un&rsquo;architettura di grande qualit\u00e0, talvolta un po&rsquo; dimenticata ma a portata di mano, e la rivelazione e reinterpretazione dei suoi caratteri costruttivi da parte di aspiranti architetti.\r\nQuesto dialogo creativo ha dato luogo a un lavoro di ricerca sull&rsquo;architettura contemporanea nel Cantone Ticino che la Cattedra di Costruzione e Tecnologia dell&rsquo;Accademia di architettura porta avanti da oltre vent&rsquo;anni con i propri studenti. Attraverso l&rsquo;analisi e il disegno delle studentesse e degli studenti, la mostra mette in evidenza le specificit\u00e0 costruttive, architettoniche e spaziali degli edifici di un patrimonio architettonico e culturale che ha segnato il tessuto urbano e territoriale del Cantone Ticino.\r\nNel corso del tempo e grazie alla continuit\u00e0 del processo pedagogico, la ricerca ha contribuito alla creazione di un catalogo provvisorio degli edifici \u00ab\u00a0moderni\u00a0\u00bb del Ticino, che non \u00e8 n\u00e9 un inventario esaustivo, n\u00e9 il ricordo dei protagonisti di una \u201cscuola ticinese\u201d, ma una collezione di oggetti scelti per il loro interesse costruttivo. La storia materiale dell&rsquo;edilizia diventa cos\u00ec strumento per l&rsquo;analisi e la conoscenza delle tecniche, del cantiere e dei sistemi costruttivi che hanno generato la tettonica di quelle architetture. Ci\u00f2 ha messo in evidenza, anche se solo parzialmente, una pluralit\u00e0 di \u00ab\u00a0valori\u00a0\u00bb di cui queste architetture sono portatrici, non solo per quanto riguarda la storia dell&rsquo;architettura ticinese, ma anche di tante \u00ab\u00a0microstorie\u00a0\u00bb di questo specifico contesto culturale a sud delle Alpi.\r\nIl percorso della mostra propone un&rsquo;immersione in cento edifici (e ben 160 sono di fatto stati studiati negli anni) rappresentati con riproduzioni di documenti, immagini e rielaborazioni grafiche delle studentesse e degli studenti dell&rsquo;Accademia di architettura. Questo percorso cronologico consente una rilettura di circa cinquant\u2019anni di architettura ticinese con uno sguardo ravvicinato alla sua tettonica e alla sua materialit\u00e0.\r\nLa mostra invita a esplorare le varie tecniche di costruzione &#8211; dalle murature in pietra alle strutture in calcestruzzo e acciaio, dal mattone in terracotta alle strutture aaltiane in legno di recupero, fino ai volumi ancorati al suolo o sospesi\u2026 &#8211; come momenti di espressioni della poetica che quegli edifici esprimono.\r\nLa mostra presenta inoltre nel dettaglio dodici architetture tra le pi\u00f9 rappresentative del periodo, accompagnate da altrettante pubblicazioni che contengono testi critici, storici, testimonianze e approfondimenti: la Biblioteca Cantonale (1941) di Carlo e Rino Tami, l&rsquo;Arsenale militare di Biasca (1942) di Antonini Broggini, Ferrini Fischer, J\u00e4ggli Marazzi, Roelly Tami, il Deposito Avegno (1955) di Rino Tami, l&rsquo;Albergo Arizona (1957) di Tita Carloni con Luigi Camenisch, il Villaggio vacanze I Grappoli (1960) di Manuel Pauli e August Volland con Eva Pauli Barna, la Centrale idroelettrica Nuova Biaschina (1967) di Augusto J\u00e4ggli, Giovanni Lombardi e Giuseppe Gellera, il Cinema-Teatro Blenio (1958) di Giampiero Mina, la Casa Valleggione (1969) di Peppo Brivio, la Villa Gerosa (1971) di Tita Carloni, le Case Terenzio (1971) di Roberto Bianconi, la Scuola media Losone (1974) di Livio Vacchini con Aurelio Galfetti e la Casa a Ligornetto (1976) di Mario Botta.\r\nChiude la mostra una notevole selezione di modelli degli edifici studiati, presentata come in un paesaggio di architetture immaginarie. La mostra \u00e8 inoltre accompagnata da tre reportage della Radiotelevisione della Svizzera Italiana (RSI) e da fotografie di Roberto Conte realizzate nell&rsquo;autunno del 2025, che permettono il confronto con ci\u00f2 che oggi \u00e8 diventato patrimonio, da identificare e salvaguardare. La conoscenza della materialit\u00e0 e della costruzione si rivela come condizione indispensabile per la conservazione e la trasmissione di quel patrimonio. La mostra restituisce la sintesi del lavoro svolto dalla Cattedra di Costruzione e Tecnologia dell&rsquo;Accademia di architettura assieme a studentesse, studenti, architetti, ingegneri, proprietari degli edifici, nonch\u00e9 con l&rsquo;aiuto indispensabile degli archivi privati e pubblici, cantonali, comunali e in particolare dell&rsquo;Archivio Architetti Ticinesi e dell&rsquo;Archivio del Moderno dell\u2019USI.\r\nInaugurazione\r\ngioved\u00ec 7 maggio 2026, 18.30\r\nPeriodo espositivo\r\n8.5.2026 \u2013 20.12.2026\r\nOrari\r\ngioved\u00ec \u2013 venerd\u00ec\r\n14.00-18.00\r\nsabato e domenica\r\n10.00-18.00\r\nluned\u00ec-mercoled\u00ec\r\nchiuso (aperto su prenotazione per gruppi)\r\nPorte aperte con ingresso gratuito\r\n10 maggio\r\n7 giugno\r\n5 luglio\r\n6 settembre\r\n4 ottobre\r\n1\u00b0 novembre\r\n6 dicembre\r\nChiusura estiva\r\ndal 13 luglio al 23 agosto 2026\r\n\r\nEntrata\r\nintero: CHF \/ \u20ac 10.-\r\nridotto: CHF \/ \u20ac 7.-\r\n\r\nMAGGIORI INFO\r\n Manuel Pauli, August Volland, Eva Pauli, Villaggio vacanze \u201cI Grappoli\u201d, Sessa, 1960\r\n\u00a9 Roberto Conte<\/span><\/div><!-- .event_item --><div class=\"event_item event_future status-EventScheduled location-type-OfflineEventAttendanceMode translation_priority-Facultatif category-Teatro dell\u2019architettura post_tag-mostre\" data-color=\"000000\" style=\"\"><a href=\"https:\/\/museidartemendrisiotto.ch\/fr\/pino-musi\/\"><span class=\"event_thumbnail_wrap\"><img loading=\"lazy\" decoding=\"async\" width=\"900\" height=\"415\" src=\"https:\/\/museidartemendrisiotto.ch\/wp-content\/uploads\/2026\/03\/7_Pino-Musi_Transizione.jpg\" class=\"attachment-thumbnail wp-post-image event_thumbnail wp-post-image\" alt=\"\" srcset=\"https:\/\/museidartemendrisiotto.ch\/wp-content\/uploads\/2026\/03\/7_Pino-Musi_Transizione.jpg 900w, https:\/\/museidartemendrisiotto.ch\/wp-content\/uploads\/2026\/03\/7_Pino-Musi_Transizione-300x138.jpg 300w, https:\/\/museidartemendrisiotto.ch\/wp-content\/uploads\/2026\/03\/7_Pino-Musi_Transizione-768x354.jpg 768w, https:\/\/museidartemendrisiotto.ch\/wp-content\/uploads\/2026\/03\/7_Pino-Musi_Transizione-350x161.jpg 350w\" sizes=\"(max-width: 900px) 100vw, 900px\" \/><\/span><h5>PINO MUSI. Continuum <\/h5><\/a><div class=\"event_data event_date \" itemscope itemtype=\"http:\/\/microformats.org\/profile\/hcard\">\n\t\t\t\t\t\t<div class=\"event_date\" data-start=\"vendredi 8 mai 2026\" data-end=\"dimanche 20 d\u00e9cembre 2026\"> <span class=\"linking_word linking_word-from\">de<\/span> <time class=\"date date-start\" itemprop=\"dtstart\" datetime=\"2026-05-08T00:00:00+00:00\">08.05.2026<\/time> <span class=\"linking_word linking_word-to\">\u00e0<\/span> <time class=\"date date-to\" itemprop=\"dtend\" datetime=\"2026-12-20T00:00:00+00:00\">20.12.2026<\/time>\n\t\t\t\t\t\t<\/div><!-- .event_date --><span class=\"eventpost-status\">Planifi\u00e9<\/span>\n\t\t\t\t\t\t\t<span class=\"eventpost-date-export\">\n\t\t\t\t\t\t\t\t<a href=\"https:\/\/museidartemendrisiotto.ch\/eventpost\/10258.ics\" class=\"event_link event-export ics\" target=\"_blank\" title=\"T\u00e9l\u00e9charger au format ICS\">ical<\/a>\n\t\t\t\t\t\t\t\t<a href=\"https:\/\/www.google.com\/calendar\/event?action=TEMPLATE&#038;trp=false&#038;sprop=name&#038;text=PINO+MUSI.+Continuum&#038;dates=20260508%2F20261220&#038;location&#038;details=Mostra+promossa+dall%E2%80%99Accademia+di+architettura+dell%E2%80%99Universit%C3%A0+della+Svizzera+italiana.%0D%0AA+cura+di+Michael+Jakob.%0D%0APino+Musi.+Continuum+%C3%A8+un+progetto+espositivo+site+specific+che+dialoga+con+la+forma+circolare+del+Teatro+dell%E2%80%99architettura.+Il+flusso+delle+opere+si+articola+in+lunghi+scrolls+%28rotoli+di+immagini%29%2C+dove+le+sei+sezioni+principali+della+mostra+si+sviluppano%2C+lasciando+al+fruitore+la+libert%C3%A0+di+cercare+il+proprio+percorso+nella+lettura+tra+le+connessioni+possibili+fra+i+differenti+capitoli+del+lavoro+dell%E2%80%99artista%3A%0D%0AOrigine+mostra%2C+paradossalmente%2C+come+sia+proprio+la+rovina%2C+la+forma+spesso+irriconoscibile+delle+costruzioni+esposte+al+lavorio+della+natura%2C+a+riportarci+alle+loro+origini.+Anche+la+fotografia+%C3%A8%2C+a+ben+vedere%2C+un%27attivit%C3%A0+archeologica%3A+scava%2C+identifica%2C+riordina%2C+ricostruisce.%0D%0AMetonimia+interroga+il+senso+originario+dell%E2%80%99abitare%2C+l%E2%80%99essenza+stessa+dell%E2%80%99architettura%2C+che+non+coincide+con+la+mera+occupazione+della+terra.+Iperbole+riflette+il+fatto+che+attorno+a+noi+esiste+anche+un%E2%80%99architettura+folle+che+non+riguarda+soltanto+la+forma+ma+proprio+il+gesto+progettuale+in+quanto+tale%2C+come+se+l%27autore+intendesse+costruire+%22contro%22+%2C+ovvero+contro+chi+la+abiter%C3%A0%2C+visiter%C3%A0%2C+conoscer%C3%A0.%0D%0ANella+sezione+Superficie+il+defilarsi+filmico+delle+facciate+di+architettura+del+secolo+scorso+rimanda+all%E2%80%99estetica+della+superficie+teorizzata+da+Nietzsche%2C+cio%C3%A8+al+prezzo+da+pagare+quando+tutto+appare+in+bal%C3%ACa+del+diktat+della+bella+forma.%0D%0ATransizione+ricorda+che+il+senso+profondo%2C+reale%2C+di+ogni+architettura+dipende+dalla+possibilit%C3%A0+di+viverla+e+quindi+di+attraversarla.%0D%0AIl+capitolo+Incompiutezza+intende+invece+l%27architettura+come+opera+incompiuta%2C+irrisolta.+Qui%2C+il+flusso+e+il+ritmo+della+sequenza+fotografica+rimandano+a+una+sorta+di+ascolto+polifonico%2C+a+un+contrappunto+tipico+della+notazione+musicale.%0D%0AFuori+sezione+un+nucleo+di+tre+opere+di+grande+formato+dedicate+al+recente+restauro+di+Notre-Dame%2C+a+Parigi%2C+integra+l%27esperienza+cognitiva%3A+in+questo+caso+una+realt%C3%A0+monumentale%2C+consolidata+nella+memoria+collettiva%2C+si+manifesta+con+inedita+forza+come+vera+e+propria+rivelazione.%0D%0ACompletano+inoltre+il+percorso+espositivo+una+serie+di+vetrine+che+contengono+una+selezione+di+notevoli+pubblicazioni+di+Pino+Musi.+L%27autore+infatti+intende+il+libro+di+fotografia+come+opera+d%E2%80%99ingegno+autonoma%2C+ovvero+una+ricerca+che+privilegia+l%E2%80%99incontro+e+la+collaborazione+interdisciplinare.+%C3%88+in+questo+senso+che+l%27autore+indirizza+la+fotografia+a+differenti+forme+espressive+e+trova+in+particolare+nella+creazione+di+libri+d%E2%80%99artista%2C+nel+bookmaking%2C+il+proprio+veicolo+comunicativo+privilegiato.%0D%0AInaugurazione%0D%0Agioved%C3%AC+7+maggio+2026+-+18.30%0D%0APeriodo+espositivo%0D%0A8.5.2026+%E2%80%93+20.12.2026%0D%0AOrari%0D%0Agioved%C3%AC+%E2%80%93+venerd%C3%AC%0D%0A14.00-18.00%0D%0Asabato+e+domenica%0D%0A10.00-18.00%0D%0Aluned%C3%AC-mercoled%C3%AC%0D%0Achiuso+%28aperto+su+prenotazione+per+gruppi%29%0D%0APorte+aperte+con+ingresso+gratuito%0D%0A10+maggio%0D%0A7+giugno%0D%0A5+luglio%0D%0A6+settembre%0D%0A4+ottobre%0D%0A1%C2%B0+novembre%0D%0A6+dicembre%0D%0AChiusura+estiva%0D%0Adal+13+luglio+al+23+agosto+2026%0D%0A%0D%0AEntrata%0D%0Aintero%3A+CHF+%2F+%E2%82%AC+10.-%0D%0Aridotto%3A+CHF+%2F+%E2%82%AC+7.-%0D%0A%0D%0AMAGGIORI+INFO%0D%0A+Pino+Musi%3A+dalla+serie+Transizione%0D%0A%C2%A9+Pino+Musi%2C+2026%0A%0Ahttps%3A%2F%2Fmuseidartemendrisiotto.ch%2Ffr%2Fpino-musi%2F&#038;gmt=%2B02&#038;ctz=Europe\/Rome\" class=\"event_link event-export gcal\" target=\"_blank\" title=\"Ajouter \u00e0 Google agenda\">Google<\/a>\n\t\t\t\t\t\t\t\t<a href=\"https:\/\/museidartemendrisiotto.ch\/eventpost\/10258.vcs\" class=\"event_link event-export vcs\" target=\"_blank\" title=\"Ajouter \u00e0 Outlook\">outlook<\/a>\n\t\t\t\t\t\t\t\t<i class=\"dashicons-before dashicons-calendar\"><\/i>\n\t\t\t\t\t\t\t<\/span>\n\t\t\t\t\t<\/div><!-- .event_date --><div class=\"event_data event_category \" itemscope itemtype=\"http:\/\/microformats.org\/profile\/hcard\">\n\t\t\t\t\t\t<span class=\"event_categories\">\t\t\t\t\t<span  class=\"event-term event_term_category\">Teatro dell\u2019architettura <\/span><\/span>\n\t\t\t\t\t<\/div><!-- .event_category --><div class=\"event_data event_location \" itemscope itemtype=\"http:\/\/microformats.org\/profile\/hcard\">\n\t\t\n\t\t\t\t\t<\/div><!-- .event_location --><span class=\"event_exerpt\">Mostra promossa dall\u2019Accademia di architettura dell\u2019Universit\u00e0 della Svizzera italiana.\r\nA cura di Michael Jakob.\r\nPino Musi. Continuum \u00e8 un progetto espositivo site specific che dialoga con la forma circolare del Teatro dell\u2019architettura. Il flusso delle opere si articola in lunghi scrolls (rotoli di immagini), dove le sei sezioni principali della mostra si sviluppano, lasciando al fruitore la libert\u00e0 di cercare il proprio percorso nella lettura tra le connessioni possibili fra i differenti capitoli del lavoro dell\u2019artista:\r\nOrigine mostra, paradossalmente, come sia proprio la rovina, la forma spesso irriconoscibile delle costruzioni esposte al lavorio della natura, a riportarci alle loro origini. Anche la fotografia \u00e8, a ben vedere, un&rsquo;attivit\u00e0 archeologica: scava, identifica, riordina, ricostruisce.\r\nMetonimia interroga il senso originario dell\u2019abitare, l\u2019essenza stessa dell\u2019architettura, che non coincide con la mera occupazione della terra. Iperbole riflette il fatto che attorno a noi esiste anche un\u2019architettura folle che non riguarda soltanto la forma ma proprio il gesto progettuale in quanto tale, come se l&rsquo;autore intendesse costruire \u00ab\u00a0contro\u00a0\u00bb , ovvero contro chi la abiter\u00e0, visiter\u00e0, conoscer\u00e0.\r\nNella sezione Superficie il defilarsi filmico delle facciate di architettura del secolo scorso rimanda all\u2019estetica della superficie teorizzata da Nietzsche, cio\u00e8 al prezzo da pagare quando tutto appare in bal\u00eca del diktat della bella forma.\r\nTransizione ricorda che il senso profondo, reale, di ogni architettura dipende dalla possibilit\u00e0 di viverla e quindi di attraversarla.\r\nIl capitolo Incompiutezza intende invece l&rsquo;architettura come opera incompiuta, irrisolta. Qui, il flusso e il ritmo della sequenza fotografica rimandano a una sorta di ascolto polifonico, a un contrappunto tipico della notazione musicale.\r\nFuori sezione un nucleo di tre opere di grande formato dedicate al recente restauro di Notre-Dame, a Parigi, integra l&rsquo;esperienza cognitiva: in questo caso una realt\u00e0 monumentale, consolidata nella memoria collettiva, si manifesta con inedita forza come vera e propria rivelazione.\r\nCompletano inoltre il percorso espositivo una serie di vetrine che contengono una selezione di notevoli pubblicazioni di Pino Musi. L&rsquo;autore infatti intende il libro di fotografia come opera d\u2019ingegno autonoma, ovvero una ricerca che privilegia l\u2019incontro e la collaborazione interdisciplinare. \u00c8 in questo senso che l&rsquo;autore indirizza la fotografia a differenti forme espressive e trova in particolare nella creazione di libri d\u2019artista, nel bookmaking, il proprio veicolo comunicativo privilegiato.\r\nInaugurazione\r\ngioved\u00ec 7 maggio 2026 &#8211; 18.30\r\nPeriodo espositivo\r\n8.5.2026 \u2013 20.12.2026\r\nOrari\r\ngioved\u00ec \u2013 venerd\u00ec\r\n14.00-18.00\r\nsabato e domenica\r\n10.00-18.00\r\nluned\u00ec-mercoled\u00ec\r\nchiuso (aperto su prenotazione per gruppi)\r\nPorte aperte con ingresso gratuito\r\n10 maggio\r\n7 giugno\r\n5 luglio\r\n6 settembre\r\n4 ottobre\r\n1\u00b0 novembre\r\n6 dicembre\r\nChiusura estiva\r\ndal 13 luglio al 23 agosto 2026\r\n\r\nEntrata\r\nintero: CHF \/ \u20ac 10.-\r\nridotto: CHF \/ \u20ac 7.-\r\n\r\nMAGGIORI INFO\r\n Pino Musi: dalla serie Transizione\r\n\u00a9 Pino Musi, 2026<\/span><\/div><!-- .event_item --><div class=\"event_item event_future status-EventScheduled location-type-OfflineEventAttendanceMode translation_priority-Facultatif category-Teatro dell\u2019architettura post_tag-mostre\" data-color=\"000000\" style=\"\"><a href=\"https:\/\/museidartemendrisiotto.ch\/fr\/sleipnir-installazione\/\"><span class=\"event_thumbnail_wrap\"><img loading=\"lazy\" decoding=\"async\" width=\"900\" height=\"415\" src=\"https:\/\/museidartemendrisiotto.ch\/wp-content\/uploads\/2026\/04\/sleipnir-1.jpg\" class=\"attachment-thumbnail wp-post-image event_thumbnail wp-post-image\" alt=\"\" srcset=\"https:\/\/museidartemendrisiotto.ch\/wp-content\/uploads\/2026\/04\/sleipnir-1.jpg 900w, https:\/\/museidartemendrisiotto.ch\/wp-content\/uploads\/2026\/04\/sleipnir-1-300x138.jpg 300w, https:\/\/museidartemendrisiotto.ch\/wp-content\/uploads\/2026\/04\/sleipnir-1-768x354.jpg 768w, https:\/\/museidartemendrisiotto.ch\/wp-content\/uploads\/2026\/04\/sleipnir-1-350x161.jpg 350w\" sizes=\"(max-width: 900px) 100vw, 900px\" \/><\/span><h5>Installazione \u00ab\u00a0Sleipnir e il Labirinto di Porte\u00a0\u00bb <\/h5><\/a><div class=\"event_data event_date \" itemscope itemtype=\"http:\/\/microformats.org\/profile\/hcard\">\n\t\t\t\t\t\t<div class=\"event_date\" data-start=\"vendredi 8 mai 2026\" data-end=\"dimanche 20 d\u00e9cembre 2026\"> <span class=\"linking_word linking_word-from\">de<\/span> <time class=\"date date-start\" itemprop=\"dtstart\" datetime=\"2026-05-08T00:00:00+00:00\">08.05.2026<\/time> <span class=\"linking_word linking_word-to\">\u00e0<\/span> <time class=\"date date-to\" itemprop=\"dtend\" datetime=\"2026-12-20T00:00:00+00:00\">20.12.2026<\/time>\n\t\t\t\t\t\t<\/div><!-- .event_date --><span class=\"eventpost-status\">Planifi\u00e9<\/span>\n\t\t\t\t\t\t\t<span class=\"eventpost-date-export\">\n\t\t\t\t\t\t\t\t<a href=\"https:\/\/museidartemendrisiotto.ch\/eventpost\/10534.ics\" class=\"event_link event-export ics\" target=\"_blank\" title=\"T\u00e9l\u00e9charger au format ICS\">ical<\/a>\n\t\t\t\t\t\t\t\t<a href=\"https:\/\/www.google.com\/calendar\/event?action=TEMPLATE&#038;trp=false&#038;sprop=name&#038;text=Installazione+%22Sleipnir+e+il+Labirinto+di+Porte%22&#038;dates=20260508%2F20261220&#038;location&#038;details=A+cura+di+Duilio+Forte+in+collaborazione+con+Simon+Fikstvedt+e+Barbara+Stallone%2C+realizzata+dalle+studentesse+e+dagli+studenti+dell%27Atelier+Forte.%0D%0APromossa+dall%27Accademia+di+architettura+dell%27USI.%0D%0A%0D%0ANell%27atrium+del+Teatro+dell%27architettura+Mendrisio%2C+l%E2%80%99installazione+%E2%80%9CSleipnir+e+il+Labirinto+di+Porte%E2%80%9D+realizzata+dalle+studentesse+e+dagli+studenti+dell%E2%80%99Atelier+Forte+dell%27Accademia+di+architettura+si+compone+di+tre+elementi%3A+la+porta%2C+il+labirinto+e+Sleipnir%2C+scultura+iconica+di+Duilio+Forte.%0D%0ALe+porte%2C+progettate+e+costruite+individualmente+dalle+studentesse+e+dagli+studenti+iscritti+al+corso%2C+sono+intese+come+soglie+simboliche+e+architettoniche.+L%27insieme+costituisce+un+labirinto%2C+metafora+del+processo+progettuale%2C+che+conduce+a+%22Sleipnir%22%2C+simbolo+di+esplorazione+e+della+relazione+tra+uomo+e+spazio.%0D%0ARealizzata+nell%E2%80%99ambito+dell%E2%80%99atelier+di+progettazione+diretto+da+Duilio+Forte%2C+l%E2%80%99opera+restituisce+al+pubblico+l%E2%80%99esito+di+un%E2%80%99esperienza+collettiva%2C+trasformando+lo+spazio+del+Teatro+dell%27architettura.%0D%0A%0D%0AInaugurazione%0D%0Agioved%C3%AC+7+maggio+2026%2C+18.30%0D%0APeriodo+espositivo%0D%0A8.5.2026+%E2%80%93+20.12.2026%0D%0AOrari%0D%0Agioved%C3%AC+%E2%80%93+venerd%C3%AC%0D%0A14.00-18.00%0D%0Asabato+e+domenica%0D%0A10.00-18.00%0D%0Aluned%C3%AC+%E2%80%93+mercoled%C3%AC%0D%0Achiuso+%28aperto+su+prenotazione+per+gruppi%29%0D%0APorte+aperte+con+ingresso+gratuito%0D%0A10+maggio%0D%0A7+giugno%0D%0A5+luglio%0D%0A6+settembre%0D%0A4+ottobre%0D%0A1%C2%B0+novembre%0D%0A6+dicembre%0D%0AChiusura+estiva%0D%0Adal+13+luglio+al+23+agosto+2026%0D%0A%0D%0AEntrata%0D%0Aintero%3A+CHF+%2F+%E2%82%AC+10.-%0D%0Aridotto%3A+CHF+%2F+%E2%82%AC+7.-%0D%0A%0D%0AMAGGIORI+INFO%0A%0Ahttps%3A%2F%2Fmuseidartemendrisiotto.ch%2Ffr%2Fsleipnir-installazione%2F&#038;gmt=%2B02&#038;ctz=Europe\/Rome\" class=\"event_link event-export gcal\" target=\"_blank\" title=\"Ajouter \u00e0 Google agenda\">Google<\/a>\n\t\t\t\t\t\t\t\t<a href=\"https:\/\/museidartemendrisiotto.ch\/eventpost\/10534.vcs\" class=\"event_link event-export vcs\" target=\"_blank\" title=\"Ajouter \u00e0 Outlook\">outlook<\/a>\n\t\t\t\t\t\t\t\t<i class=\"dashicons-before dashicons-calendar\"><\/i>\n\t\t\t\t\t\t\t<\/span>\n\t\t\t\t\t<\/div><!-- .event_date --><div class=\"event_data event_category \" itemscope itemtype=\"http:\/\/microformats.org\/profile\/hcard\">\n\t\t\t\t\t\t<span class=\"event_categories\">\t\t\t\t\t<span  class=\"event-term event_term_category\">Teatro dell\u2019architettura <\/span><\/span>\n\t\t\t\t\t<\/div><!-- .event_category --><div class=\"event_data event_location \" itemscope itemtype=\"http:\/\/microformats.org\/profile\/hcard\">\n\t\t\n\t\t\t\t\t<\/div><!-- .event_location --><span class=\"event_exerpt\">A cura di Duilio Forte in collaborazione con Simon Fikstvedt e Barbara Stallone, realizzata dalle studentesse e dagli studenti dell&rsquo;Atelier Forte.\r\nPromossa dall&rsquo;Accademia di architettura dell&rsquo;USI.\r\n\r\nNell&rsquo;atrium del Teatro dell&rsquo;architettura Mendrisio, l\u2019installazione \u201cSleipnir e il Labirinto di Porte\u201d realizzata dalle studentesse e dagli studenti dell\u2019Atelier Forte dell&rsquo;Accademia di architettura si compone di tre elementi: la porta, il labirinto e Sleipnir, scultura iconica di Duilio Forte.\r\nLe porte, progettate e costruite individualmente dalle studentesse e dagli studenti iscritti al corso, sono intese come soglie simboliche e architettoniche. L&rsquo;insieme costituisce un labirinto, metafora del processo progettuale, che conduce a \u00ab\u00a0Sleipnir\u00a0\u00bb, simbolo di esplorazione e della relazione tra uomo e spazio.\r\nRealizzata nell\u2019ambito dell\u2019atelier di progettazione diretto da Duilio Forte, l\u2019opera restituisce al pubblico l\u2019esito di un\u2019esperienza collettiva, trasformando lo spazio del Teatro dell&rsquo;architettura.\r\n\r\nInaugurazione\r\ngioved\u00ec 7 maggio 2026, 18.30\r\nPeriodo espositivo\r\n8.5.2026 \u2013 20.12.2026\r\nOrari\r\ngioved\u00ec \u2013 venerd\u00ec\r\n14.00-18.00\r\nsabato e domenica\r\n10.00-18.00\r\nluned\u00ec \u2013 mercoled\u00ec\r\nchiuso (aperto su prenotazione per gruppi)\r\nPorte aperte con ingresso gratuito\r\n10 maggio\r\n7 giugno\r\n5 luglio\r\n6 settembre\r\n4 ottobre\r\n1\u00b0 novembre\r\n6 dicembre\r\nChiusura estiva\r\ndal 13 luglio al 23 agosto 2026\r\n\r\nEntrata\r\nintero: CHF \/ \u20ac 10.-\r\nridotto: CHF \/ \u20ac 7.-\r\n\r\nMAGGIORI INFO<\/span><\/div><!-- .event_item --><div class=\"event_item event_future status-EventScheduled location-type-OfflineEventAttendanceMode translation_priority-Facultatif category-Teatro dell\u2019architettura post_tag-mostre\" data-color=\"000000\" style=\"\"><a href=\"https:\/\/museidartemendrisiotto.ch\/fr\/pino-musi\/\"><span class=\"event_thumbnail_wrap\"><img loading=\"lazy\" decoding=\"async\" width=\"900\" height=\"415\" src=\"https:\/\/museidartemendrisiotto.ch\/wp-content\/uploads\/2026\/03\/7_Pino-Musi_Transizione.jpg\" class=\"attachment-thumbnail wp-post-image event_thumbnail wp-post-image\" alt=\"\" srcset=\"https:\/\/museidartemendrisiotto.ch\/wp-content\/uploads\/2026\/03\/7_Pino-Musi_Transizione.jpg 900w, https:\/\/museidartemendrisiotto.ch\/wp-content\/uploads\/2026\/03\/7_Pino-Musi_Transizione-300x138.jpg 300w, https:\/\/museidartemendrisiotto.ch\/wp-content\/uploads\/2026\/03\/7_Pino-Musi_Transizione-768x354.jpg 768w, https:\/\/museidartemendrisiotto.ch\/wp-content\/uploads\/2026\/03\/7_Pino-Musi_Transizione-350x161.jpg 350w\" sizes=\"(max-width: 900px) 100vw, 900px\" \/><\/span><h5>PINO MUSI. Continuum <\/h5><\/a><div class=\"event_data event_date \" itemscope itemtype=\"http:\/\/microformats.org\/profile\/hcard\">\n\t\t\t\t\t\t<div class=\"event_date\" data-start=\"vendredi 8 mai 2026\" data-end=\"dimanche 20 d\u00e9cembre 2026\"> <span class=\"linking_word linking_word-from\">de<\/span> <time class=\"date date-start\" itemprop=\"dtstart\" datetime=\"2026-05-08T00:00:00+00:00\">08.05.2026<\/time> <span class=\"linking_word linking_word-to\">\u00e0<\/span> <time class=\"date date-to\" itemprop=\"dtend\" datetime=\"2026-12-20T00:00:00+00:00\">20.12.2026<\/time>\n\t\t\t\t\t\t<\/div><!-- .event_date --><span class=\"eventpost-status\">Planifi\u00e9<\/span>\n\t\t\t\t\t\t\t<span class=\"eventpost-date-export\">\n\t\t\t\t\t\t\t\t<a href=\"https:\/\/museidartemendrisiotto.ch\/eventpost\/10524.ics\" class=\"event_link event-export ics\" target=\"_blank\" title=\"T\u00e9l\u00e9charger au format ICS\">ical<\/a>\n\t\t\t\t\t\t\t\t<a href=\"https:\/\/www.google.com\/calendar\/event?action=TEMPLATE&#038;trp=false&#038;sprop=name&#038;text=PINO+MUSI.+Continuum&#038;dates=20260508%2F20261220&#038;location&#038;details=Mostra+promossa+dall%E2%80%99Accademia+di+architettura+dell%E2%80%99Universit%C3%A0+della+Svizzera+italiana.%0D%0AA+cura+di+Michael+Jakob.%0D%0APino+Musi.+Continuum+%C3%A8+un+progetto+espositivo+site+specific+che+dialoga+con+la+forma+circolare+del+Teatro+dell%E2%80%99architettura.+Il+flusso+delle+opere+si+articola+in+lunghi+scrolls+%28rotoli+di+immagini%29%2C+dove+le+sei+sezioni+principali+della+mostra+si+sviluppano%2C+lasciando+al+fruitore+la+libert%C3%A0+di+cercare+il+proprio+percorso+nella+lettura+tra+le+connessioni+possibili+fra+i+differenti+capitoli+del+lavoro+dell%E2%80%99artista%3A%0D%0AOrigine+mostra%2C+paradossalmente%2C+come+sia+proprio+la+rovina%2C+la+forma+spesso+irriconoscibile+delle+costruzioni+esposte+al+lavorio+della+natura%2C+a+riportarci+alle+loro+origini.+Anche+la+fotografia+%C3%A8%2C+a+ben+vedere%2C+un%27attivit%C3%A0+archeologica%3A+scava%2C+identifica%2C+riordina%2C+ricostruisce.%0D%0AMetonimia+interroga+il+senso+originario+dell%E2%80%99abitare%2C+l%E2%80%99essenza+stessa+dell%E2%80%99architettura%2C+che+non+coincide+con+la+mera+occupazione+della+terra.+Iperbole+riflette+il+fatto+che+attorno+a+noi+esiste+anche+un%E2%80%99architettura+folle+che+non+riguarda+soltanto+la+forma+ma+proprio+il+gesto+progettuale+in+quanto+tale%2C+come+se+l%27autore+intendesse+costruire+%22contro%22+%2C+ovvero+contro+chi+la+abiter%C3%A0%2C+visiter%C3%A0%2C+conoscer%C3%A0.%0D%0ANella+sezione+Superficie+il+defilarsi+filmico+delle+facciate+di+architettura+del+secolo+scorso+rimanda+all%E2%80%99estetica+della+superficie+teorizzata+da+Nietzsche%2C+cio%C3%A8+al+prezzo+da+pagare+quando+tutto+appare+in+bal%C3%ACa+del+diktat+della+bella+forma.%0D%0ATransizione+ricorda+che+il+senso+profondo%2C+reale%2C+di+ogni+architettura+dipende+dalla+possibilit%C3%A0+di+viverla+e+quindi+di+attraversarla.%0D%0AIl+capitolo+Incompiutezza+intende+invece+l%27architettura+come+opera+incompiuta%2C+irrisolta.+Qui%2C+il+flusso+e+il+ritmo+della+sequenza+fotografica+rimandano+a+una+sorta+di+ascolto+polifonico%2C+a+un+contrappunto+tipico+della+notazione+musicale.%0D%0AFuori+sezione+un+nucleo+di+tre+opere+di+grande+formato+dedicate+al+recente+restauro+di+Notre-Dame%2C+a+Parigi%2C+integra+l%27esperienza+cognitiva%3A+in+questo+caso+una+realt%C3%A0+monumentale%2C+consolidata+nella+memoria+collettiva%2C+si+manifesta+con+inedita+forza+come+vera+e+propria+rivelazione.%0D%0ACompletano+inoltre+il+percorso+espositivo+una+serie+di+vetrine+che+contengono+una+selezione+di+notevoli+pubblicazioni+di+Pino+Musi.+L%27autore+infatti+intende+il+libro+di+fotografia+come+opera+d%E2%80%99ingegno+autonoma%2C+ovvero+una+ricerca+che+privilegia+l%E2%80%99incontro+e+la+collaborazione+interdisciplinare.+%C3%88+in+questo+senso+che+l%27autore+indirizza+la+fotografia+a+differenti+forme+espressive+e+trova+in+particolare+nella+creazione+di+libri+d%E2%80%99artista%2C+nel+bookmaking%2C+il+proprio+veicolo+comunicativo+privilegiato.%0D%0AInaugurazione%0D%0Agioved%C3%AC+7+maggio+2026+-+18.30%0D%0APeriodo+espositivo%0D%0A8.5.2026+%E2%80%93+20.12.2026%0D%0AOrari%0D%0Agioved%C3%AC+%E2%80%93+venerd%C3%AC%0D%0A14.00-18.00%0D%0Asabato+e+domenica%0D%0A10.00-18.00%0D%0Aluned%C3%AC-mercoled%C3%AC%0D%0Achiuso+%28aperto+su+prenotazione+per+gruppi%29%0D%0APorte+aperte+con+ingresso+gratuito%0D%0A10+maggio%0D%0A7+giugno%0D%0A5+luglio%0D%0A6+settembre%0D%0A4+ottobre%0D%0A1%C2%B0+novembre%0D%0A6+dicembre%0D%0AChiusura+estiva%0D%0Adal+13+luglio+al+23+agosto+2026%0D%0A%0D%0AEntrata%0D%0Aintero%3A+CHF+%2F+%E2%82%AC+10.-%0D%0Aridotto%3A+CHF+%2F+%E2%82%AC+7.-%0D%0A%0D%0AMAGGIORI+INFO%0D%0A+Pino+Musi%3A+dalla+serie+Transizione%0D%0A%C2%A9+Pino+Musi%2C+2026%0A%0Ahttps%3A%2F%2Fmuseidartemendrisiotto.ch%2Ffr%2Fpino-musi%2F&#038;gmt=%2B02&#038;ctz=Europe\/Rome\" class=\"event_link event-export gcal\" target=\"_blank\" title=\"Ajouter \u00e0 Google agenda\">Google<\/a>\n\t\t\t\t\t\t\t\t<a href=\"https:\/\/museidartemendrisiotto.ch\/eventpost\/10524.vcs\" class=\"event_link event-export vcs\" target=\"_blank\" title=\"Ajouter \u00e0 Outlook\">outlook<\/a>\n\t\t\t\t\t\t\t\t<i class=\"dashicons-before dashicons-calendar\"><\/i>\n\t\t\t\t\t\t\t<\/span>\n\t\t\t\t\t<\/div><!-- .event_date --><div class=\"event_data event_category \" itemscope itemtype=\"http:\/\/microformats.org\/profile\/hcard\">\n\t\t\t\t\t\t<span class=\"event_categories\">\t\t\t\t\t<span  class=\"event-term event_term_category\">Teatro dell\u2019architettura <\/span><\/span>\n\t\t\t\t\t<\/div><!-- .event_category --><div class=\"event_data event_location \" itemscope itemtype=\"http:\/\/microformats.org\/profile\/hcard\">\n\t\t\n\t\t\t\t\t<\/div><!-- .event_location --><span class=\"event_exerpt\">Mostra promossa dall\u2019Accademia di architettura dell\u2019Universit\u00e0 della Svizzera italiana.\r\nA cura di Michael Jakob.\r\nPino Musi. Continuum \u00e8 un progetto espositivo site specific che dialoga con la forma circolare del Teatro dell\u2019architettura. Il flusso delle opere si articola in lunghi scrolls (rotoli di immagini), dove le sei sezioni principali della mostra si sviluppano, lasciando al fruitore la libert\u00e0 di cercare il proprio percorso nella lettura tra le connessioni possibili fra i differenti capitoli del lavoro dell\u2019artista:\r\nOrigine mostra, paradossalmente, come sia proprio la rovina, la forma spesso irriconoscibile delle costruzioni esposte al lavorio della natura, a riportarci alle loro origini. Anche la fotografia \u00e8, a ben vedere, un&rsquo;attivit\u00e0 archeologica: scava, identifica, riordina, ricostruisce.\r\nMetonimia interroga il senso originario dell\u2019abitare, l\u2019essenza stessa dell\u2019architettura, che non coincide con la mera occupazione della terra. Iperbole riflette il fatto che attorno a noi esiste anche un\u2019architettura folle che non riguarda soltanto la forma ma proprio il gesto progettuale in quanto tale, come se l&rsquo;autore intendesse costruire \u00ab\u00a0contro\u00a0\u00bb , ovvero contro chi la abiter\u00e0, visiter\u00e0, conoscer\u00e0.\r\nNella sezione Superficie il defilarsi filmico delle facciate di architettura del secolo scorso rimanda all\u2019estetica della superficie teorizzata da Nietzsche, cio\u00e8 al prezzo da pagare quando tutto appare in bal\u00eca del diktat della bella forma.\r\nTransizione ricorda che il senso profondo, reale, di ogni architettura dipende dalla possibilit\u00e0 di viverla e quindi di attraversarla.\r\nIl capitolo Incompiutezza intende invece l&rsquo;architettura come opera incompiuta, irrisolta. Qui, il flusso e il ritmo della sequenza fotografica rimandano a una sorta di ascolto polifonico, a un contrappunto tipico della notazione musicale.\r\nFuori sezione un nucleo di tre opere di grande formato dedicate al recente restauro di Notre-Dame, a Parigi, integra l&rsquo;esperienza cognitiva: in questo caso una realt\u00e0 monumentale, consolidata nella memoria collettiva, si manifesta con inedita forza come vera e propria rivelazione.\r\nCompletano inoltre il percorso espositivo una serie di vetrine che contengono una selezione di notevoli pubblicazioni di Pino Musi. L&rsquo;autore infatti intende il libro di fotografia come opera d\u2019ingegno autonoma, ovvero una ricerca che privilegia l\u2019incontro e la collaborazione interdisciplinare. \u00c8 in questo senso che l&rsquo;autore indirizza la fotografia a differenti forme espressive e trova in particolare nella creazione di libri d\u2019artista, nel bookmaking, il proprio veicolo comunicativo privilegiato.\r\nInaugurazione\r\ngioved\u00ec 7 maggio 2026 &#8211; 18.30\r\nPeriodo espositivo\r\n8.5.2026 \u2013 20.12.2026\r\nOrari\r\ngioved\u00ec \u2013 venerd\u00ec\r\n14.00-18.00\r\nsabato e domenica\r\n10.00-18.00\r\nluned\u00ec-mercoled\u00ec\r\nchiuso (aperto su prenotazione per gruppi)\r\nPorte aperte con ingresso gratuito\r\n10 maggio\r\n7 giugno\r\n5 luglio\r\n6 settembre\r\n4 ottobre\r\n1\u00b0 novembre\r\n6 dicembre\r\nChiusura estiva\r\ndal 13 luglio al 23 agosto 2026\r\n\r\nEntrata\r\nintero: CHF \/ \u20ac 10.-\r\nridotto: CHF \/ \u20ac 7.-\r\n\r\nMAGGIORI INFO\r\n Pino Musi: dalla serie Transizione\r\n\u00a9 Pino Musi, 2026<\/span><\/div><!-- .event_item --><\/div><!-- .event_loop --><\/div>                    <\/div>\n\t\t                    <\/div>\n        <\/div>\n\t\t\t\t<\/div>\n\t\t\t\t<\/div>\n\t\t\t\t\t<\/div>\n\t\t<\/div>\n\t\t\t\t\t<\/div>\n\t\t<\/section>\n\t\t\t\t<\/div>\n\t\t","protected":false},"excerpt":{"rendered":"<p>LES EXPOSITIONS Tutte le mostre m.a.x. museo Museo d&rsquo;arte Mendrisio Museo Vincenzo Vela Pinacoteca cantonale Giovanni Z\u00fcst Teatro dell&rsquo;architettura Mendrisio Museo d&#8217;arte di Mendrisio from 20.03.2020 to 20.09.2020 Scheduled D&rsquo;hier \u00e0 aujourd&rsquo;hui. Lignes contemporaines au Tessin. La collection. Teatro dell&#8217;Architettura from 15.05.2020 to 25.08.2020 Scheduled Les dessins de jeunesse de Le Corbusier, 1902-1916 Lorem ipsum &#8230; <a title=\"Les Expositions\" class=\"read-more\" href=\"https:\/\/museidartemendrisiotto.ch\/fr\/les-expositions\/\">Read more <span class=\"screen-reader-text\">Les Expositions<\/span><\/a><\/p>\n","protected":false},"author":1,"featured_media":0,"parent":0,"menu_order":0,"comment_status":"closed","ping_status":"closed","template":"","meta":{"_monsterinsights_skip_tracking":false,"_monsterinsights_sitenote_active":false,"_monsterinsights_sitenote_note":"","_monsterinsights_sitenote_category":0,"footnotes":"","_links_to":"","_links_to_target":""},"class_list":["post-1482","page","type-page","status-publish"],"yoast_head":"<!-- This site is optimized with the Yoast SEO plugin v27.4 - https:\/\/yoast.com\/product\/yoast-seo-wordpress\/ -->\n<title>Les Expositions - Musei d\u2019Arte del Mendrisiotto<\/title>\n<meta name=\"robots\" content=\"index, follow, max-snippet:-1, max-image-preview:large, max-video-preview:-1\" \/>\n<link rel=\"canonical\" href=\"https:\/\/museidartemendrisiotto.ch\/fr\/les-expositions\/\" \/>\n<meta property=\"og:locale\" content=\"fr_FR\" \/>\n<meta property=\"og:type\" content=\"article\" \/>\n<meta property=\"og:title\" content=\"Les Expositions - Musei d\u2019Arte del Mendrisiotto\" \/>\n<meta property=\"og:description\" content=\"LES EXPOSITIONS Tutte le mostre m.a.x. museo Museo d&rsquo;arte Mendrisio Museo Vincenzo Vela Pinacoteca cantonale Giovanni Z\u00fcst Teatro dell&rsquo;architettura Mendrisio Museo d&#8217;arte di Mendrisio from 20.03.2020 to 20.09.2020 Scheduled D&rsquo;hier \u00e0 aujourd&rsquo;hui. Lignes contemporaines au Tessin. La collection. Teatro dell&#8217;Architettura from 15.05.2020 to 25.08.2020 Scheduled Les dessins de jeunesse de Le Corbusier, 1902-1916 Lorem ipsum ... Read more Les Expositions\" \/>\n<meta property=\"og:url\" content=\"https:\/\/museidartemendrisiotto.ch\/fr\/les-expositions\/\" \/>\n<meta property=\"og:site_name\" content=\"Musei d\u2019Arte del Mendrisiotto\" \/>\n<meta property=\"article:modified_time\" content=\"2020-06-26T06:56:51+00:00\" \/>\n<meta property=\"og:image\" content=\"http:\/\/museidartemendrisiotto.ch\/wp-content\/uploads\/2020\/02\/gregoriopedroli.jpg\" \/>\n<meta name=\"twitter:card\" content=\"summary_large_image\" \/>\n<meta name=\"twitter:label1\" content=\"Dur\u00e9e de lecture estim\u00e9e\" \/>\n\t<meta name=\"twitter:data1\" content=\"1 minute\" \/>\n<script type=\"application\/ld+json\" class=\"yoast-schema-graph\">{\"@context\":\"https:\\\/\\\/schema.org\",\"@graph\":[{\"@type\":\"WebPage\",\"@id\":\"https:\\\/\\\/museidartemendrisiotto.ch\\\/fr\\\/les-expositions\\\/\",\"url\":\"https:\\\/\\\/museidartemendrisiotto.ch\\\/fr\\\/les-expositions\\\/\",\"name\":\"Les Expositions - Musei d\u2019Arte del Mendrisiotto\",\"isPartOf\":{\"@id\":\"https:\\\/\\\/museidartemendrisiotto.ch\\\/#website\"},\"primaryImageOfPage\":{\"@id\":\"https:\\\/\\\/museidartemendrisiotto.ch\\\/fr\\\/les-expositions\\\/#primaryimage\"},\"image\":{\"@id\":\"https:\\\/\\\/museidartemendrisiotto.ch\\\/fr\\\/les-expositions\\\/#primaryimage\"},\"thumbnailUrl\":\"http:\\\/\\\/museidartemendrisiotto.ch\\\/wp-content\\\/uploads\\\/2020\\\/02\\\/gregoriopedroli.jpg\",\"datePublished\":\"2020-06-04T14:54:08+00:00\",\"dateModified\":\"2020-06-26T06:56:51+00:00\",\"breadcrumb\":{\"@id\":\"https:\\\/\\\/museidartemendrisiotto.ch\\\/fr\\\/les-expositions\\\/#breadcrumb\"},\"inLanguage\":\"fr-FR\",\"potentialAction\":[{\"@type\":\"ReadAction\",\"target\":[\"https:\\\/\\\/museidartemendrisiotto.ch\\\/fr\\\/les-expositions\\\/\"]}]},{\"@type\":\"ImageObject\",\"inLanguage\":\"fr-FR\",\"@id\":\"https:\\\/\\\/museidartemendrisiotto.ch\\\/fr\\\/les-expositions\\\/#primaryimage\",\"url\":\"http:\\\/\\\/museidartemendrisiotto.ch\\\/wp-content\\\/uploads\\\/2020\\\/02\\\/gregoriopedroli.jpg\",\"contentUrl\":\"http:\\\/\\\/museidartemendrisiotto.ch\\\/wp-content\\\/uploads\\\/2020\\\/02\\\/gregoriopedroli.jpg\"},{\"@type\":\"BreadcrumbList\",\"@id\":\"https:\\\/\\\/museidartemendrisiotto.ch\\\/fr\\\/les-expositions\\\/#breadcrumb\",\"itemListElement\":[{\"@type\":\"ListItem\",\"position\":1,\"name\":\"Home\",\"item\":\"https:\\\/\\\/museidartemendrisiotto.ch\\\/fr\\\/\"},{\"@type\":\"ListItem\",\"position\":2,\"name\":\"Les Expositions\"}]},{\"@type\":\"WebSite\",\"@id\":\"https:\\\/\\\/museidartemendrisiotto.ch\\\/#website\",\"url\":\"https:\\\/\\\/museidartemendrisiotto.ch\\\/\",\"name\":\"Musei d\u2019Arte del Mendrisiotto\",\"description\":\"La rete dei Musei d\u2019Arte del Mendrisiotto (MAM) si propone di rafforzare la visibilit\u00e0, promuovere la conoscenza dei musei del Mendrisiotto\",\"publisher\":{\"@id\":\"https:\\\/\\\/museidartemendrisiotto.ch\\\/#organization\"},\"potentialAction\":[{\"@type\":\"SearchAction\",\"target\":{\"@type\":\"EntryPoint\",\"urlTemplate\":\"https:\\\/\\\/museidartemendrisiotto.ch\\\/?s={search_term_string}\"},\"query-input\":{\"@type\":\"PropertyValueSpecification\",\"valueRequired\":true,\"valueName\":\"search_term_string\"}}],\"inLanguage\":\"fr-FR\"},{\"@type\":\"Organization\",\"@id\":\"https:\\\/\\\/museidartemendrisiotto.ch\\\/#organization\",\"name\":\"Musei d\u2019Arte del Mendrisiotto\",\"url\":\"https:\\\/\\\/museidartemendrisiotto.ch\\\/\",\"logo\":{\"@type\":\"ImageObject\",\"inLanguage\":\"fr-FR\",\"@id\":\"https:\\\/\\\/museidartemendrisiotto.ch\\\/#\\\/schema\\\/logo\\\/image\\\/\",\"url\":\"https:\\\/\\\/museidartemendrisiotto.ch\\\/wp-content\\\/uploads\\\/2020\\\/06\\\/logo_mam.png\",\"contentUrl\":\"https:\\\/\\\/museidartemendrisiotto.ch\\\/wp-content\\\/uploads\\\/2020\\\/06\\\/logo_mam.png\",\"width\":350,\"height\":250,\"caption\":\"Musei d\u2019Arte del Mendrisiotto\"},\"image\":{\"@id\":\"https:\\\/\\\/museidartemendrisiotto.ch\\\/#\\\/schema\\\/logo\\\/image\\\/\"}}]}<\/script>\n<!-- \/ Yoast SEO plugin. -->","yoast_head_json":{"title":"Les Expositions - Musei d\u2019Arte del Mendrisiotto","robots":{"index":"index","follow":"follow","max-snippet":"max-snippet:-1","max-image-preview":"max-image-preview:large","max-video-preview":"max-video-preview:-1"},"canonical":"https:\/\/museidartemendrisiotto.ch\/fr\/les-expositions\/","og_locale":"fr_FR","og_type":"article","og_title":"Les Expositions - Musei d\u2019Arte del Mendrisiotto","og_description":"LES EXPOSITIONS Tutte le mostre m.a.x. museo Museo d&rsquo;arte Mendrisio Museo Vincenzo Vela Pinacoteca cantonale Giovanni Z\u00fcst Teatro dell&rsquo;architettura Mendrisio Museo d&#8217;arte di Mendrisio from 20.03.2020 to 20.09.2020 Scheduled D&rsquo;hier \u00e0 aujourd&rsquo;hui. Lignes contemporaines au Tessin. La collection. Teatro dell&#8217;Architettura from 15.05.2020 to 25.08.2020 Scheduled Les dessins de jeunesse de Le Corbusier, 1902-1916 Lorem ipsum ... Read more Les Expositions","og_url":"https:\/\/museidartemendrisiotto.ch\/fr\/les-expositions\/","og_site_name":"Musei d\u2019Arte del Mendrisiotto","article_modified_time":"2020-06-26T06:56:51+00:00","og_image":[{"url":"http:\/\/museidartemendrisiotto.ch\/wp-content\/uploads\/2020\/02\/gregoriopedroli.jpg","type":"","width":"","height":""}],"twitter_card":"summary_large_image","twitter_misc":{"Dur\u00e9e de lecture estim\u00e9e":"1 minute"},"schema":{"@context":"https:\/\/schema.org","@graph":[{"@type":"WebPage","@id":"https:\/\/museidartemendrisiotto.ch\/fr\/les-expositions\/","url":"https:\/\/museidartemendrisiotto.ch\/fr\/les-expositions\/","name":"Les Expositions - Musei d\u2019Arte del Mendrisiotto","isPartOf":{"@id":"https:\/\/museidartemendrisiotto.ch\/#website"},"primaryImageOfPage":{"@id":"https:\/\/museidartemendrisiotto.ch\/fr\/les-expositions\/#primaryimage"},"image":{"@id":"https:\/\/museidartemendrisiotto.ch\/fr\/les-expositions\/#primaryimage"},"thumbnailUrl":"http:\/\/museidartemendrisiotto.ch\/wp-content\/uploads\/2020\/02\/gregoriopedroli.jpg","datePublished":"2020-06-04T14:54:08+00:00","dateModified":"2020-06-26T06:56:51+00:00","breadcrumb":{"@id":"https:\/\/museidartemendrisiotto.ch\/fr\/les-expositions\/#breadcrumb"},"inLanguage":"fr-FR","potentialAction":[{"@type":"ReadAction","target":["https:\/\/museidartemendrisiotto.ch\/fr\/les-expositions\/"]}]},{"@type":"ImageObject","inLanguage":"fr-FR","@id":"https:\/\/museidartemendrisiotto.ch\/fr\/les-expositions\/#primaryimage","url":"http:\/\/museidartemendrisiotto.ch\/wp-content\/uploads\/2020\/02\/gregoriopedroli.jpg","contentUrl":"http:\/\/museidartemendrisiotto.ch\/wp-content\/uploads\/2020\/02\/gregoriopedroli.jpg"},{"@type":"BreadcrumbList","@id":"https:\/\/museidartemendrisiotto.ch\/fr\/les-expositions\/#breadcrumb","itemListElement":[{"@type":"ListItem","position":1,"name":"Home","item":"https:\/\/museidartemendrisiotto.ch\/fr\/"},{"@type":"ListItem","position":2,"name":"Les Expositions"}]},{"@type":"WebSite","@id":"https:\/\/museidartemendrisiotto.ch\/#website","url":"https:\/\/museidartemendrisiotto.ch\/","name":"Musei d\u2019Arte del Mendrisiotto","description":"La rete dei Musei d\u2019Arte del Mendrisiotto (MAM) si propone di rafforzare la visibilit\u00e0, promuovere la conoscenza dei musei del Mendrisiotto","publisher":{"@id":"https:\/\/museidartemendrisiotto.ch\/#organization"},"potentialAction":[{"@type":"SearchAction","target":{"@type":"EntryPoint","urlTemplate":"https:\/\/museidartemendrisiotto.ch\/?s={search_term_string}"},"query-input":{"@type":"PropertyValueSpecification","valueRequired":true,"valueName":"search_term_string"}}],"inLanguage":"fr-FR"},{"@type":"Organization","@id":"https:\/\/museidartemendrisiotto.ch\/#organization","name":"Musei d\u2019Arte del Mendrisiotto","url":"https:\/\/museidartemendrisiotto.ch\/","logo":{"@type":"ImageObject","inLanguage":"fr-FR","@id":"https:\/\/museidartemendrisiotto.ch\/#\/schema\/logo\/image\/","url":"https:\/\/museidartemendrisiotto.ch\/wp-content\/uploads\/2020\/06\/logo_mam.png","contentUrl":"https:\/\/museidartemendrisiotto.ch\/wp-content\/uploads\/2020\/06\/logo_mam.png","width":350,"height":250,"caption":"Musei d\u2019Arte del Mendrisiotto"},"image":{"@id":"https:\/\/museidartemendrisiotto.ch\/#\/schema\/logo\/image\/"}}]}},"_links":{"self":[{"href":"https:\/\/museidartemendrisiotto.ch\/fr\/wp-json\/wp\/v2\/pages\/1482","targetHints":{"allow":["GET"]}}],"collection":[{"href":"https:\/\/museidartemendrisiotto.ch\/fr\/wp-json\/wp\/v2\/pages"}],"about":[{"href":"https:\/\/museidartemendrisiotto.ch\/fr\/wp-json\/wp\/v2\/types\/page"}],"author":[{"embeddable":true,"href":"https:\/\/museidartemendrisiotto.ch\/fr\/wp-json\/wp\/v2\/users\/1"}],"replies":[{"embeddable":true,"href":"https:\/\/museidartemendrisiotto.ch\/fr\/wp-json\/wp\/v2\/comments?post=1482"}],"version-history":[{"count":2,"href":"https:\/\/museidartemendrisiotto.ch\/fr\/wp-json\/wp\/v2\/pages\/1482\/revisions"}],"predecessor-version":[{"id":1484,"href":"https:\/\/museidartemendrisiotto.ch\/fr\/wp-json\/wp\/v2\/pages\/1482\/revisions\/1484"}],"wp:attachment":[{"href":"https:\/\/museidartemendrisiotto.ch\/fr\/wp-json\/wp\/v2\/media?parent=1482"}],"curies":[{"name":"wp","href":"https:\/\/api.w.org\/{rel}","templated":true}]}}